{"id":4086,"date":"2021-08-03T18:04:58","date_gmt":"2021-08-03T18:04:58","guid":{"rendered":"http:\/\/museojudiodecordoba.org\/?post_type=linea_tiempo&#038;p=4086"},"modified":"2021-08-03T18:04:58","modified_gmt":"2021-08-03T18:04:58","slug":"atentado-al-centro-union-israelita-de-cordoba","status":"publish","type":"linea_tiempo","link":"https:\/\/museojudiodecordoba.org\/en\/linea_tiempo\/atentado-al-centro-union-israelita-de-cordoba\/","title":{"rendered":"Atentado al Centro Uni\u00f3n Israelita de C\u00f3rdoba"},"featured_media":4087,"template":"","meta":{"inline_featured_image":false},"categories":[18],"class_list":["post-4086","linea_tiempo","type-linea_tiempo","status-publish","has-post-thumbnail","hentry","category-18"],"yoast_head":"<!-- This site is optimized with the Yoast SEO plugin v23.3 - https:\/\/yoast.com\/wordpress\/plugins\/seo\/ -->\n<title>Atentado al Centro Uni\u00f3n Israelita de C\u00f3rdoba - MUJU<\/title>\n<meta name=\"robots\" content=\"index, follow, max-snippet:-1, max-image-preview:large, max-video-preview:-1\" \/>\n<link rel=\"canonical\" href=\"https:\/\/museojudiodecordoba.org\/linea_tiempo\/atentado-al-centro-union-israelita-de-cordoba\/\" \/>\n<meta property=\"og:locale\" content=\"en_US\" \/>\n<meta property=\"og:type\" content=\"article\" \/>\n<meta property=\"og:title\" content=\"Atentado al Centro Uni\u00f3n Israelita de C\u00f3rdoba - MUJU\" \/>\n<meta property=\"og:description\" content=\"[...]Read More...\" \/>\n<meta property=\"og:url\" content=\"https:\/\/museojudiodecordoba.org\/linea_tiempo\/atentado-al-centro-union-israelita-de-cordoba\/\" \/>\n<meta property=\"og:site_name\" content=\"MUJU\" \/>\n<meta property=\"og:image\" content=\"https:\/\/museojudiodecordoba.org\/wp-content\/uploads\/2021\/08\/6Z9A7331-1.jpg\" \/>\n\t<meta property=\"og:image:width\" content=\"1651\" \/>\n\t<meta property=\"og:image:height\" content=\"2500\" \/>\n\t<meta property=\"og:image:type\" content=\"image\/jpeg\" \/>\n<meta name=\"twitter:card\" content=\"summary_large_image\" \/>\n<script type=\"application\/ld+json\" class=\"yoast-schema-graph\">{\"@context\":\"https:\/\/schema.org\",\"@graph\":[{\"@type\":\"WebPage\",\"@id\":\"https:\/\/museojudiodecordoba.org\/linea_tiempo\/atentado-al-centro-union-israelita-de-cordoba\/\",\"url\":\"https:\/\/museojudiodecordoba.org\/linea_tiempo\/atentado-al-centro-union-israelita-de-cordoba\/\",\"name\":\"Atentado al Centro Uni\u00f3n Israelita de C\u00f3rdoba - MUJU\",\"isPartOf\":{\"@id\":\"https:\/\/museojudiodecordoba.org\/en\/#website\"},\"primaryImageOfPage\":{\"@id\":\"https:\/\/museojudiodecordoba.org\/linea_tiempo\/atentado-al-centro-union-israelita-de-cordoba\/#primaryimage\"},\"image\":{\"@id\":\"https:\/\/museojudiodecordoba.org\/linea_tiempo\/atentado-al-centro-union-israelita-de-cordoba\/#primaryimage\"},\"thumbnailUrl\":\"https:\/\/museojudiodecordoba.org\/wp-content\/uploads\/2021\/08\/6Z9A7331-1.jpg\",\"datePublished\":\"2021-08-03T18:04:58+00:00\",\"dateModified\":\"2021-08-03T18:04:58+00:00\",\"breadcrumb\":{\"@id\":\"https:\/\/museojudiodecordoba.org\/linea_tiempo\/atentado-al-centro-union-israelita-de-cordoba\/#breadcrumb\"},\"inLanguage\":\"en-US\",\"potentialAction\":[{\"@type\":\"ReadAction\",\"target\":[\"https:\/\/museojudiodecordoba.org\/linea_tiempo\/atentado-al-centro-union-israelita-de-cordoba\/\"]}]},{\"@type\":\"ImageObject\",\"inLanguage\":\"en-US\",\"@id\":\"https:\/\/museojudiodecordoba.org\/linea_tiempo\/atentado-al-centro-union-israelita-de-cordoba\/#primaryimage\",\"url\":\"https:\/\/museojudiodecordoba.org\/wp-content\/uploads\/2021\/08\/6Z9A7331-1.jpg\",\"contentUrl\":\"https:\/\/museojudiodecordoba.org\/wp-content\/uploads\/2021\/08\/6Z9A7331-1.jpg\",\"width\":1651,\"height\":2500},{\"@type\":\"BreadcrumbList\",\"@id\":\"https:\/\/museojudiodecordoba.org\/linea_tiempo\/atentado-al-centro-union-israelita-de-cordoba\/#breadcrumb\",\"itemListElement\":[{\"@type\":\"ListItem\",\"position\":1,\"name\":\"Portada\",\"item\":\"https:\/\/museojudiodecordoba.org\/en\/\"},{\"@type\":\"ListItem\",\"position\":2,\"name\":\"Items linea del tiempo\",\"item\":\"https:\/\/museojudiodecordoba.org\/en\/linea_tiempo\/\"},{\"@type\":\"ListItem\",\"position\":3,\"name\":\"Atentado al Centro Uni\u00f3n Israelita de C\u00f3rdoba\"}]},{\"@type\":\"WebSite\",\"@id\":\"https:\/\/museojudiodecordoba.org\/en\/#website\",\"url\":\"https:\/\/museojudiodecordoba.org\/en\/\",\"name\":\"MUJU\",\"description\":\"\",\"potentialAction\":[{\"@type\":\"SearchAction\",\"target\":{\"@type\":\"EntryPoint\",\"urlTemplate\":\"https:\/\/museojudiodecordoba.org\/en\/?s={search_term_string}\"},\"query-input\":\"required name=search_term_string\"}],\"inLanguage\":\"en-US\"}]}<\/script>\n<!-- \/ Yoast SEO plugin. -->","yoast_head_json":{"title":"Atentado al Centro Uni\u00f3n Israelita de C\u00f3rdoba - MUJU","robots":{"index":"index","follow":"follow","max-snippet":"max-snippet:-1","max-image-preview":"max-image-preview:large","max-video-preview":"max-video-preview:-1"},"canonical":"https:\/\/museojudiodecordoba.org\/linea_tiempo\/atentado-al-centro-union-israelita-de-cordoba\/","og_locale":"en_US","og_type":"article","og_title":"Atentado al Centro Uni\u00f3n Israelita de C\u00f3rdoba - MUJU","og_description":"[...]Read More...","og_url":"https:\/\/museojudiodecordoba.org\/linea_tiempo\/atentado-al-centro-union-israelita-de-cordoba\/","og_site_name":"MUJU","og_image":[{"width":1651,"height":2500,"url":"https:\/\/museojudiodecordoba.org\/wp-content\/uploads\/2021\/08\/6Z9A7331-1.jpg","type":"image\/jpeg"}],"twitter_card":"summary_large_image","schema":{"@context":"https:\/\/schema.org","@graph":[{"@type":"WebPage","@id":"https:\/\/museojudiodecordoba.org\/linea_tiempo\/atentado-al-centro-union-israelita-de-cordoba\/","url":"https:\/\/museojudiodecordoba.org\/linea_tiempo\/atentado-al-centro-union-israelita-de-cordoba\/","name":"Atentado al Centro Uni\u00f3n Israelita de C\u00f3rdoba - MUJU","isPartOf":{"@id":"https:\/\/museojudiodecordoba.org\/en\/#website"},"primaryImageOfPage":{"@id":"https:\/\/museojudiodecordoba.org\/linea_tiempo\/atentado-al-centro-union-israelita-de-cordoba\/#primaryimage"},"image":{"@id":"https:\/\/museojudiodecordoba.org\/linea_tiempo\/atentado-al-centro-union-israelita-de-cordoba\/#primaryimage"},"thumbnailUrl":"https:\/\/museojudiodecordoba.org\/wp-content\/uploads\/2021\/08\/6Z9A7331-1.jpg","datePublished":"2021-08-03T18:04:58+00:00","dateModified":"2021-08-03T18:04:58+00:00","breadcrumb":{"@id":"https:\/\/museojudiodecordoba.org\/linea_tiempo\/atentado-al-centro-union-israelita-de-cordoba\/#breadcrumb"},"inLanguage":"en-US","potentialAction":[{"@type":"ReadAction","target":["https:\/\/museojudiodecordoba.org\/linea_tiempo\/atentado-al-centro-union-israelita-de-cordoba\/"]}]},{"@type":"ImageObject","inLanguage":"en-US","@id":"https:\/\/museojudiodecordoba.org\/linea_tiempo\/atentado-al-centro-union-israelita-de-cordoba\/#primaryimage","url":"https:\/\/museojudiodecordoba.org\/wp-content\/uploads\/2021\/08\/6Z9A7331-1.jpg","contentUrl":"https:\/\/museojudiodecordoba.org\/wp-content\/uploads\/2021\/08\/6Z9A7331-1.jpg","width":1651,"height":2500},{"@type":"BreadcrumbList","@id":"https:\/\/museojudiodecordoba.org\/linea_tiempo\/atentado-al-centro-union-israelita-de-cordoba\/#breadcrumb","itemListElement":[{"@type":"ListItem","position":1,"name":"Portada","item":"https:\/\/museojudiodecordoba.org\/en\/"},{"@type":"ListItem","position":2,"name":"Items linea del tiempo","item":"https:\/\/museojudiodecordoba.org\/en\/linea_tiempo\/"},{"@type":"ListItem","position":3,"name":"Atentado al Centro Uni\u00f3n Israelita de C\u00f3rdoba"}]},{"@type":"WebSite","@id":"https:\/\/museojudiodecordoba.org\/en\/#website","url":"https:\/\/museojudiodecordoba.org\/en\/","name":"MUJU","description":"","potentialAction":[{"@type":"SearchAction","target":{"@type":"EntryPoint","urlTemplate":"https:\/\/museojudiodecordoba.org\/en\/?s={search_term_string}"},"query-input":"required name=search_term_string"}],"inLanguage":"en-US"}]}},"acf":{"year":"1945","end_year":"1945","display_date":"1945","headline":"Atentado al Centro Uni\u00f3n Israelita de C\u00f3rdoba","text":"El 18 de octubre de 1945, la Comunidad Israelita de C\u00f3rdoba fue sorprendida con un acto antisemita. Durante la noche, un artefacto explosivo destruy\u00f3 las instalaciones del edifico de la calle de Alvear, donde funcionaban locales de entidades israelitas, entre ellas la casa del Banco Israelita de C\u00f3rdoba. ","media":"https:\/\/herzlin.com\/muju\/wp-content\/uploads\/2020\/10\/6Z9A7331.jpg"},"_links":{"self":[{"href":"https:\/\/museojudiodecordoba.org\/en\/wp-json\/wp\/v2\/ltiempo\/4086","targetHints":{"allow":["GET"]}}],"collection":[{"href":"https:\/\/museojudiodecordoba.org\/en\/wp-json\/wp\/v2\/ltiempo"}],"about":[{"href":"https:\/\/museojudiodecordoba.org\/en\/wp-json\/wp\/v2\/types\/linea_tiempo"}],"wp:featuredmedia":[{"embeddable":true,"href":"https:\/\/museojudiodecordoba.org\/en\/wp-json\/wp\/v2\/media\/4087"}],"wp:attachment":[{"href":"https:\/\/museojudiodecordoba.org\/en\/wp-json\/wp\/v2\/media?parent=4086"}],"wp:term":[{"taxonomy":"category","embeddable":true,"href":"https:\/\/museojudiodecordoba.org\/en\/wp-json\/wp\/v2\/categories?post=4086"}],"curies":[{"name":"wp","href":"https:\/\/api.w.org\/{rel}","templated":true}]}}