{"id":4111,"date":"2021-08-03T18:04:31","date_gmt":"2021-08-03T18:04:31","guid":{"rendered":"http:\/\/museojudiodecordoba.org\/?post_type=linea_tiempo&#038;p=4111"},"modified":"2021-08-03T18:04:31","modified_gmt":"2021-08-03T18:04:31","slug":"se-designa-el-primer-embajador-de-israel-en-la-argentina","status":"publish","type":"linea_tiempo","link":"https:\/\/museojudiodecordoba.org\/en\/linea_tiempo\/se-designa-el-primer-embajador-de-israel-en-la-argentina\/","title":{"rendered":"Se designa el primer embajador de Israel en la Argentina"},"featured_media":4112,"template":"","meta":{"inline_featured_image":false},"categories":[203],"class_list":["post-4111","linea_tiempo","type-linea_tiempo","status-publish","has-post-thumbnail","hentry","category-203"],"yoast_head":"<!-- This site is optimized with the Yoast SEO plugin v23.3 - https:\/\/yoast.com\/wordpress\/plugins\/seo\/ -->\n<title>Se designa el primer embajador de Israel en la Argentina - MUJU<\/title>\n<meta name=\"robots\" content=\"index, follow, max-snippet:-1, max-image-preview:large, max-video-preview:-1\" \/>\n<link rel=\"canonical\" href=\"https:\/\/museojudiodecordoba.org\/linea_tiempo\/se-designa-el-primer-embajador-de-israel-en-la-argentina\/\" \/>\n<meta property=\"og:locale\" content=\"en_US\" \/>\n<meta property=\"og:type\" content=\"article\" \/>\n<meta property=\"og:title\" content=\"Se designa el primer embajador de Israel en la Argentina - MUJU\" \/>\n<meta property=\"og:description\" content=\"[...]Read More...\" \/>\n<meta property=\"og:url\" content=\"https:\/\/museojudiodecordoba.org\/linea_tiempo\/se-designa-el-primer-embajador-de-israel-en-la-argentina\/\" \/>\n<meta property=\"og:site_name\" content=\"MUJU\" \/>\n<meta property=\"og:image\" content=\"https:\/\/museojudiodecordoba.org\/wp-content\/uploads\/2021\/08\/1949A-3.png\" \/>\n\t<meta property=\"og:image:width\" content=\"291\" \/>\n\t<meta property=\"og:image:height\" content=\"179\" \/>\n\t<meta property=\"og:image:type\" content=\"image\/png\" \/>\n<meta name=\"twitter:card\" content=\"summary_large_image\" \/>\n<script type=\"application\/ld+json\" class=\"yoast-schema-graph\">{\"@context\":\"https:\/\/schema.org\",\"@graph\":[{\"@type\":\"WebPage\",\"@id\":\"https:\/\/museojudiodecordoba.org\/linea_tiempo\/se-designa-el-primer-embajador-de-israel-en-la-argentina\/\",\"url\":\"https:\/\/museojudiodecordoba.org\/linea_tiempo\/se-designa-el-primer-embajador-de-israel-en-la-argentina\/\",\"name\":\"Se designa el primer embajador de Israel en la Argentina - MUJU\",\"isPartOf\":{\"@id\":\"https:\/\/museojudiodecordoba.org\/en\/#website\"},\"primaryImageOfPage\":{\"@id\":\"https:\/\/museojudiodecordoba.org\/linea_tiempo\/se-designa-el-primer-embajador-de-israel-en-la-argentina\/#primaryimage\"},\"image\":{\"@id\":\"https:\/\/museojudiodecordoba.org\/linea_tiempo\/se-designa-el-primer-embajador-de-israel-en-la-argentina\/#primaryimage\"},\"thumbnailUrl\":\"https:\/\/museojudiodecordoba.org\/wp-content\/uploads\/2021\/08\/1949A-3.png\",\"datePublished\":\"2021-08-03T18:04:31+00:00\",\"dateModified\":\"2021-08-03T18:04:31+00:00\",\"breadcrumb\":{\"@id\":\"https:\/\/museojudiodecordoba.org\/linea_tiempo\/se-designa-el-primer-embajador-de-israel-en-la-argentina\/#breadcrumb\"},\"inLanguage\":\"en-US\",\"potentialAction\":[{\"@type\":\"ReadAction\",\"target\":[\"https:\/\/museojudiodecordoba.org\/linea_tiempo\/se-designa-el-primer-embajador-de-israel-en-la-argentina\/\"]}]},{\"@type\":\"ImageObject\",\"inLanguage\":\"en-US\",\"@id\":\"https:\/\/museojudiodecordoba.org\/linea_tiempo\/se-designa-el-primer-embajador-de-israel-en-la-argentina\/#primaryimage\",\"url\":\"https:\/\/museojudiodecordoba.org\/wp-content\/uploads\/2021\/08\/1949A-3.png\",\"contentUrl\":\"https:\/\/museojudiodecordoba.org\/wp-content\/uploads\/2021\/08\/1949A-3.png\",\"width\":291,\"height\":179},{\"@type\":\"BreadcrumbList\",\"@id\":\"https:\/\/museojudiodecordoba.org\/linea_tiempo\/se-designa-el-primer-embajador-de-israel-en-la-argentina\/#breadcrumb\",\"itemListElement\":[{\"@type\":\"ListItem\",\"position\":1,\"name\":\"Portada\",\"item\":\"https:\/\/museojudiodecordoba.org\/en\/\"},{\"@type\":\"ListItem\",\"position\":2,\"name\":\"Items linea del tiempo\",\"item\":\"https:\/\/museojudiodecordoba.org\/en\/linea_tiempo\/\"},{\"@type\":\"ListItem\",\"position\":3,\"name\":\"Se designa el primer embajador de Israel en la Argentina\"}]},{\"@type\":\"WebSite\",\"@id\":\"https:\/\/museojudiodecordoba.org\/en\/#website\",\"url\":\"https:\/\/museojudiodecordoba.org\/en\/\",\"name\":\"MUJU\",\"description\":\"\",\"potentialAction\":[{\"@type\":\"SearchAction\",\"target\":{\"@type\":\"EntryPoint\",\"urlTemplate\":\"https:\/\/museojudiodecordoba.org\/en\/?s={search_term_string}\"},\"query-input\":\"required name=search_term_string\"}],\"inLanguage\":\"en-US\"}]}<\/script>\n<!-- \/ Yoast SEO plugin. -->","yoast_head_json":{"title":"Se designa el primer embajador de Israel en la Argentina - MUJU","robots":{"index":"index","follow":"follow","max-snippet":"max-snippet:-1","max-image-preview":"max-image-preview:large","max-video-preview":"max-video-preview:-1"},"canonical":"https:\/\/museojudiodecordoba.org\/linea_tiempo\/se-designa-el-primer-embajador-de-israel-en-la-argentina\/","og_locale":"en_US","og_type":"article","og_title":"Se designa el primer embajador de Israel en la Argentina - MUJU","og_description":"[...]Read More...","og_url":"https:\/\/museojudiodecordoba.org\/linea_tiempo\/se-designa-el-primer-embajador-de-israel-en-la-argentina\/","og_site_name":"MUJU","og_image":[{"width":291,"height":179,"url":"https:\/\/museojudiodecordoba.org\/wp-content\/uploads\/2021\/08\/1949A-3.png","type":"image\/png"}],"twitter_card":"summary_large_image","schema":{"@context":"https:\/\/schema.org","@graph":[{"@type":"WebPage","@id":"https:\/\/museojudiodecordoba.org\/linea_tiempo\/se-designa-el-primer-embajador-de-israel-en-la-argentina\/","url":"https:\/\/museojudiodecordoba.org\/linea_tiempo\/se-designa-el-primer-embajador-de-israel-en-la-argentina\/","name":"Se designa el primer embajador de Israel en la Argentina - MUJU","isPartOf":{"@id":"https:\/\/museojudiodecordoba.org\/en\/#website"},"primaryImageOfPage":{"@id":"https:\/\/museojudiodecordoba.org\/linea_tiempo\/se-designa-el-primer-embajador-de-israel-en-la-argentina\/#primaryimage"},"image":{"@id":"https:\/\/museojudiodecordoba.org\/linea_tiempo\/se-designa-el-primer-embajador-de-israel-en-la-argentina\/#primaryimage"},"thumbnailUrl":"https:\/\/museojudiodecordoba.org\/wp-content\/uploads\/2021\/08\/1949A-3.png","datePublished":"2021-08-03T18:04:31+00:00","dateModified":"2021-08-03T18:04:31+00:00","breadcrumb":{"@id":"https:\/\/museojudiodecordoba.org\/linea_tiempo\/se-designa-el-primer-embajador-de-israel-en-la-argentina\/#breadcrumb"},"inLanguage":"en-US","potentialAction":[{"@type":"ReadAction","target":["https:\/\/museojudiodecordoba.org\/linea_tiempo\/se-designa-el-primer-embajador-de-israel-en-la-argentina\/"]}]},{"@type":"ImageObject","inLanguage":"en-US","@id":"https:\/\/museojudiodecordoba.org\/linea_tiempo\/se-designa-el-primer-embajador-de-israel-en-la-argentina\/#primaryimage","url":"https:\/\/museojudiodecordoba.org\/wp-content\/uploads\/2021\/08\/1949A-3.png","contentUrl":"https:\/\/museojudiodecordoba.org\/wp-content\/uploads\/2021\/08\/1949A-3.png","width":291,"height":179},{"@type":"BreadcrumbList","@id":"https:\/\/museojudiodecordoba.org\/linea_tiempo\/se-designa-el-primer-embajador-de-israel-en-la-argentina\/#breadcrumb","itemListElement":[{"@type":"ListItem","position":1,"name":"Portada","item":"https:\/\/museojudiodecordoba.org\/en\/"},{"@type":"ListItem","position":2,"name":"Items linea del tiempo","item":"https:\/\/museojudiodecordoba.org\/en\/linea_tiempo\/"},{"@type":"ListItem","position":3,"name":"Se designa el primer embajador de Israel en la Argentina"}]},{"@type":"WebSite","@id":"https:\/\/museojudiodecordoba.org\/en\/#website","url":"https:\/\/museojudiodecordoba.org\/en\/","name":"MUJU","description":"","potentialAction":[{"@type":"SearchAction","target":{"@type":"EntryPoint","urlTemplate":"https:\/\/museojudiodecordoba.org\/en\/?s={search_term_string}"},"query-input":"required name=search_term_string"}],"inLanguage":"en-US"}]}},"acf":{"year":"1949","end_year":"1949","display_date":"1949","headline":"Se designa el primer embajador de Israel en la Argentina","text":"La Argentina fue el tercer pa\u00eds en reconocer el Estado de Israel, el 14 de febrero de 1949, y estableci\u00f3 de inmediato relaciones diplom\u00e1ticas durante el gobierno de Juan Domingo Per\u00f3n, quien fue el primero de Latinoam\u00e9rica en establecer un acuerdo comercial bilateral con Israel. En paralelo a la acci\u00f3n estatal, la Fundaci\u00f3n estatal Eva Per\u00f3n envi\u00f3 ropas y medicamentos \u2013que llegaban por barco al puerto de Haifa\u2013 para aliviar los padecimientos de los miles de migrantes jud\u00edos que llegaban al reci\u00e9n creado Israel. El 15 de febrero de 1949, la canciller\u00eda argentina inform\u00f3 que el Poder Ejecutivo reconoc\u00eda al Estado de Israel como Estado soberano. Las expectativas por la llegada Jacob Tsur primer embajador de Israel en Argentina y Uruguay eran inmensas. Siete meses despu\u00e9s de la llegada de Tsur a Buenos Aires, se adquiri\u00f3 un petit hotel en pleno barrio diplom\u00e1tico. Las tratativas se hab\u00edan realizado con la familia Mihanovich, que ten\u00eda su residencia en el n\u00famero 910 de la calle Arroyo. Luego de adquirir el edificio se realizaron obras de remodelaci\u00f3n, que finalizaron en 1950, inaugur\u00e1ndose oficialmente el 23 de abril. Cuando el edificio comenz\u00f3 a funcionar como misi\u00f3n diplom\u00e1tica, fue parte importante de la colectividad jud\u00eda en Argentina, siendo lugar de celebraciones y reuniones. Varias personas de la colectividad colaboraron con mobiliario, obras de arte, libros, etc. En el segundo piso se encontraba la recepci\u00f3n, donde se realizaban reuniones y fiestas. \u200bDesde 1950 hasta el 17 de marzo de 1992 la embajada de Israel funcion\u00f3 en el n\u00famero 910 de la calle Arroyo en la esquina con la calle Suipacha\u200b en el barrio de Retiro de Buenos Aires.Para ese a\u00f1o la poblaci\u00f3n estimada en red escolar jud\u00eda era de 7646 alumnos en Capital Federal y Gran Buenos Aires.","media":"https:\/\/herzlin.com\/muju\/wp-content\/uploads\/2020\/10\/1949A.png"},"_links":{"self":[{"href":"https:\/\/museojudiodecordoba.org\/en\/wp-json\/wp\/v2\/ltiempo\/4111","targetHints":{"allow":["GET"]}}],"collection":[{"href":"https:\/\/museojudiodecordoba.org\/en\/wp-json\/wp\/v2\/ltiempo"}],"about":[{"href":"https:\/\/museojudiodecordoba.org\/en\/wp-json\/wp\/v2\/types\/linea_tiempo"}],"wp:featuredmedia":[{"embeddable":true,"href":"https:\/\/museojudiodecordoba.org\/en\/wp-json\/wp\/v2\/media\/4112"}],"wp:attachment":[{"href":"https:\/\/museojudiodecordoba.org\/en\/wp-json\/wp\/v2\/media?parent=4111"}],"wp:term":[{"taxonomy":"category","embeddable":true,"href":"https:\/\/museojudiodecordoba.org\/en\/wp-json\/wp\/v2\/categories?post=4111"}],"curies":[{"name":"wp","href":"https:\/\/api.w.org\/{rel}","templated":true}]}}