{"id":4131,"date":"2021-08-03T18:01:44","date_gmt":"2021-08-03T18:01:44","guid":{"rendered":"http:\/\/museojudiodecordoba.org\/?post_type=linea_tiempo&#038;p=4131"},"modified":"2021-08-03T18:01:44","modified_gmt":"2021-08-03T18:01:44","slug":"se-realiza-el-traslado-de-los-muertos-judios-del-cementerio-de-san-vicente-al-cementerio-del-centro-union","status":"publish","type":"linea_tiempo","link":"https:\/\/museojudiodecordoba.org\/en\/linea_tiempo\/se-realiza-el-traslado-de-los-muertos-judios-del-cementerio-de-san-vicente-al-cementerio-del-centro-union\/","title":{"rendered":"Se realiza el traslado de los muertos jud\u00edos del cementerio de San Vicente al cementerio del Centro Uni\u00f3n"},"featured_media":4132,"template":"","meta":{"inline_featured_image":false},"categories":[203],"class_list":["post-4131","linea_tiempo","type-linea_tiempo","status-publish","has-post-thumbnail","hentry","category-203"],"yoast_head":"<!-- This site is optimized with the Yoast SEO plugin v23.3 - https:\/\/yoast.com\/wordpress\/plugins\/seo\/ -->\n<title>Se realiza el traslado de los muertos jud\u00edos del cementerio de San Vicente al cementerio del Centro Uni\u00f3n - MUJU<\/title>\n<meta name=\"robots\" content=\"index, follow, max-snippet:-1, max-image-preview:large, max-video-preview:-1\" \/>\n<link rel=\"canonical\" href=\"https:\/\/museojudiodecordoba.org\/linea_tiempo\/se-realiza-el-traslado-de-los-muertos-judios-del-cementerio-de-san-vicente-al-cementerio-del-centro-union\/\" \/>\n<meta property=\"og:locale\" content=\"en_US\" \/>\n<meta property=\"og:type\" content=\"article\" \/>\n<meta property=\"og:title\" content=\"Se realiza el traslado de los muertos jud\u00edos del cementerio de San Vicente al cementerio del Centro Uni\u00f3n - MUJU\" \/>\n<meta property=\"og:description\" content=\"[...]Read More...\" \/>\n<meta property=\"og:url\" content=\"https:\/\/museojudiodecordoba.org\/linea_tiempo\/se-realiza-el-traslado-de-los-muertos-judios-del-cementerio-de-san-vicente-al-cementerio-del-centro-union\/\" \/>\n<meta property=\"og:site_name\" content=\"MUJU\" \/>\n<meta property=\"og:image\" content=\"https:\/\/museojudiodecordoba.org\/wp-content\/uploads\/2021\/08\/37-1-1.jpg\" \/>\n\t<meta property=\"og:image:width\" content=\"1837\" \/>\n\t<meta property=\"og:image:height\" content=\"2500\" \/>\n\t<meta property=\"og:image:type\" content=\"image\/jpeg\" \/>\n<meta name=\"twitter:card\" content=\"summary_large_image\" \/>\n<script type=\"application\/ld+json\" class=\"yoast-schema-graph\">{\"@context\":\"https:\/\/schema.org\",\"@graph\":[{\"@type\":\"WebPage\",\"@id\":\"https:\/\/museojudiodecordoba.org\/linea_tiempo\/se-realiza-el-traslado-de-los-muertos-judios-del-cementerio-de-san-vicente-al-cementerio-del-centro-union\/\",\"url\":\"https:\/\/museojudiodecordoba.org\/linea_tiempo\/se-realiza-el-traslado-de-los-muertos-judios-del-cementerio-de-san-vicente-al-cementerio-del-centro-union\/\",\"name\":\"Se realiza el traslado de los muertos jud\u00edos del cementerio de San Vicente al cementerio del Centro Uni\u00f3n - MUJU\",\"isPartOf\":{\"@id\":\"https:\/\/museojudiodecordoba.org\/en\/#website\"},\"primaryImageOfPage\":{\"@id\":\"https:\/\/museojudiodecordoba.org\/linea_tiempo\/se-realiza-el-traslado-de-los-muertos-judios-del-cementerio-de-san-vicente-al-cementerio-del-centro-union\/#primaryimage\"},\"image\":{\"@id\":\"https:\/\/museojudiodecordoba.org\/linea_tiempo\/se-realiza-el-traslado-de-los-muertos-judios-del-cementerio-de-san-vicente-al-cementerio-del-centro-union\/#primaryimage\"},\"thumbnailUrl\":\"https:\/\/museojudiodecordoba.org\/wp-content\/uploads\/2021\/08\/37-1-1.jpg\",\"datePublished\":\"2021-08-03T18:01:44+00:00\",\"dateModified\":\"2021-08-03T18:01:44+00:00\",\"breadcrumb\":{\"@id\":\"https:\/\/museojudiodecordoba.org\/linea_tiempo\/se-realiza-el-traslado-de-los-muertos-judios-del-cementerio-de-san-vicente-al-cementerio-del-centro-union\/#breadcrumb\"},\"inLanguage\":\"en-US\",\"potentialAction\":[{\"@type\":\"ReadAction\",\"target\":[\"https:\/\/museojudiodecordoba.org\/linea_tiempo\/se-realiza-el-traslado-de-los-muertos-judios-del-cementerio-de-san-vicente-al-cementerio-del-centro-union\/\"]}]},{\"@type\":\"ImageObject\",\"inLanguage\":\"en-US\",\"@id\":\"https:\/\/museojudiodecordoba.org\/linea_tiempo\/se-realiza-el-traslado-de-los-muertos-judios-del-cementerio-de-san-vicente-al-cementerio-del-centro-union\/#primaryimage\",\"url\":\"https:\/\/museojudiodecordoba.org\/wp-content\/uploads\/2021\/08\/37-1-1.jpg\",\"contentUrl\":\"https:\/\/museojudiodecordoba.org\/wp-content\/uploads\/2021\/08\/37-1-1.jpg\",\"width\":1837,\"height\":2500},{\"@type\":\"BreadcrumbList\",\"@id\":\"https:\/\/museojudiodecordoba.org\/linea_tiempo\/se-realiza-el-traslado-de-los-muertos-judios-del-cementerio-de-san-vicente-al-cementerio-del-centro-union\/#breadcrumb\",\"itemListElement\":[{\"@type\":\"ListItem\",\"position\":1,\"name\":\"Portada\",\"item\":\"https:\/\/museojudiodecordoba.org\/en\/\"},{\"@type\":\"ListItem\",\"position\":2,\"name\":\"Items linea del tiempo\",\"item\":\"https:\/\/museojudiodecordoba.org\/en\/linea_tiempo\/\"},{\"@type\":\"ListItem\",\"position\":3,\"name\":\"Se realiza el traslado de los muertos jud\u00edos del cementerio de San Vicente al cementerio del Centro Uni\u00f3n\"}]},{\"@type\":\"WebSite\",\"@id\":\"https:\/\/museojudiodecordoba.org\/en\/#website\",\"url\":\"https:\/\/museojudiodecordoba.org\/en\/\",\"name\":\"MUJU\",\"description\":\"\",\"potentialAction\":[{\"@type\":\"SearchAction\",\"target\":{\"@type\":\"EntryPoint\",\"urlTemplate\":\"https:\/\/museojudiodecordoba.org\/en\/?s={search_term_string}\"},\"query-input\":\"required name=search_term_string\"}],\"inLanguage\":\"en-US\"}]}<\/script>\n<!-- \/ Yoast SEO plugin. -->","yoast_head_json":{"title":"Se realiza el traslado de los muertos jud\u00edos del cementerio de San Vicente al cementerio del Centro Uni\u00f3n - MUJU","robots":{"index":"index","follow":"follow","max-snippet":"max-snippet:-1","max-image-preview":"max-image-preview:large","max-video-preview":"max-video-preview:-1"},"canonical":"https:\/\/museojudiodecordoba.org\/linea_tiempo\/se-realiza-el-traslado-de-los-muertos-judios-del-cementerio-de-san-vicente-al-cementerio-del-centro-union\/","og_locale":"en_US","og_type":"article","og_title":"Se realiza el traslado de los muertos jud\u00edos del cementerio de San Vicente al cementerio del Centro Uni\u00f3n - MUJU","og_description":"[...]Read More...","og_url":"https:\/\/museojudiodecordoba.org\/linea_tiempo\/se-realiza-el-traslado-de-los-muertos-judios-del-cementerio-de-san-vicente-al-cementerio-del-centro-union\/","og_site_name":"MUJU","og_image":[{"width":1837,"height":2500,"url":"https:\/\/museojudiodecordoba.org\/wp-content\/uploads\/2021\/08\/37-1-1.jpg","type":"image\/jpeg"}],"twitter_card":"summary_large_image","schema":{"@context":"https:\/\/schema.org","@graph":[{"@type":"WebPage","@id":"https:\/\/museojudiodecordoba.org\/linea_tiempo\/se-realiza-el-traslado-de-los-muertos-judios-del-cementerio-de-san-vicente-al-cementerio-del-centro-union\/","url":"https:\/\/museojudiodecordoba.org\/linea_tiempo\/se-realiza-el-traslado-de-los-muertos-judios-del-cementerio-de-san-vicente-al-cementerio-del-centro-union\/","name":"Se realiza el traslado de los muertos jud\u00edos del cementerio de San Vicente al cementerio del Centro Uni\u00f3n - MUJU","isPartOf":{"@id":"https:\/\/museojudiodecordoba.org\/en\/#website"},"primaryImageOfPage":{"@id":"https:\/\/museojudiodecordoba.org\/linea_tiempo\/se-realiza-el-traslado-de-los-muertos-judios-del-cementerio-de-san-vicente-al-cementerio-del-centro-union\/#primaryimage"},"image":{"@id":"https:\/\/museojudiodecordoba.org\/linea_tiempo\/se-realiza-el-traslado-de-los-muertos-judios-del-cementerio-de-san-vicente-al-cementerio-del-centro-union\/#primaryimage"},"thumbnailUrl":"https:\/\/museojudiodecordoba.org\/wp-content\/uploads\/2021\/08\/37-1-1.jpg","datePublished":"2021-08-03T18:01:44+00:00","dateModified":"2021-08-03T18:01:44+00:00","breadcrumb":{"@id":"https:\/\/museojudiodecordoba.org\/linea_tiempo\/se-realiza-el-traslado-de-los-muertos-judios-del-cementerio-de-san-vicente-al-cementerio-del-centro-union\/#breadcrumb"},"inLanguage":"en-US","potentialAction":[{"@type":"ReadAction","target":["https:\/\/museojudiodecordoba.org\/linea_tiempo\/se-realiza-el-traslado-de-los-muertos-judios-del-cementerio-de-san-vicente-al-cementerio-del-centro-union\/"]}]},{"@type":"ImageObject","inLanguage":"en-US","@id":"https:\/\/museojudiodecordoba.org\/linea_tiempo\/se-realiza-el-traslado-de-los-muertos-judios-del-cementerio-de-san-vicente-al-cementerio-del-centro-union\/#primaryimage","url":"https:\/\/museojudiodecordoba.org\/wp-content\/uploads\/2021\/08\/37-1-1.jpg","contentUrl":"https:\/\/museojudiodecordoba.org\/wp-content\/uploads\/2021\/08\/37-1-1.jpg","width":1837,"height":2500},{"@type":"BreadcrumbList","@id":"https:\/\/museojudiodecordoba.org\/linea_tiempo\/se-realiza-el-traslado-de-los-muertos-judios-del-cementerio-de-san-vicente-al-cementerio-del-centro-union\/#breadcrumb","itemListElement":[{"@type":"ListItem","position":1,"name":"Portada","item":"https:\/\/museojudiodecordoba.org\/en\/"},{"@type":"ListItem","position":2,"name":"Items linea del tiempo","item":"https:\/\/museojudiodecordoba.org\/en\/linea_tiempo\/"},{"@type":"ListItem","position":3,"name":"Se realiza el traslado de los muertos jud\u00edos del cementerio de San Vicente al cementerio del Centro Uni\u00f3n"}]},{"@type":"WebSite","@id":"https:\/\/museojudiodecordoba.org\/en\/#website","url":"https:\/\/museojudiodecordoba.org\/en\/","name":"MUJU","description":"","potentialAction":[{"@type":"SearchAction","target":{"@type":"EntryPoint","urlTemplate":"https:\/\/museojudiodecordoba.org\/en\/?s={search_term_string}"},"query-input":"required name=search_term_string"}],"inLanguage":"en-US"}]}},"acf":{"year":"1955","end_year":"1955","display_date":"1955","headline":"Se realiza el traslado de los muertos jud\u00edos del cementerio de San Vicente al cementerio del Centro Uni\u00f3n","text":"Se realiza el traslado de los muertos jud\u00edos del cementerio de San Vicente al cementerio del Centro Uni\u00f3n Israelita de C\u00f3rdoba.Cuentan algunos memoriosos que ese traslado no fue sencillo de realizar, En el pensamiento de los dirigentes de aquella \u00e9poca la consigna era: \u201cTienen que ir todos, no puede quedar nadie afuera\u201d. Y para cumplir con este mandato fue necesario recurrir a formas alternativas, como realizar algunos traslados al amparo de la noche. La comunidad actuaba motivada por el objetivo de sepultar a sus muertos de acuerdo al rito jud\u00edo.La Kehil\u00e1 de C\u00f3rdoba tiene 1450 ni\u00f1os en edad escolar y el Centro Uni\u00f3n Israelita tiene 1150 socios.La comunidad rinde homenaje a Einstein. Se constituy\u00f3 el Consejo Central Sionista de C\u00f3rdoba","media":"http:\/\/museojudiodecordoba.org\/wp-content\/uploads\/2020\/12\/37-1.jpg"},"_links":{"self":[{"href":"https:\/\/museojudiodecordoba.org\/en\/wp-json\/wp\/v2\/ltiempo\/4131","targetHints":{"allow":["GET"]}}],"collection":[{"href":"https:\/\/museojudiodecordoba.org\/en\/wp-json\/wp\/v2\/ltiempo"}],"about":[{"href":"https:\/\/museojudiodecordoba.org\/en\/wp-json\/wp\/v2\/types\/linea_tiempo"}],"wp:featuredmedia":[{"embeddable":true,"href":"https:\/\/museojudiodecordoba.org\/en\/wp-json\/wp\/v2\/media\/4132"}],"wp:attachment":[{"href":"https:\/\/museojudiodecordoba.org\/en\/wp-json\/wp\/v2\/media?parent=4131"}],"wp:term":[{"taxonomy":"category","embeddable":true,"href":"https:\/\/museojudiodecordoba.org\/en\/wp-json\/wp\/v2\/categories?post=4131"}],"curies":[{"name":"wp","href":"https:\/\/api.w.org\/{rel}","templated":true}]}}