{"id":4137,"date":"2021-08-03T18:01:42","date_gmt":"2021-08-03T18:01:42","guid":{"rendered":"http:\/\/museojudiodecordoba.org\/?post_type=linea_tiempo&#038;p=4137"},"modified":"2021-08-03T18:01:42","modified_gmt":"2021-08-03T18:01:42","slug":"gran-inauguracion-del-templo-de-la-calle-alvear","status":"publish","type":"linea_tiempo","link":"https:\/\/museojudiodecordoba.org\/en\/linea_tiempo\/gran-inauguracion-del-templo-de-la-calle-alvear\/","title":{"rendered":"Gran inauguraci\u00f3n del Templo de la calle Alvear"},"featured_media":4138,"template":"","meta":{"inline_featured_image":false},"categories":[203],"class_list":["post-4137","linea_tiempo","type-linea_tiempo","status-publish","has-post-thumbnail","hentry","category-203"],"yoast_head":"<!-- This site is optimized with the Yoast SEO plugin v23.3 - https:\/\/yoast.com\/wordpress\/plugins\/seo\/ -->\n<title>Gran inauguraci\u00f3n del Templo de la calle Alvear - MUJU<\/title>\n<meta name=\"robots\" content=\"index, follow, max-snippet:-1, max-image-preview:large, max-video-preview:-1\" \/>\n<link rel=\"canonical\" href=\"https:\/\/museojudiodecordoba.org\/linea_tiempo\/gran-inauguracion-del-templo-de-la-calle-alvear\/\" \/>\n<meta property=\"og:locale\" content=\"en_US\" \/>\n<meta property=\"og:type\" content=\"article\" \/>\n<meta property=\"og:title\" content=\"Gran inauguraci\u00f3n del Templo de la calle Alvear - MUJU\" \/>\n<meta property=\"og:description\" content=\"[...]Read More...\" \/>\n<meta property=\"og:url\" content=\"https:\/\/museojudiodecordoba.org\/linea_tiempo\/gran-inauguracion-del-templo-de-la-calle-alvear\/\" \/>\n<meta property=\"og:site_name\" content=\"MUJU\" \/>\n<meta property=\"og:image\" content=\"https:\/\/museojudiodecordoba.org\/wp-content\/uploads\/2021\/08\/1957A-1.jpg\" \/>\n\t<meta property=\"og:image:width\" content=\"1153\" \/>\n\t<meta property=\"og:image:height\" content=\"1605\" \/>\n\t<meta property=\"og:image:type\" content=\"image\/jpeg\" \/>\n<meta name=\"twitter:card\" content=\"summary_large_image\" \/>\n<script type=\"application\/ld+json\" class=\"yoast-schema-graph\">{\"@context\":\"https:\/\/schema.org\",\"@graph\":[{\"@type\":\"WebPage\",\"@id\":\"https:\/\/museojudiodecordoba.org\/linea_tiempo\/gran-inauguracion-del-templo-de-la-calle-alvear\/\",\"url\":\"https:\/\/museojudiodecordoba.org\/linea_tiempo\/gran-inauguracion-del-templo-de-la-calle-alvear\/\",\"name\":\"Gran inauguraci\u00f3n del Templo de la calle Alvear - MUJU\",\"isPartOf\":{\"@id\":\"https:\/\/museojudiodecordoba.org\/en\/#website\"},\"primaryImageOfPage\":{\"@id\":\"https:\/\/museojudiodecordoba.org\/linea_tiempo\/gran-inauguracion-del-templo-de-la-calle-alvear\/#primaryimage\"},\"image\":{\"@id\":\"https:\/\/museojudiodecordoba.org\/linea_tiempo\/gran-inauguracion-del-templo-de-la-calle-alvear\/#primaryimage\"},\"thumbnailUrl\":\"https:\/\/museojudiodecordoba.org\/wp-content\/uploads\/2021\/08\/1957A-1.jpg\",\"datePublished\":\"2021-08-03T18:01:42+00:00\",\"dateModified\":\"2021-08-03T18:01:42+00:00\",\"breadcrumb\":{\"@id\":\"https:\/\/museojudiodecordoba.org\/linea_tiempo\/gran-inauguracion-del-templo-de-la-calle-alvear\/#breadcrumb\"},\"inLanguage\":\"en-US\",\"potentialAction\":[{\"@type\":\"ReadAction\",\"target\":[\"https:\/\/museojudiodecordoba.org\/linea_tiempo\/gran-inauguracion-del-templo-de-la-calle-alvear\/\"]}]},{\"@type\":\"ImageObject\",\"inLanguage\":\"en-US\",\"@id\":\"https:\/\/museojudiodecordoba.org\/linea_tiempo\/gran-inauguracion-del-templo-de-la-calle-alvear\/#primaryimage\",\"url\":\"https:\/\/museojudiodecordoba.org\/wp-content\/uploads\/2021\/08\/1957A-1.jpg\",\"contentUrl\":\"https:\/\/museojudiodecordoba.org\/wp-content\/uploads\/2021\/08\/1957A-1.jpg\",\"width\":1153,\"height\":1605},{\"@type\":\"BreadcrumbList\",\"@id\":\"https:\/\/museojudiodecordoba.org\/linea_tiempo\/gran-inauguracion-del-templo-de-la-calle-alvear\/#breadcrumb\",\"itemListElement\":[{\"@type\":\"ListItem\",\"position\":1,\"name\":\"Portada\",\"item\":\"https:\/\/museojudiodecordoba.org\/en\/\"},{\"@type\":\"ListItem\",\"position\":2,\"name\":\"Items linea del tiempo\",\"item\":\"https:\/\/museojudiodecordoba.org\/en\/linea_tiempo\/\"},{\"@type\":\"ListItem\",\"position\":3,\"name\":\"Gran inauguraci\u00f3n del Templo de la calle Alvear\"}]},{\"@type\":\"WebSite\",\"@id\":\"https:\/\/museojudiodecordoba.org\/en\/#website\",\"url\":\"https:\/\/museojudiodecordoba.org\/en\/\",\"name\":\"MUJU\",\"description\":\"\",\"potentialAction\":[{\"@type\":\"SearchAction\",\"target\":{\"@type\":\"EntryPoint\",\"urlTemplate\":\"https:\/\/museojudiodecordoba.org\/en\/?s={search_term_string}\"},\"query-input\":\"required name=search_term_string\"}],\"inLanguage\":\"en-US\"}]}<\/script>\n<!-- \/ Yoast SEO plugin. -->","yoast_head_json":{"title":"Gran inauguraci\u00f3n del Templo de la calle Alvear - MUJU","robots":{"index":"index","follow":"follow","max-snippet":"max-snippet:-1","max-image-preview":"max-image-preview:large","max-video-preview":"max-video-preview:-1"},"canonical":"https:\/\/museojudiodecordoba.org\/linea_tiempo\/gran-inauguracion-del-templo-de-la-calle-alvear\/","og_locale":"en_US","og_type":"article","og_title":"Gran inauguraci\u00f3n del Templo de la calle Alvear - MUJU","og_description":"[...]Read More...","og_url":"https:\/\/museojudiodecordoba.org\/linea_tiempo\/gran-inauguracion-del-templo-de-la-calle-alvear\/","og_site_name":"MUJU","og_image":[{"width":1153,"height":1605,"url":"https:\/\/museojudiodecordoba.org\/wp-content\/uploads\/2021\/08\/1957A-1.jpg","type":"image\/jpeg"}],"twitter_card":"summary_large_image","schema":{"@context":"https:\/\/schema.org","@graph":[{"@type":"WebPage","@id":"https:\/\/museojudiodecordoba.org\/linea_tiempo\/gran-inauguracion-del-templo-de-la-calle-alvear\/","url":"https:\/\/museojudiodecordoba.org\/linea_tiempo\/gran-inauguracion-del-templo-de-la-calle-alvear\/","name":"Gran inauguraci\u00f3n del Templo de la calle Alvear - MUJU","isPartOf":{"@id":"https:\/\/museojudiodecordoba.org\/en\/#website"},"primaryImageOfPage":{"@id":"https:\/\/museojudiodecordoba.org\/linea_tiempo\/gran-inauguracion-del-templo-de-la-calle-alvear\/#primaryimage"},"image":{"@id":"https:\/\/museojudiodecordoba.org\/linea_tiempo\/gran-inauguracion-del-templo-de-la-calle-alvear\/#primaryimage"},"thumbnailUrl":"https:\/\/museojudiodecordoba.org\/wp-content\/uploads\/2021\/08\/1957A-1.jpg","datePublished":"2021-08-03T18:01:42+00:00","dateModified":"2021-08-03T18:01:42+00:00","breadcrumb":{"@id":"https:\/\/museojudiodecordoba.org\/linea_tiempo\/gran-inauguracion-del-templo-de-la-calle-alvear\/#breadcrumb"},"inLanguage":"en-US","potentialAction":[{"@type":"ReadAction","target":["https:\/\/museojudiodecordoba.org\/linea_tiempo\/gran-inauguracion-del-templo-de-la-calle-alvear\/"]}]},{"@type":"ImageObject","inLanguage":"en-US","@id":"https:\/\/museojudiodecordoba.org\/linea_tiempo\/gran-inauguracion-del-templo-de-la-calle-alvear\/#primaryimage","url":"https:\/\/museojudiodecordoba.org\/wp-content\/uploads\/2021\/08\/1957A-1.jpg","contentUrl":"https:\/\/museojudiodecordoba.org\/wp-content\/uploads\/2021\/08\/1957A-1.jpg","width":1153,"height":1605},{"@type":"BreadcrumbList","@id":"https:\/\/museojudiodecordoba.org\/linea_tiempo\/gran-inauguracion-del-templo-de-la-calle-alvear\/#breadcrumb","itemListElement":[{"@type":"ListItem","position":1,"name":"Portada","item":"https:\/\/museojudiodecordoba.org\/en\/"},{"@type":"ListItem","position":2,"name":"Items linea del tiempo","item":"https:\/\/museojudiodecordoba.org\/en\/linea_tiempo\/"},{"@type":"ListItem","position":3,"name":"Gran inauguraci\u00f3n del Templo de la calle Alvear"}]},{"@type":"WebSite","@id":"https:\/\/museojudiodecordoba.org\/en\/#website","url":"https:\/\/museojudiodecordoba.org\/en\/","name":"MUJU","description":"","potentialAction":[{"@type":"SearchAction","target":{"@type":"EntryPoint","urlTemplate":"https:\/\/museojudiodecordoba.org\/en\/?s={search_term_string}"},"query-input":"required name=search_term_string"}],"inLanguage":"en-US"}]}},"acf":{"year":"1957","end_year":"1957","display_date":"1957","headline":"Gran inauguraci\u00f3n del Templo de la calle Alvear","text":"En la Asamblea General Ordinaria de fecha 1\u00ba de junio de 1956 se inform\u00f3 que el templo estaba listo para la inauguraci\u00f3n oficial. El 22 de septiembre de dicho a\u00f1o se realiz\u00f3 la inauguraci\u00f3n oficial. El festejo fue imponente. LV3 transmiti\u00f3 durante todo el d\u00eda la festividad que estaba viviendo la comunidad jud\u00eda de C\u00f3rdoba. Asistieron a ella personalidades importantes del \u00e1mbito local, como as\u00ed tambi\u00e9n representantes de entidades jud\u00edas nacionales. Estuvieron presentes Mark Turcow, el embajador de Israel en la Argentina, Ariel Kuvobich, el gobernador de la provincia, el intendente y miembros de las fuerzas armadas. Estuvo presente una delegaci\u00f3n de diputados de la Kneset. La prensa cordobesa, nacional y diarios jud\u00edos nacionales, como el Die Presse entre otros. Ese mimos a\u00f1o se abri\u00f3 el registro de casamientos del Centro Uni\u00f3n Israelita de C\u00f3rdoba.","media":"http:\/\/museojudiodecordoba.org\/wp-content\/uploads\/2020\/12\/1957A.jpg"},"_links":{"self":[{"href":"https:\/\/museojudiodecordoba.org\/en\/wp-json\/wp\/v2\/ltiempo\/4137","targetHints":{"allow":["GET"]}}],"collection":[{"href":"https:\/\/museojudiodecordoba.org\/en\/wp-json\/wp\/v2\/ltiempo"}],"about":[{"href":"https:\/\/museojudiodecordoba.org\/en\/wp-json\/wp\/v2\/types\/linea_tiempo"}],"wp:featuredmedia":[{"embeddable":true,"href":"https:\/\/museojudiodecordoba.org\/en\/wp-json\/wp\/v2\/media\/4138"}],"wp:attachment":[{"href":"https:\/\/museojudiodecordoba.org\/en\/wp-json\/wp\/v2\/media?parent=4137"}],"wp:term":[{"taxonomy":"category","embeddable":true,"href":"https:\/\/museojudiodecordoba.org\/en\/wp-json\/wp\/v2\/categories?post=4137"}],"curies":[{"name":"wp","href":"https:\/\/api.w.org\/{rel}","templated":true}]}}