{"id":4147,"date":"2021-08-03T18:01:36","date_gmt":"2021-08-03T18:01:36","guid":{"rendered":"http:\/\/museojudiodecordoba.org\/?post_type=linea_tiempo&#038;p=4147"},"modified":"2021-08-03T18:01:36","modified_gmt":"2021-08-03T18:01:36","slug":"creacion-del-colegio-secundario-en-el-israelita","status":"publish","type":"linea_tiempo","link":"https:\/\/museojudiodecordoba.org\/en\/linea_tiempo\/creacion-del-colegio-secundario-en-el-israelita\/","title":{"rendered":"Creaci\u00f3n del Colegio Secundario en el Israelita"},"featured_media":4148,"template":"","meta":{"inline_featured_image":false},"categories":[204],"class_list":["post-4147","linea_tiempo","type-linea_tiempo","status-publish","has-post-thumbnail","hentry","category-204"],"yoast_head":"<!-- This site is optimized with the Yoast SEO plugin v23.3 - https:\/\/yoast.com\/wordpress\/plugins\/seo\/ -->\n<title>Creaci\u00f3n del Colegio Secundario en el Israelita - MUJU<\/title>\n<meta name=\"robots\" content=\"index, follow, max-snippet:-1, max-image-preview:large, max-video-preview:-1\" \/>\n<link rel=\"canonical\" href=\"https:\/\/museojudiodecordoba.org\/linea_tiempo\/creacion-del-colegio-secundario-en-el-israelita\/\" \/>\n<meta property=\"og:locale\" content=\"en_US\" \/>\n<meta property=\"og:type\" content=\"article\" \/>\n<meta property=\"og:title\" content=\"Creaci\u00f3n del Colegio Secundario en el Israelita - MUJU\" \/>\n<meta property=\"og:description\" content=\"[...]Read More...\" \/>\n<meta property=\"og:url\" content=\"https:\/\/museojudiodecordoba.org\/linea_tiempo\/creacion-del-colegio-secundario-en-el-israelita\/\" \/>\n<meta property=\"og:site_name\" content=\"MUJU\" \/>\n<meta property=\"og:image\" content=\"https:\/\/museojudiodecordoba.org\/wp-content\/uploads\/2021\/08\/6Z9A7536.jpg\" \/>\n\t<meta property=\"og:image:width\" content=\"2500\" \/>\n\t<meta property=\"og:image:height\" content=\"1603\" \/>\n\t<meta property=\"og:image:type\" content=\"image\/jpeg\" \/>\n<meta name=\"twitter:card\" content=\"summary_large_image\" \/>\n<script type=\"application\/ld+json\" class=\"yoast-schema-graph\">{\"@context\":\"https:\/\/schema.org\",\"@graph\":[{\"@type\":\"WebPage\",\"@id\":\"https:\/\/museojudiodecordoba.org\/linea_tiempo\/creacion-del-colegio-secundario-en-el-israelita\/\",\"url\":\"https:\/\/museojudiodecordoba.org\/linea_tiempo\/creacion-del-colegio-secundario-en-el-israelita\/\",\"name\":\"Creaci\u00f3n del Colegio Secundario en el Israelita - MUJU\",\"isPartOf\":{\"@id\":\"https:\/\/museojudiodecordoba.org\/en\/#website\"},\"primaryImageOfPage\":{\"@id\":\"https:\/\/museojudiodecordoba.org\/linea_tiempo\/creacion-del-colegio-secundario-en-el-israelita\/#primaryimage\"},\"image\":{\"@id\":\"https:\/\/museojudiodecordoba.org\/linea_tiempo\/creacion-del-colegio-secundario-en-el-israelita\/#primaryimage\"},\"thumbnailUrl\":\"https:\/\/museojudiodecordoba.org\/wp-content\/uploads\/2021\/08\/6Z9A7536.jpg\",\"datePublished\":\"2021-08-03T18:01:36+00:00\",\"dateModified\":\"2021-08-03T18:01:36+00:00\",\"breadcrumb\":{\"@id\":\"https:\/\/museojudiodecordoba.org\/linea_tiempo\/creacion-del-colegio-secundario-en-el-israelita\/#breadcrumb\"},\"inLanguage\":\"en-US\",\"potentialAction\":[{\"@type\":\"ReadAction\",\"target\":[\"https:\/\/museojudiodecordoba.org\/linea_tiempo\/creacion-del-colegio-secundario-en-el-israelita\/\"]}]},{\"@type\":\"ImageObject\",\"inLanguage\":\"en-US\",\"@id\":\"https:\/\/museojudiodecordoba.org\/linea_tiempo\/creacion-del-colegio-secundario-en-el-israelita\/#primaryimage\",\"url\":\"https:\/\/museojudiodecordoba.org\/wp-content\/uploads\/2021\/08\/6Z9A7536.jpg\",\"contentUrl\":\"https:\/\/museojudiodecordoba.org\/wp-content\/uploads\/2021\/08\/6Z9A7536.jpg\",\"width\":2500,\"height\":1603},{\"@type\":\"BreadcrumbList\",\"@id\":\"https:\/\/museojudiodecordoba.org\/linea_tiempo\/creacion-del-colegio-secundario-en-el-israelita\/#breadcrumb\",\"itemListElement\":[{\"@type\":\"ListItem\",\"position\":1,\"name\":\"Portada\",\"item\":\"https:\/\/museojudiodecordoba.org\/en\/\"},{\"@type\":\"ListItem\",\"position\":2,\"name\":\"Items linea del tiempo\",\"item\":\"https:\/\/museojudiodecordoba.org\/en\/linea_tiempo\/\"},{\"@type\":\"ListItem\",\"position\":3,\"name\":\"Creaci\u00f3n del Colegio Secundario en el Israelita\"}]},{\"@type\":\"WebSite\",\"@id\":\"https:\/\/museojudiodecordoba.org\/en\/#website\",\"url\":\"https:\/\/museojudiodecordoba.org\/en\/\",\"name\":\"MUJU\",\"description\":\"\",\"potentialAction\":[{\"@type\":\"SearchAction\",\"target\":{\"@type\":\"EntryPoint\",\"urlTemplate\":\"https:\/\/museojudiodecordoba.org\/en\/?s={search_term_string}\"},\"query-input\":\"required name=search_term_string\"}],\"inLanguage\":\"en-US\"}]}<\/script>\n<!-- \/ Yoast SEO plugin. -->","yoast_head_json":{"title":"Creaci\u00f3n del Colegio Secundario en el Israelita - MUJU","robots":{"index":"index","follow":"follow","max-snippet":"max-snippet:-1","max-image-preview":"max-image-preview:large","max-video-preview":"max-video-preview:-1"},"canonical":"https:\/\/museojudiodecordoba.org\/linea_tiempo\/creacion-del-colegio-secundario-en-el-israelita\/","og_locale":"en_US","og_type":"article","og_title":"Creaci\u00f3n del Colegio Secundario en el Israelita - MUJU","og_description":"[...]Read More...","og_url":"https:\/\/museojudiodecordoba.org\/linea_tiempo\/creacion-del-colegio-secundario-en-el-israelita\/","og_site_name":"MUJU","og_image":[{"width":2500,"height":1603,"url":"https:\/\/museojudiodecordoba.org\/wp-content\/uploads\/2021\/08\/6Z9A7536.jpg","type":"image\/jpeg"}],"twitter_card":"summary_large_image","schema":{"@context":"https:\/\/schema.org","@graph":[{"@type":"WebPage","@id":"https:\/\/museojudiodecordoba.org\/linea_tiempo\/creacion-del-colegio-secundario-en-el-israelita\/","url":"https:\/\/museojudiodecordoba.org\/linea_tiempo\/creacion-del-colegio-secundario-en-el-israelita\/","name":"Creaci\u00f3n del Colegio Secundario en el Israelita - MUJU","isPartOf":{"@id":"https:\/\/museojudiodecordoba.org\/en\/#website"},"primaryImageOfPage":{"@id":"https:\/\/museojudiodecordoba.org\/linea_tiempo\/creacion-del-colegio-secundario-en-el-israelita\/#primaryimage"},"image":{"@id":"https:\/\/museojudiodecordoba.org\/linea_tiempo\/creacion-del-colegio-secundario-en-el-israelita\/#primaryimage"},"thumbnailUrl":"https:\/\/museojudiodecordoba.org\/wp-content\/uploads\/2021\/08\/6Z9A7536.jpg","datePublished":"2021-08-03T18:01:36+00:00","dateModified":"2021-08-03T18:01:36+00:00","breadcrumb":{"@id":"https:\/\/museojudiodecordoba.org\/linea_tiempo\/creacion-del-colegio-secundario-en-el-israelita\/#breadcrumb"},"inLanguage":"en-US","potentialAction":[{"@type":"ReadAction","target":["https:\/\/museojudiodecordoba.org\/linea_tiempo\/creacion-del-colegio-secundario-en-el-israelita\/"]}]},{"@type":"ImageObject","inLanguage":"en-US","@id":"https:\/\/museojudiodecordoba.org\/linea_tiempo\/creacion-del-colegio-secundario-en-el-israelita\/#primaryimage","url":"https:\/\/museojudiodecordoba.org\/wp-content\/uploads\/2021\/08\/6Z9A7536.jpg","contentUrl":"https:\/\/museojudiodecordoba.org\/wp-content\/uploads\/2021\/08\/6Z9A7536.jpg","width":2500,"height":1603},{"@type":"BreadcrumbList","@id":"https:\/\/museojudiodecordoba.org\/linea_tiempo\/creacion-del-colegio-secundario-en-el-israelita\/#breadcrumb","itemListElement":[{"@type":"ListItem","position":1,"name":"Portada","item":"https:\/\/museojudiodecordoba.org\/en\/"},{"@type":"ListItem","position":2,"name":"Items linea del tiempo","item":"https:\/\/museojudiodecordoba.org\/en\/linea_tiempo\/"},{"@type":"ListItem","position":3,"name":"Creaci\u00f3n del Colegio Secundario en el Israelita"}]},{"@type":"WebSite","@id":"https:\/\/museojudiodecordoba.org\/en\/#website","url":"https:\/\/museojudiodecordoba.org\/en\/","name":"MUJU","description":"","potentialAction":[{"@type":"SearchAction","target":{"@type":"EntryPoint","urlTemplate":"https:\/\/museojudiodecordoba.org\/en\/?s={search_term_string}"},"query-input":"required name=search_term_string"}],"inLanguage":"en-US"}]}},"acf":{"year":"1960","end_year":"1960","display_date":"1960","headline":"Creaci\u00f3n del Colegio Secundario en el Israelita","text":"1961 fue el a\u00f1o de la creaci\u00f3n del colegio secundario. El primer a\u00f1o del Colegio Comercial Integral Israelita \u201cGeneral San Mart\u00edn\u201d, se incorpor\u00f3 a la Escuela Superior de Comercio Jer\u00f3nimo Luis de Cabrera. La apertura del primer curso comenz\u00f3 sus clases un 15 de marzo. Ese mismo a\u00f1o, el Superior Gobierno de la Provincia, la hab\u00eda incorporado entre las escuelas privadas con el correspondiente subsidio legal.Este mismo a\u00f1o se desarroll\u00f3 la primera exposici\u00f3n del libro jud\u00edo y el Centro Uni\u00f3n Israelita adquiere la propiedad de calle 9 de julio para el colegio primario.Se proyect\u00f3 la gran puerta del Templo de Alvear por el artista Enrique M\u00f3naco con aprobaci\u00f3n del Rabinato de Buenos Aires.Para esta fecha el Centro Uni\u00f3n registraba un total de 1219 socios y la poblaci\u00f3n jud\u00eda en C\u00f3rdoba ascend\u00eda a 7410 personas. ","media":"http:\/\/museojudiodecordoba.org\/wp-content\/uploads\/2020\/12\/6Z9A7536.jpg"},"_links":{"self":[{"href":"https:\/\/museojudiodecordoba.org\/en\/wp-json\/wp\/v2\/ltiempo\/4147","targetHints":{"allow":["GET"]}}],"collection":[{"href":"https:\/\/museojudiodecordoba.org\/en\/wp-json\/wp\/v2\/ltiempo"}],"about":[{"href":"https:\/\/museojudiodecordoba.org\/en\/wp-json\/wp\/v2\/types\/linea_tiempo"}],"wp:featuredmedia":[{"embeddable":true,"href":"https:\/\/museojudiodecordoba.org\/en\/wp-json\/wp\/v2\/media\/4148"}],"wp:attachment":[{"href":"https:\/\/museojudiodecordoba.org\/en\/wp-json\/wp\/v2\/media?parent=4147"}],"wp:term":[{"taxonomy":"category","embeddable":true,"href":"https:\/\/museojudiodecordoba.org\/en\/wp-json\/wp\/v2\/categories?post=4147"}],"curies":[{"name":"wp","href":"https:\/\/api.w.org\/{rel}","templated":true}]}}