{"id":4169,"date":"2021-08-03T18:01:18","date_gmt":"2021-08-03T18:01:18","guid":{"rendered":"http:\/\/museojudiodecordoba.org\/?post_type=linea_tiempo&#038;p=4169"},"modified":"2021-08-03T18:01:18","modified_gmt":"2021-08-03T18:01:18","slug":"incorporacion-de-nuevo-jazan-en-la-comunidad-de-cordoba-leo-fisher","status":"publish","type":"linea_tiempo","link":"https:\/\/museojudiodecordoba.org\/en\/linea_tiempo\/incorporacion-de-nuevo-jazan-en-la-comunidad-de-cordoba-leo-fisher\/","title":{"rendered":"Incorporaci\u00f3n de nuevo jaz\u00e1n en la comunidad de C\u00f3rdoba: Leo Fisher"},"featured_media":4170,"template":"","meta":{"inline_featured_image":false},"categories":[204],"class_list":["post-4169","linea_tiempo","type-linea_tiempo","status-publish","has-post-thumbnail","hentry","category-204"],"yoast_head":"<!-- This site is optimized with the Yoast SEO plugin v23.3 - https:\/\/yoast.com\/wordpress\/plugins\/seo\/ -->\n<title>Incorporaci\u00f3n de nuevo jaz\u00e1n en la comunidad de C\u00f3rdoba: Leo Fisher - MUJU<\/title>\n<meta name=\"robots\" content=\"index, follow, max-snippet:-1, max-image-preview:large, max-video-preview:-1\" \/>\n<link rel=\"canonical\" href=\"https:\/\/museojudiodecordoba.org\/linea_tiempo\/incorporacion-de-nuevo-jazan-en-la-comunidad-de-cordoba-leo-fisher\/\" \/>\n<meta property=\"og:locale\" content=\"en_US\" \/>\n<meta property=\"og:type\" content=\"article\" \/>\n<meta property=\"og:title\" content=\"Incorporaci\u00f3n de nuevo jaz\u00e1n en la comunidad de C\u00f3rdoba: Leo Fisher - MUJU\" \/>\n<meta property=\"og:description\" content=\"[...]Read More...\" \/>\n<meta property=\"og:url\" content=\"https:\/\/museojudiodecordoba.org\/linea_tiempo\/incorporacion-de-nuevo-jazan-en-la-comunidad-de-cordoba-leo-fisher\/\" \/>\n<meta property=\"og:site_name\" content=\"MUJU\" \/>\n<meta property=\"og:image\" content=\"https:\/\/museojudiodecordoba.org\/wp-content\/uploads\/2021\/08\/6Z9A7280.jpg\" \/>\n\t<meta property=\"og:image:width\" content=\"2500\" \/>\n\t<meta property=\"og:image:height\" content=\"1902\" \/>\n\t<meta property=\"og:image:type\" content=\"image\/jpeg\" \/>\n<meta name=\"twitter:card\" content=\"summary_large_image\" \/>\n<script type=\"application\/ld+json\" class=\"yoast-schema-graph\">{\"@context\":\"https:\/\/schema.org\",\"@graph\":[{\"@type\":\"WebPage\",\"@id\":\"https:\/\/museojudiodecordoba.org\/linea_tiempo\/incorporacion-de-nuevo-jazan-en-la-comunidad-de-cordoba-leo-fisher\/\",\"url\":\"https:\/\/museojudiodecordoba.org\/linea_tiempo\/incorporacion-de-nuevo-jazan-en-la-comunidad-de-cordoba-leo-fisher\/\",\"name\":\"Incorporaci\u00f3n de nuevo jaz\u00e1n en la comunidad de C\u00f3rdoba: Leo Fisher - MUJU\",\"isPartOf\":{\"@id\":\"https:\/\/museojudiodecordoba.org\/en\/#website\"},\"primaryImageOfPage\":{\"@id\":\"https:\/\/museojudiodecordoba.org\/linea_tiempo\/incorporacion-de-nuevo-jazan-en-la-comunidad-de-cordoba-leo-fisher\/#primaryimage\"},\"image\":{\"@id\":\"https:\/\/museojudiodecordoba.org\/linea_tiempo\/incorporacion-de-nuevo-jazan-en-la-comunidad-de-cordoba-leo-fisher\/#primaryimage\"},\"thumbnailUrl\":\"https:\/\/museojudiodecordoba.org\/wp-content\/uploads\/2021\/08\/6Z9A7280.jpg\",\"datePublished\":\"2021-08-03T18:01:18+00:00\",\"dateModified\":\"2021-08-03T18:01:18+00:00\",\"breadcrumb\":{\"@id\":\"https:\/\/museojudiodecordoba.org\/linea_tiempo\/incorporacion-de-nuevo-jazan-en-la-comunidad-de-cordoba-leo-fisher\/#breadcrumb\"},\"inLanguage\":\"en-US\",\"potentialAction\":[{\"@type\":\"ReadAction\",\"target\":[\"https:\/\/museojudiodecordoba.org\/linea_tiempo\/incorporacion-de-nuevo-jazan-en-la-comunidad-de-cordoba-leo-fisher\/\"]}]},{\"@type\":\"ImageObject\",\"inLanguage\":\"en-US\",\"@id\":\"https:\/\/museojudiodecordoba.org\/linea_tiempo\/incorporacion-de-nuevo-jazan-en-la-comunidad-de-cordoba-leo-fisher\/#primaryimage\",\"url\":\"https:\/\/museojudiodecordoba.org\/wp-content\/uploads\/2021\/08\/6Z9A7280.jpg\",\"contentUrl\":\"https:\/\/museojudiodecordoba.org\/wp-content\/uploads\/2021\/08\/6Z9A7280.jpg\",\"width\":2500,\"height\":1902},{\"@type\":\"BreadcrumbList\",\"@id\":\"https:\/\/museojudiodecordoba.org\/linea_tiempo\/incorporacion-de-nuevo-jazan-en-la-comunidad-de-cordoba-leo-fisher\/#breadcrumb\",\"itemListElement\":[{\"@type\":\"ListItem\",\"position\":1,\"name\":\"Portada\",\"item\":\"https:\/\/museojudiodecordoba.org\/en\/\"},{\"@type\":\"ListItem\",\"position\":2,\"name\":\"Items linea del tiempo\",\"item\":\"https:\/\/museojudiodecordoba.org\/en\/linea_tiempo\/\"},{\"@type\":\"ListItem\",\"position\":3,\"name\":\"Incorporaci\u00f3n de nuevo jaz\u00e1n en la comunidad de C\u00f3rdoba: Leo Fisher\"}]},{\"@type\":\"WebSite\",\"@id\":\"https:\/\/museojudiodecordoba.org\/en\/#website\",\"url\":\"https:\/\/museojudiodecordoba.org\/en\/\",\"name\":\"MUJU\",\"description\":\"\",\"potentialAction\":[{\"@type\":\"SearchAction\",\"target\":{\"@type\":\"EntryPoint\",\"urlTemplate\":\"https:\/\/museojudiodecordoba.org\/en\/?s={search_term_string}\"},\"query-input\":\"required name=search_term_string\"}],\"inLanguage\":\"en-US\"}]}<\/script>\n<!-- \/ Yoast SEO plugin. -->","yoast_head_json":{"title":"Incorporaci\u00f3n de nuevo jaz\u00e1n en la comunidad de C\u00f3rdoba: Leo Fisher - MUJU","robots":{"index":"index","follow":"follow","max-snippet":"max-snippet:-1","max-image-preview":"max-image-preview:large","max-video-preview":"max-video-preview:-1"},"canonical":"https:\/\/museojudiodecordoba.org\/linea_tiempo\/incorporacion-de-nuevo-jazan-en-la-comunidad-de-cordoba-leo-fisher\/","og_locale":"en_US","og_type":"article","og_title":"Incorporaci\u00f3n de nuevo jaz\u00e1n en la comunidad de C\u00f3rdoba: Leo Fisher - MUJU","og_description":"[...]Read More...","og_url":"https:\/\/museojudiodecordoba.org\/linea_tiempo\/incorporacion-de-nuevo-jazan-en-la-comunidad-de-cordoba-leo-fisher\/","og_site_name":"MUJU","og_image":[{"width":2500,"height":1902,"url":"https:\/\/museojudiodecordoba.org\/wp-content\/uploads\/2021\/08\/6Z9A7280.jpg","type":"image\/jpeg"}],"twitter_card":"summary_large_image","schema":{"@context":"https:\/\/schema.org","@graph":[{"@type":"WebPage","@id":"https:\/\/museojudiodecordoba.org\/linea_tiempo\/incorporacion-de-nuevo-jazan-en-la-comunidad-de-cordoba-leo-fisher\/","url":"https:\/\/museojudiodecordoba.org\/linea_tiempo\/incorporacion-de-nuevo-jazan-en-la-comunidad-de-cordoba-leo-fisher\/","name":"Incorporaci\u00f3n de nuevo jaz\u00e1n en la comunidad de C\u00f3rdoba: Leo Fisher - MUJU","isPartOf":{"@id":"https:\/\/museojudiodecordoba.org\/en\/#website"},"primaryImageOfPage":{"@id":"https:\/\/museojudiodecordoba.org\/linea_tiempo\/incorporacion-de-nuevo-jazan-en-la-comunidad-de-cordoba-leo-fisher\/#primaryimage"},"image":{"@id":"https:\/\/museojudiodecordoba.org\/linea_tiempo\/incorporacion-de-nuevo-jazan-en-la-comunidad-de-cordoba-leo-fisher\/#primaryimage"},"thumbnailUrl":"https:\/\/museojudiodecordoba.org\/wp-content\/uploads\/2021\/08\/6Z9A7280.jpg","datePublished":"2021-08-03T18:01:18+00:00","dateModified":"2021-08-03T18:01:18+00:00","breadcrumb":{"@id":"https:\/\/museojudiodecordoba.org\/linea_tiempo\/incorporacion-de-nuevo-jazan-en-la-comunidad-de-cordoba-leo-fisher\/#breadcrumb"},"inLanguage":"en-US","potentialAction":[{"@type":"ReadAction","target":["https:\/\/museojudiodecordoba.org\/linea_tiempo\/incorporacion-de-nuevo-jazan-en-la-comunidad-de-cordoba-leo-fisher\/"]}]},{"@type":"ImageObject","inLanguage":"en-US","@id":"https:\/\/museojudiodecordoba.org\/linea_tiempo\/incorporacion-de-nuevo-jazan-en-la-comunidad-de-cordoba-leo-fisher\/#primaryimage","url":"https:\/\/museojudiodecordoba.org\/wp-content\/uploads\/2021\/08\/6Z9A7280.jpg","contentUrl":"https:\/\/museojudiodecordoba.org\/wp-content\/uploads\/2021\/08\/6Z9A7280.jpg","width":2500,"height":1902},{"@type":"BreadcrumbList","@id":"https:\/\/museojudiodecordoba.org\/linea_tiempo\/incorporacion-de-nuevo-jazan-en-la-comunidad-de-cordoba-leo-fisher\/#breadcrumb","itemListElement":[{"@type":"ListItem","position":1,"name":"Portada","item":"https:\/\/museojudiodecordoba.org\/en\/"},{"@type":"ListItem","position":2,"name":"Items linea del tiempo","item":"https:\/\/museojudiodecordoba.org\/en\/linea_tiempo\/"},{"@type":"ListItem","position":3,"name":"Incorporaci\u00f3n de nuevo jaz\u00e1n en la comunidad de C\u00f3rdoba: Leo Fisher"}]},{"@type":"WebSite","@id":"https:\/\/museojudiodecordoba.org\/en\/#website","url":"https:\/\/museojudiodecordoba.org\/en\/","name":"MUJU","description":"","potentialAction":[{"@type":"SearchAction","target":{"@type":"EntryPoint","urlTemplate":"https:\/\/museojudiodecordoba.org\/en\/?s={search_term_string}"},"query-input":"required name=search_term_string"}],"inLanguage":"en-US"}]}},"acf":{"year":"1967","end_year":"1967","display_date":"1967","headline":"Incorporaci\u00f3n de nuevo jaz\u00e1n en la comunidad de C\u00f3rdoba: Leo Fisher","text":"A partir de 1966, Leo Fisher ocup\u00f3 el cargo de Jaz\u00e1n. Fue un innovador para su \u00e9poca ya que cambiaba los rezos y daba los discursos en castellano y en hebreo. Tambi\u00e9n realiz\u00f3 la primera Bat Mitzv\u00e1 con las chicas nacidas en 1955.Ese mismo a\u00f1o se cre\u00f3 el Comit\u00e9 Regional C\u00f3rdoba de la Federaci\u00f3n de Comunidades Israelitas Argentina bajo la coordinaci\u00f2n del Centro Uni\u00f3n. Otros hitos importantes de este a\u00f1o fueron la visita de Mark Turkov y del vice intendente de Tel Aviv, la creaci\u00f3n del coro estable del Centro Uni\u00f3n, la unificaci\u00f3n de los cementerios sefarad\u00edes, la creaci\u00f3n del grupo universitario jud\u00edo de C\u00f3rdoba y la conformaci\u00f3n de la subcomisi\u00f3n de construcci\u00f3n del edificio para el colegio.","media":"http:\/\/museojudiodecordoba.org\/wp-content\/uploads\/2020\/12\/6Z9A7280.jpg"},"_links":{"self":[{"href":"https:\/\/museojudiodecordoba.org\/en\/wp-json\/wp\/v2\/ltiempo\/4169","targetHints":{"allow":["GET"]}}],"collection":[{"href":"https:\/\/museojudiodecordoba.org\/en\/wp-json\/wp\/v2\/ltiempo"}],"about":[{"href":"https:\/\/museojudiodecordoba.org\/en\/wp-json\/wp\/v2\/types\/linea_tiempo"}],"wp:featuredmedia":[{"embeddable":true,"href":"https:\/\/museojudiodecordoba.org\/en\/wp-json\/wp\/v2\/media\/4170"}],"wp:attachment":[{"href":"https:\/\/museojudiodecordoba.org\/en\/wp-json\/wp\/v2\/media?parent=4169"}],"wp:term":[{"taxonomy":"category","embeddable":true,"href":"https:\/\/museojudiodecordoba.org\/en\/wp-json\/wp\/v2\/categories?post=4169"}],"curies":[{"name":"wp","href":"https:\/\/api.w.org\/{rel}","templated":true}]}}