{"id":4171,"date":"2021-08-03T18:01:14","date_gmt":"2021-08-03T18:01:14","guid":{"rendered":"http:\/\/museojudiodecordoba.org\/?post_type=linea_tiempo&#038;p=4171"},"modified":"2021-08-03T18:01:14","modified_gmt":"2021-08-03T18:01:14","slug":"inauguracion-del-museo-judio-de-buenos-aires","status":"publish","type":"linea_tiempo","link":"https:\/\/museojudiodecordoba.org\/en\/linea_tiempo\/inauguracion-del-museo-judio-de-buenos-aires\/","title":{"rendered":"Inauguraci\u00f3n del Museo jud\u00edo de Buenos Aires"},"featured_media":4172,"template":"","meta":{"inline_featured_image":false},"categories":[204],"class_list":["post-4171","linea_tiempo","type-linea_tiempo","status-publish","has-post-thumbnail","hentry","category-204"],"yoast_head":"<!-- This site is optimized with the Yoast SEO plugin v23.3 - https:\/\/yoast.com\/wordpress\/plugins\/seo\/ -->\n<title>Inauguraci\u00f3n del Museo jud\u00edo de Buenos Aires - MUJU<\/title>\n<meta name=\"robots\" content=\"index, follow, max-snippet:-1, max-image-preview:large, max-video-preview:-1\" \/>\n<link rel=\"canonical\" href=\"https:\/\/museojudiodecordoba.org\/linea_tiempo\/inauguracion-del-museo-judio-de-buenos-aires\/\" \/>\n<meta property=\"og:locale\" content=\"en_US\" \/>\n<meta property=\"og:type\" content=\"article\" \/>\n<meta property=\"og:title\" content=\"Inauguraci\u00f3n del Museo jud\u00edo de Buenos Aires - MUJU\" \/>\n<meta property=\"og:description\" content=\"[...]Read More...\" \/>\n<meta property=\"og:url\" content=\"https:\/\/museojudiodecordoba.org\/linea_tiempo\/inauguracion-del-museo-judio-de-buenos-aires\/\" \/>\n<meta property=\"og:site_name\" content=\"MUJU\" \/>\n<meta property=\"og:image\" content=\"https:\/\/museojudiodecordoba.org\/wp-content\/uploads\/2021\/08\/1967-Museo-Bs-As.jpg\" \/>\n\t<meta property=\"og:image:width\" content=\"970\" \/>\n\t<meta property=\"og:image:height\" content=\"244\" \/>\n\t<meta property=\"og:image:type\" content=\"image\/jpeg\" \/>\n<meta name=\"twitter:card\" content=\"summary_large_image\" \/>\n<script type=\"application\/ld+json\" class=\"yoast-schema-graph\">{\"@context\":\"https:\/\/schema.org\",\"@graph\":[{\"@type\":\"WebPage\",\"@id\":\"https:\/\/museojudiodecordoba.org\/linea_tiempo\/inauguracion-del-museo-judio-de-buenos-aires\/\",\"url\":\"https:\/\/museojudiodecordoba.org\/linea_tiempo\/inauguracion-del-museo-judio-de-buenos-aires\/\",\"name\":\"Inauguraci\u00f3n del Museo jud\u00edo de Buenos Aires - MUJU\",\"isPartOf\":{\"@id\":\"https:\/\/museojudiodecordoba.org\/en\/#website\"},\"primaryImageOfPage\":{\"@id\":\"https:\/\/museojudiodecordoba.org\/linea_tiempo\/inauguracion-del-museo-judio-de-buenos-aires\/#primaryimage\"},\"image\":{\"@id\":\"https:\/\/museojudiodecordoba.org\/linea_tiempo\/inauguracion-del-museo-judio-de-buenos-aires\/#primaryimage\"},\"thumbnailUrl\":\"https:\/\/museojudiodecordoba.org\/wp-content\/uploads\/2021\/08\/1967-Museo-Bs-As.jpg\",\"datePublished\":\"2021-08-03T18:01:14+00:00\",\"dateModified\":\"2021-08-03T18:01:14+00:00\",\"breadcrumb\":{\"@id\":\"https:\/\/museojudiodecordoba.org\/linea_tiempo\/inauguracion-del-museo-judio-de-buenos-aires\/#breadcrumb\"},\"inLanguage\":\"en-US\",\"potentialAction\":[{\"@type\":\"ReadAction\",\"target\":[\"https:\/\/museojudiodecordoba.org\/linea_tiempo\/inauguracion-del-museo-judio-de-buenos-aires\/\"]}]},{\"@type\":\"ImageObject\",\"inLanguage\":\"en-US\",\"@id\":\"https:\/\/museojudiodecordoba.org\/linea_tiempo\/inauguracion-del-museo-judio-de-buenos-aires\/#primaryimage\",\"url\":\"https:\/\/museojudiodecordoba.org\/wp-content\/uploads\/2021\/08\/1967-Museo-Bs-As.jpg\",\"contentUrl\":\"https:\/\/museojudiodecordoba.org\/wp-content\/uploads\/2021\/08\/1967-Museo-Bs-As.jpg\",\"width\":970,\"height\":244},{\"@type\":\"BreadcrumbList\",\"@id\":\"https:\/\/museojudiodecordoba.org\/linea_tiempo\/inauguracion-del-museo-judio-de-buenos-aires\/#breadcrumb\",\"itemListElement\":[{\"@type\":\"ListItem\",\"position\":1,\"name\":\"Portada\",\"item\":\"https:\/\/museojudiodecordoba.org\/en\/\"},{\"@type\":\"ListItem\",\"position\":2,\"name\":\"Items linea del tiempo\",\"item\":\"https:\/\/museojudiodecordoba.org\/en\/linea_tiempo\/\"},{\"@type\":\"ListItem\",\"position\":3,\"name\":\"Inauguraci\u00f3n del Museo jud\u00edo de Buenos Aires\"}]},{\"@type\":\"WebSite\",\"@id\":\"https:\/\/museojudiodecordoba.org\/en\/#website\",\"url\":\"https:\/\/museojudiodecordoba.org\/en\/\",\"name\":\"MUJU\",\"description\":\"\",\"potentialAction\":[{\"@type\":\"SearchAction\",\"target\":{\"@type\":\"EntryPoint\",\"urlTemplate\":\"https:\/\/museojudiodecordoba.org\/en\/?s={search_term_string}\"},\"query-input\":\"required name=search_term_string\"}],\"inLanguage\":\"en-US\"}]}<\/script>\n<!-- \/ Yoast SEO plugin. -->","yoast_head_json":{"title":"Inauguraci\u00f3n del Museo jud\u00edo de Buenos Aires - MUJU","robots":{"index":"index","follow":"follow","max-snippet":"max-snippet:-1","max-image-preview":"max-image-preview:large","max-video-preview":"max-video-preview:-1"},"canonical":"https:\/\/museojudiodecordoba.org\/linea_tiempo\/inauguracion-del-museo-judio-de-buenos-aires\/","og_locale":"en_US","og_type":"article","og_title":"Inauguraci\u00f3n del Museo jud\u00edo de Buenos Aires - MUJU","og_description":"[...]Read More...","og_url":"https:\/\/museojudiodecordoba.org\/linea_tiempo\/inauguracion-del-museo-judio-de-buenos-aires\/","og_site_name":"MUJU","og_image":[{"width":970,"height":244,"url":"https:\/\/museojudiodecordoba.org\/wp-content\/uploads\/2021\/08\/1967-Museo-Bs-As.jpg","type":"image\/jpeg"}],"twitter_card":"summary_large_image","schema":{"@context":"https:\/\/schema.org","@graph":[{"@type":"WebPage","@id":"https:\/\/museojudiodecordoba.org\/linea_tiempo\/inauguracion-del-museo-judio-de-buenos-aires\/","url":"https:\/\/museojudiodecordoba.org\/linea_tiempo\/inauguracion-del-museo-judio-de-buenos-aires\/","name":"Inauguraci\u00f3n del Museo jud\u00edo de Buenos Aires - MUJU","isPartOf":{"@id":"https:\/\/museojudiodecordoba.org\/en\/#website"},"primaryImageOfPage":{"@id":"https:\/\/museojudiodecordoba.org\/linea_tiempo\/inauguracion-del-museo-judio-de-buenos-aires\/#primaryimage"},"image":{"@id":"https:\/\/museojudiodecordoba.org\/linea_tiempo\/inauguracion-del-museo-judio-de-buenos-aires\/#primaryimage"},"thumbnailUrl":"https:\/\/museojudiodecordoba.org\/wp-content\/uploads\/2021\/08\/1967-Museo-Bs-As.jpg","datePublished":"2021-08-03T18:01:14+00:00","dateModified":"2021-08-03T18:01:14+00:00","breadcrumb":{"@id":"https:\/\/museojudiodecordoba.org\/linea_tiempo\/inauguracion-del-museo-judio-de-buenos-aires\/#breadcrumb"},"inLanguage":"en-US","potentialAction":[{"@type":"ReadAction","target":["https:\/\/museojudiodecordoba.org\/linea_tiempo\/inauguracion-del-museo-judio-de-buenos-aires\/"]}]},{"@type":"ImageObject","inLanguage":"en-US","@id":"https:\/\/museojudiodecordoba.org\/linea_tiempo\/inauguracion-del-museo-judio-de-buenos-aires\/#primaryimage","url":"https:\/\/museojudiodecordoba.org\/wp-content\/uploads\/2021\/08\/1967-Museo-Bs-As.jpg","contentUrl":"https:\/\/museojudiodecordoba.org\/wp-content\/uploads\/2021\/08\/1967-Museo-Bs-As.jpg","width":970,"height":244},{"@type":"BreadcrumbList","@id":"https:\/\/museojudiodecordoba.org\/linea_tiempo\/inauguracion-del-museo-judio-de-buenos-aires\/#breadcrumb","itemListElement":[{"@type":"ListItem","position":1,"name":"Portada","item":"https:\/\/museojudiodecordoba.org\/en\/"},{"@type":"ListItem","position":2,"name":"Items linea del tiempo","item":"https:\/\/museojudiodecordoba.org\/en\/linea_tiempo\/"},{"@type":"ListItem","position":3,"name":"Inauguraci\u00f3n del Museo jud\u00edo de Buenos Aires"}]},{"@type":"WebSite","@id":"https:\/\/museojudiodecordoba.org\/en\/#website","url":"https:\/\/museojudiodecordoba.org\/en\/","name":"MUJU","description":"","potentialAction":[{"@type":"SearchAction","target":{"@type":"EntryPoint","urlTemplate":"https:\/\/museojudiodecordoba.org\/en\/?s={search_term_string}"},"query-input":"required name=search_term_string"}],"inLanguage":"en-US"}]}},"acf":{"year":"1967","end_year":"1967","display_date":"1967","headline":"Inauguraci\u00f3n del Museo jud\u00edo de Buenos Aires","text":"El Museo Jud\u00edo de Buenos Aires fue inaugurado en 1967 por iniciativa del Dr. Salvador Kibrick. Est\u00e1 situado en la calle Libertad 769, pleno centro del antiguo barrio jud\u00edo de Buenos Aires, en un edificio lindero a la Sinagoga de la Congregaci\u00f3n Israelita de la Rep\u00fablica Argentina (CIRA) declarada Monumento Hist\u00f3rico Nacional en el a\u00f1o 2000 por sus impresionantes caracter\u00edsticas arquitect\u00f3nicas.La singularidad de este Museo es relatar la historia de nuestros inmigrantes, de las colonias jud\u00edas, de nuestra tradici\u00f3n, de c\u00f3mo hicimos comunidad. Comprometidos en transmitir lo propio de nuestro pueblo y lo particular del ser jud\u00edo argentino, presentaron un recorrido interactivo a trav\u00e9s de una colecci\u00f3n permanente en constante di\u00e1logo con el presente, de este modo, crearon un enlace entre la obra y la interpretaci\u00f3n.Para entonces, 15.500 estudiantes pertenecen a la red escolar jud\u00eda del pa\u00eds.","media":"http:\/\/museojudiodecordoba.org\/wp-content\/uploads\/2020\/12\/1967-Museo-Bs-As.jpg"},"_links":{"self":[{"href":"https:\/\/museojudiodecordoba.org\/en\/wp-json\/wp\/v2\/ltiempo\/4171","targetHints":{"allow":["GET"]}}],"collection":[{"href":"https:\/\/museojudiodecordoba.org\/en\/wp-json\/wp\/v2\/ltiempo"}],"about":[{"href":"https:\/\/museojudiodecordoba.org\/en\/wp-json\/wp\/v2\/types\/linea_tiempo"}],"wp:featuredmedia":[{"embeddable":true,"href":"https:\/\/museojudiodecordoba.org\/en\/wp-json\/wp\/v2\/media\/4172"}],"wp:attachment":[{"href":"https:\/\/museojudiodecordoba.org\/en\/wp-json\/wp\/v2\/media?parent=4171"}],"wp:term":[{"taxonomy":"category","embeddable":true,"href":"https:\/\/museojudiodecordoba.org\/en\/wp-json\/wp\/v2\/categories?post=4171"}],"curies":[{"name":"wp","href":"https:\/\/api.w.org\/{rel}","templated":true}]}}