{"id":4577,"date":"2021-08-30T21:33:00","date_gmt":"2021-08-30T21:33:00","guid":{"rendered":"http:\/\/museojudiodecordoba.org\/?page_id=4577"},"modified":"2021-08-31T00:56:42","modified_gmt":"2021-08-31T00:56:42","slug":"alejandro-orchansky-zl","status":"publish","type":"page","link":"https:\/\/museojudiodecordoba.org\/en\/alejandro-orchansky-zl\/","title":{"rendered":"Alejandro Orchansky Z&#8217;L"},"content":{"rendered":"<p class=\"qtranxs-available-languages-message qtranxs-available-languages-message-en\">Sorry, this entry is only available in <a href=\"https:\/\/museojudiodecordoba.org\/es\/wp-json\/wp\/v2\/pages\/4577\" class=\"qtranxs-available-language-link qtranxs-available-language-link-es\" title=\"Espa\u00f1ol\">Espa\u00f1ol<\/a>.<\/p>","protected":false},"excerpt":{"rendered":"<p>Sorry, this entry is only available in Espa\u00f1ol. [&#8230;]<\/p>\n<p><a class=\"btn btn-secondary understrap-read-more-link\" href=\"https:\/\/museojudiodecordoba.org\/en\/alejandro-orchansky-zl\/\">Read More&#8230;<\/a><\/p>\n","protected":false},"author":2,"featured_media":0,"parent":0,"menu_order":0,"comment_status":"closed","ping_status":"closed","template":"page-orchan.php","meta":{"inline_featured_image":false,"footnotes":""},"class_list":["post-4577","page","type-page","status-publish","hentry"],"yoast_head":"<!-- This site is optimized with the Yoast SEO plugin v23.3 - https:\/\/yoast.com\/wordpress\/plugins\/seo\/ -->\n<title><\/title>\n<meta name=\"robots\" content=\"index, follow, max-snippet:-1, max-image-preview:large, max-video-preview:-1\" \/>\n<link rel=\"canonical\" href=\"https:\/\/museojudiodecordoba.org\/alejandro-orchansky-zl\/\" \/>\n<meta property=\"og:locale\" content=\"en_US\" \/>\n<meta property=\"og:type\" content=\"article\" \/>\n<meta property=\"og:title\" content=\"[:es]Alejandro Orchansky Z&#039;L[:] - MUJU\" \/>\n<meta property=\"og:description\" content=\"Sorry, this entry is only available in Espa\u00f1ol. [...]Read More...\" \/>\n<meta property=\"og:url\" content=\"https:\/\/museojudiodecordoba.org\/alejandro-orchansky-zl\/\" \/>\n<meta property=\"og:site_name\" content=\"MUJU\" \/>\n<meta property=\"article:modified_time\" content=\"2021-08-31T00:56:42+00:00\" \/>\n<meta name=\"twitter:card\" content=\"summary_large_image\" \/>\n<meta name=\"twitter:label1\" content=\"Est. reading time\" \/>\n\t<meta name=\"twitter:data1\" content=\"1 minute\" \/>\n<script type=\"application\/ld+json\" class=\"yoast-schema-graph\">{\"@context\":\"https:\/\/schema.org\",\"@graph\":[{\"@type\":\"WebPage\",\"@id\":\"https:\/\/museojudiodecordoba.org\/alejandro-orchansky-zl\/\",\"url\":\"https:\/\/museojudiodecordoba.org\/alejandro-orchansky-zl\/\",\"name\":\"[:es]Alejandro Orchansky Z'L[:] - MUJU\",\"isPartOf\":{\"@id\":\"https:\/\/museojudiodecordoba.org\/en\/#website\"},\"datePublished\":\"2021-08-30T21:33:00+00:00\",\"dateModified\":\"2021-08-31T00:56:42+00:00\",\"breadcrumb\":{\"@id\":\"https:\/\/museojudiodecordoba.org\/alejandro-orchansky-zl\/#breadcrumb\"},\"inLanguage\":\"en-US\",\"potentialAction\":[{\"@type\":\"ReadAction\",\"target\":[\"https:\/\/museojudiodecordoba.org\/alejandro-orchansky-zl\/\"]}]},{\"@type\":\"BreadcrumbList\",\"@id\":\"https:\/\/museojudiodecordoba.org\/alejandro-orchansky-zl\/#breadcrumb\",\"itemListElement\":[{\"@type\":\"ListItem\",\"position\":1,\"name\":\"Portada\",\"item\":\"https:\/\/museojudiodecordoba.org\/en\/\"},{\"@type\":\"ListItem\",\"position\":2,\"name\":\"Alejandro Orchansky Z&#8217;L\"}]},{\"@type\":\"WebSite\",\"@id\":\"https:\/\/museojudiodecordoba.org\/en\/#website\",\"url\":\"https:\/\/museojudiodecordoba.org\/en\/\",\"name\":\"MUJU\",\"description\":\"\",\"potentialAction\":[{\"@type\":\"SearchAction\",\"target\":{\"@type\":\"EntryPoint\",\"urlTemplate\":\"https:\/\/museojudiodecordoba.org\/en\/?s={search_term_string}\"},\"query-input\":\"required name=search_term_string\"}],\"inLanguage\":\"en-US\"}]}<\/script>\n<!-- \/ Yoast SEO plugin. -->","yoast_head_json":{"title":"[:es]Alejandro Orchansky Z'L[:] - MUJU","robots":{"index":"index","follow":"follow","max-snippet":"max-snippet:-1","max-image-preview":"max-image-preview:large","max-video-preview":"max-video-preview:-1"},"canonical":"https:\/\/museojudiodecordoba.org\/alejandro-orchansky-zl\/","og_locale":"en_US","og_type":"article","og_title":"[:es]Alejandro Orchansky Z'L[:] - MUJU","og_description":"Sorry, this entry is only available in Espa\u00f1ol. [...]Read More...","og_url":"https:\/\/museojudiodecordoba.org\/alejandro-orchansky-zl\/","og_site_name":"MUJU","article_modified_time":"2021-08-31T00:56:42+00:00","twitter_card":"summary_large_image","twitter_misc":{"Est. reading time":"1 minute"},"schema":{"@context":"https:\/\/schema.org","@graph":[{"@type":"WebPage","@id":"https:\/\/museojudiodecordoba.org\/alejandro-orchansky-zl\/","url":"https:\/\/museojudiodecordoba.org\/alejandro-orchansky-zl\/","name":"[:es]Alejandro Orchansky Z'L[:] - MUJU","isPartOf":{"@id":"https:\/\/museojudiodecordoba.org\/en\/#website"},"datePublished":"2021-08-30T21:33:00+00:00","dateModified":"2021-08-31T00:56:42+00:00","breadcrumb":{"@id":"https:\/\/museojudiodecordoba.org\/alejandro-orchansky-zl\/#breadcrumb"},"inLanguage":"en-US","potentialAction":[{"@type":"ReadAction","target":["https:\/\/museojudiodecordoba.org\/alejandro-orchansky-zl\/"]}]},{"@type":"BreadcrumbList","@id":"https:\/\/museojudiodecordoba.org\/alejandro-orchansky-zl\/#breadcrumb","itemListElement":[{"@type":"ListItem","position":1,"name":"Portada","item":"https:\/\/museojudiodecordoba.org\/en\/"},{"@type":"ListItem","position":2,"name":"Alejandro Orchansky Z&#8217;L"}]},{"@type":"WebSite","@id":"https:\/\/museojudiodecordoba.org\/en\/#website","url":"https:\/\/museojudiodecordoba.org\/en\/","name":"MUJU","description":"","potentialAction":[{"@type":"SearchAction","target":{"@type":"EntryPoint","urlTemplate":"https:\/\/museojudiodecordoba.org\/en\/?s={search_term_string}"},"query-input":"required name=search_term_string"}],"inLanguage":"en-US"}]}},"acf":{"contenido_despues_de_cabecera":"<p>Nuestro querido Alejandro Orchansky (z\u00b4l) falleci\u00f3 a los 72 a\u00f1os en abril de 2018. Un a\u00f1o antes, desde el Centro Uni\u00f3n Israelita le hab\u00edamos realizado un reportaje como parte de una secci\u00f3n llamada \u201cPersonajes de nuestra historia\u201d. Vayan esos p\u00e1rrafos como testimonio de gratitud por su obra en pos de la comunidad jud\u00eda y del v\u00ednculo del Estado de Israel y la Rep\u00fablica Argentina.<\/p>\n<p><img loading=\"lazy\" decoding=\"async\" class=\"alignnone  wp-image-4583\" src=\"http:\/\/museojudiodecordoba.org\/wp-content\/uploads\/2021\/08\/AO1-300x225.jpg\" alt=\"\" width=\"479\" height=\"359\" srcset=\"https:\/\/museojudiodecordoba.org\/wp-content\/uploads\/2021\/08\/AO1-300x225.jpg 300w, https:\/\/museojudiodecordoba.org\/wp-content\/uploads\/2021\/08\/AO1.jpg 520w\" sizes=\"auto, (max-width: 479px) 100vw, 479px\" \/><\/p>\n<p>ENTREVISTA:<\/p>\n<p><strong>\u00bfC\u00f3mo record\u00e1s las d\u00e9cadas previas a ser nombrado C\u00f3nsul Honorario? \u00bfC\u00f3mo te desenvolv\u00edas en la Kehil\u00e1?<\/strong><\/p>\n<p>\u201cDesde chico, de adolescente, activaba mucho en lo que era Sociedad Hebraica de C\u00f3rdoba y el carnet de socio m\u00edo, no recuerdo el n\u00famero, pero debe ser uno de los m\u00e1s antiguos sin dudas. Particip\u00e9 en muchas actividades, recuerdo organizar rifas muy importantes para aquellos a\u00f1os, realizar tareas de socorrista en un incidente con un incendio que se dio una vez durante la presentaci\u00f3n de un artista pl\u00e1stico; eso me qued\u00f3 muy grabado. Luego, me involucr\u00e9 en la Comisi\u00f3n directiva de la sociedad, que era en ese entonces la instituci\u00f3n que me cobijaba. M\u00e1s adelante, recuerdo que en los a\u00f1os 1962 y 1963 fui conductor, redactor y locutor de un programa en Radio Municipal que se llamaba \u201cVoz Hebrea\u201d junto a otro amigo, Manolo Zelerkraut; esa fue una experiencia muy enriquecedora, y luego cuando fui a Israel a estudiar por 2 a\u00f1os, grab\u00e9 un par de programas en \u201cKol Israel\u201d que se difundieron en Am\u00e9rica Latina. Trabaj\u00e9 en CUJA, llegu\u00e9 a ser Presidente; en el Centro Uni\u00f3n Israelita fui secretario algunos a\u00f1os. Tambi\u00e9n siendo adolescente, comenc\u00e9 con tareas en DAIA, porque quer\u00edan incorporar gente joven, y me incluyeron como Vice-Presidente; ese mismo a\u00f1o, renunci\u00f3 el presidente y yo tuve que hacerme cargo; me mantuve durante 3 per\u00edodos, incluida una \u00e9poca muy dif\u00edcil, la del Proceso Militar.\u201d<\/p>\n<p><strong>\u00bfQu\u00e9 comenz\u00f3 a acercarte al consulado?<\/strong><\/p>\n<p>\u201cEn el a\u00f1o 1975 estaba como Embajador de Israel un gran y excelente diplom\u00e1tico, Itzjak Sheffi. \u00c9l me hab\u00eda escuchado decir que cuando terminara mis actividades en DAIA, me tomar\u00eda vacaciones comunitarias, porque desde muy chico activaba y trabajaba. En una ocasi\u00f3n, me llam\u00f3 desde Buenos Aires para comentarme que recordaba lo que yo hab\u00eda dicho, pero que ten\u00eda malas noticias para m\u00ed, porque el Gobierno de Israel no me quer\u00eda consultar si yo quer\u00eda encabezar el consulado, sino que simplemente me transmit\u00eda que ya me hab\u00edan designado en mi nueva funci\u00f3n. Y as\u00ed comenz\u00f3 mi actividad como C\u00f3nsul Honorario, una labor intensa e interesante. Cabe aclarar que un Consul Honorario no es funcionario del pa\u00eds que representa, no es empleado de ese Estado, por ende no tiene una retribuci\u00f3n econ\u00f3mica; la representaci\u00f3n es por honor, es uno quien se hace cargo de las inversiones en el consulado y del tiempo que requiere. Para m\u00ed, es un inmenso orgullo y satisfacci\u00f3n, especialmente porque mi padre naci\u00f3 en Jerusalem, que en ese entonces era Palestina, y representar al pa\u00eds que lo vio nacer, significa un honor muy grande.\u201d<\/p>\n<p><img loading=\"lazy\" decoding=\"async\" class=\"alignnone  wp-image-4585\" src=\"http:\/\/museojudiodecordoba.org\/wp-content\/uploads\/2021\/08\/AO2-300x200.jpg\" alt=\"\" width=\"504\" height=\"336\" srcset=\"https:\/\/museojudiodecordoba.org\/wp-content\/uploads\/2021\/08\/AO2-300x200.jpg 300w, https:\/\/museojudiodecordoba.org\/wp-content\/uploads\/2021\/08\/AO2.jpg 709w\" sizes=\"auto, (max-width: 504px) 100vw, 504px\" \/><\/p>\n<p><strong>\u00bfQu\u00e9 hace que una persona sea tan activa comunitariamente? \u00bfPor qu\u00e9 crees que el Estado de Israel se fij\u00f3 en tu persona para ese cargo?<\/strong><\/p>\n<p>\u201cSiempre me atrajo y me gust\u00f3 la participaci\u00f3n comunitaria. Siento que, al formar parte de la comunidad, debo dar algo, apoyar, ayudar, acompa\u00f1ar, y eso no se hace en forma pasiva, sino de manera activa. Y hasta el d\u00eda de hoy, yo repito siempre a todos los miembros de la comunidad el grado de importancia que tiene la participaci\u00f3n, hacer lo que se pueda desde el lugar en que se pueda. Nadie puede pretender que trabajen s\u00f3lo los otros, la vida de cada uno depende de la comunidad en la que se est\u00e9, y nadie puede sentirse exento de ello ni sentirse completamente jud\u00edo si no hay una participaci\u00f3n en la Kehil\u00e1. En cuanto a la elecci\u00f3n de Israel respecto de mi cargo, yo siempre lo consider\u00e9 de gran importancia, representar a Israel para un jud\u00edo, es una de las satisfacciones m\u00e1s grandes que pueden existir, y tambi\u00e9n de las m\u00e1s necesarias; se ve que los israel\u00edes tambi\u00e9n se equivocan y me eligieron a m\u00ed (risas); ya van varias d\u00e9cadas y el honor es incomparable. Al principio, me resist\u00ed, cre\u00eda que la labor implicaba mucho m\u00e1s de lo que yo pod\u00eda ofrecer, pero recuerdo que el Embajador Sheffi fue quien me impuls\u00f3 a aceptarla.\u201d<\/p>\n<p><strong>\u00bfCu\u00e1l es la tarea que te asignaron cuando fuiste designado?<\/strong><\/p>\n<p>\u201cMe dijeron que, lo m\u00ednimo, es que Israel est\u00e9 presente en C\u00f3rdoba, pero no s\u00f3lo en participaci\u00f3n en actos o actividades, sino que se sienta la presencia de Israel en nuestra provincia, y luego tambi\u00e9n se sumaron Santa Fe y Tucum\u00e1n. Y de all\u00ed, para arriba, al margen de mantener esa presencia, todo depend\u00eda de lo que yo pudiera dar, de mi esfuerzo. Desde ese momento, siempre intent\u00e9 que Israel se ubique como uno de los consulados m\u00e1s activos en C\u00f3rdoba. Con satisfacci\u00f3n y con humildad, puedo decir que, afortunadamente, eso se ha logrado. Israel hoy es uno de los pa\u00edses que m\u00e1s presencia tienen en C\u00f3rdoba, Santa Fe y Tucum\u00e1n. En la actualidad, y por iniciativa del Ministerio de Relaciones Exteriores de Israel, se cre\u00f3 una Asociaci\u00f3n de C\u00f3nsules Honorarios de Israel, y tengo el agrado tambi\u00e9n de ser el Presidente de esa asociaci\u00f3n, ya por m\u00e1s de 10 a\u00f1os.\u201d<\/p>\n<p><strong>\u00bfRecord\u00e1s las actividades m\u00e1s importantes realizadas en estas d\u00e9cadas?<\/strong><\/p>\n<p>\u201cSon numerosas. Voy a resumir s\u00f3lo algunas que me gustar\u00eda destacar: realizamos viajes a Israel con funcionarios, gobernadores, intendentes, y cada uno de estos emprendimientos tuvo resultados sumamente positivos. Acompa\u00f1\u00e9 a un gobernador dos veces a Estados Unidos con el objetivo de vincularlo con instituciones jud\u00edas de ese pa\u00eds. Organizamos un viaje a Israel de magistrados, jueces, miembros de Cortes y Tribunales Superiores de 6 provincias diferentes. Tenemos diversas misiones comerciales y empresariales realizadas a Israel; hoy nuestra Medin\u00e1, en las 3 provincias que est\u00e1n bajo nuestro consulado, es un referente a imitar en cuestiones de tecnolog\u00eda, medicina, educaci\u00f3n. Uno de los grandes orgullos del consulado fue haber obtenido la visita a C\u00f3rdoba de Shimon Peres, cuando resultaba algo casi imposible porque no es com\u00fan que ese tipo de personalidades visiten ciudades que no son capitales de sus pa\u00edses; uno de los que me apoy\u00f3 para lograr esta visita fue el actual Rector de la UNC, Hugo Juri, en aquel entonces Vicerrector. Tuve la oportunidad de propiciar la firma del convenio de cooperaci\u00f3n entre la Universidad Nacional de C\u00f3rdoba y la Universidad Hebrea de Jerusalem, que me hubiera gustado que se desarrolle a\u00fan m\u00e1s, pero esa obtenci\u00f3n fue un gran logro.\u201d<\/p>\n<p><img loading=\"lazy\" decoding=\"async\" class=\"alignnone  wp-image-4586\" src=\"http:\/\/museojudiodecordoba.org\/wp-content\/uploads\/2021\/08\/AOfoto4-300x150.jpg\" alt=\"\" width=\"496\" height=\"248\" srcset=\"https:\/\/museojudiodecordoba.org\/wp-content\/uploads\/2021\/08\/AOfoto4-300x150.jpg 300w, https:\/\/museojudiodecordoba.org\/wp-content\/uploads\/2021\/08\/AOfoto4.jpg 750w\" sizes=\"auto, (max-width: 496px) 100vw, 496px\" \/><\/p>\n<p><strong>Tambi\u00e9n tienen una gran participaci\u00f3n en aspectos educativos, \u00bfVerdad?<\/strong><\/p>\n<p>\u201cSi, mucha participaci\u00f3n. Realizamos la instalaci\u00f3n de un software educativo israel\u00ed en 210 escuelas, en otra de las grandes tareas del consulado. Junto al Ministerio de Relaciones Exteriores de Israel, participamos en un proyecto anual que implica el dictado de cursos en diferentes instituciones israel\u00edes, para los cuales se otorgan becas destinadas a jud\u00edos de todo el mundo, y con un inmenso orgullo, tengo que decir que, desde nuestra provincia, ya han viajado unos 200 cordobeses para participar de estos espacios de aprendizaje avanzado. Nosotros recibimos las postulaciones, realizamos las entrevistas con el candidato, y nos encargamos de administrar toda la documentaci\u00f3n que se requiere. Debo decir que todos los que han participado de esta experiencia, son extraordinarios embajadores de Israel una vez que regresan a nuestra provincia. Vuelven maravillados con lo que conocieron, y nosotros nos encargamos de realizar un seguimiento en ellos para que apliquen en su vida diaria lo que aprendieron durante su estad\u00eda en nuestra Medin\u00e1. Conseguimos que j\u00f3venes de nuestra comunidad se interesen y formen parte de la OAJNU (Organizaci\u00f3n Argentina de J\u00f3venes para las Naciones Unidas), e incluso el grupo que nos represent\u00f3 sea distinguido como el mejor en su participaci\u00f3n en la asamblea en conjunto con otros pa\u00edses. Poder sembrar estas semillas a trav\u00e9s del consulado, ser parte del destino de muchos j\u00f3venes, me brinda una inmensa satisfacci\u00f3n.\u201d<\/p>\n<p><strong>\u00bfY en cuestiones culturales?<\/strong><\/p>\n<p>\u201cTambi\u00e9n es un aspecto esencial. Trajimos al grupo Mayumana por ejemplo. Conseguimos la visita, en tres oportunidades, de la Orquesta Filarm\u00f3nica de Israel, dirigida por Zubin Mehta, con una presentaci\u00f3n el a\u00f1o pasado sin ir m\u00e1s lejos; es un gran trabajo, ya que se trata de cientos de personas y muchas cuestiones operativas que realizamos con \u00e9xito.\u201d<\/p>\n<p><strong>\u00bfC\u00f3mo influyen todos estos nexos que realiza el Consulado con el Estado de Israel?<\/strong><\/p>\n<p>\u201cSon altamente satisfactorios. Yo siempre digo que la mejor publicidad que podemos hacer es conseguir que alguien visite Israel. Podr\u00e1 no volver totalmente enamorado, pero s\u00ed con un gran conocimiento de la realidad, frente a toda la de-formaci\u00f3n informativa que tenemos que enfrentar a diario. Repito, cada vez que alguien conoce Israel, vuelve maravillado.\u201d<\/p>\n<p><strong>\u00bfY qui\u00e9n es Alejandro Orchansky, pero en su otra faceta, la que desconocemos m\u00e1s, la de la vida personal, familiar, social?<\/strong><\/p>\n<p>\u201cRecuerdo mi infancia como una etapa realmente feliz, asist\u00ed siempre a colegios p\u00fablicos, como se acostumbraba en esa \u00e9poca. Mi mam\u00e1 era profesora en dos colegios, y mi pap\u00e1, abogado; como dije antes, \u00e9l vino desde Palestina en 1920, y siempre pregonaba que \u00e9l hab\u00eda nacido en Jerusalem e insist\u00eda permanentemente con propiciar la difusi\u00f3n y el conocimiento de la tierra de sus or\u00edgenes. Siempre estuve cerca de instituciones jud\u00edas, en mi hogar se viv\u00eda el juda\u00edsmo, quiz\u00e1s no a nivel de religiosidad, pero s\u00ed desde el aspecto de la tradici\u00f3n; mi padre inicialmente vivi\u00f3 en R\u00edo Cuarto, y cuando lleg\u00f3 su etapa universitaria, se traslad\u00f3 a C\u00f3rdoba. Esa manera de vivir el juda\u00edsmo siempre fue un estandarte en mi familia, y esto continu\u00f3 luego en relaci\u00f3n a mis 4 hijos, todos j\u00f3venes pero cada uno con sus rumbos iniciados, algunos en otros lugares del mundo, pero siempre muy orgullosos de hallarse cercanos a Israel de alguna manera. Y esto, a su vez, ellos lo transmiten a sus hijos. Es muy interesante ver como se van fructificando esas peque\u00f1as semillitas que uno recibi\u00f3 y que logr\u00f3 transmitir. La escuela es fundamental para sentar bases, pero nada de eso se logra si no hay transmisi\u00f3n en el hogar; all\u00ed es donde las semillas germinan, cuando el ni\u00f1o ve en sus padres una proximidad con el Estado de Israel, entonces la transmisi\u00f3n se logra.\u201d<\/p>\n<p><strong>Por \u00faltimo, \u00bfQu\u00e9 mensaje dejar\u00edas para los miembros de nuestra Kehil\u00e1?<\/strong><\/p>\n<p>\u201cCelebro las caracter\u00edsticas de la comunidad de C\u00f3rdoba, en cuanto a las tareas que realiza. Una de mis aspiraciones es que la actividad comunitaria genere el acercamiento de aquellos que hoy no est\u00e1n tan cerca por diferentes razones, no siempre porque no quieran, sino tal vez porque a\u00fan no se los invit\u00f3, o porque simplemente no se dieron las circunstancias. Reitero, la vida comunitaria es la que permiti\u00f3 que el pueblo jud\u00edo transcurriera miles de a\u00f1os en su desarrollo y todav\u00eda pueda llamarse pueblo. Al d\u00eda de hoy, este aspecto comunitario del juda\u00edsmo, aggiornado, actualizado, debe practicarse en conjunto, y por todos. La tarea no es s\u00f3lo de dirigentes, maestros o referentes; la responsabilidad es de cada uno. Formar parte de una comunidad es vital, para la comunidad en s\u00ed misma, y para cada uno de sus miembros, es una retroalimentaci\u00f3n de ida y vuelta. Y en ese aspecto, estar cerca de Israel da mucha fuerza, otorga una gran cantidad de elementos y argumentos, y all\u00ed el Consulado se ofrece para ayudar en todo lo que sea necesario.\u201d<\/p>\n<p><img loading=\"lazy\" decoding=\"async\" class=\"alignnone  wp-image-4587\" src=\"http:\/\/museojudiodecordoba.org\/wp-content\/uploads\/2021\/08\/AOfoto3-300x200.jpeg\" alt=\"\" width=\"530\" height=\"353\" srcset=\"https:\/\/museojudiodecordoba.org\/wp-content\/uploads\/2021\/08\/AOfoto3-300x200.jpeg 300w, https:\/\/museojudiodecordoba.org\/wp-content\/uploads\/2021\/08\/AOfoto3-768x512.jpeg 768w, https:\/\/museojudiodecordoba.org\/wp-content\/uploads\/2021\/08\/AOfoto3.jpeg 848w\" sizes=\"auto, (max-width: 530px) 100vw, 530px\" \/><\/p>\n","headerWithImage":false,"foto_de_fondo_para_cabecera":false,"colorCabeceraDePagina":"#5fcded"},"_links":{"self":[{"href":"https:\/\/museojudiodecordoba.org\/en\/wp-json\/wp\/v2\/pages\/4577","targetHints":{"allow":["GET"]}}],"collection":[{"href":"https:\/\/museojudiodecordoba.org\/en\/wp-json\/wp\/v2\/pages"}],"about":[{"href":"https:\/\/museojudiodecordoba.org\/en\/wp-json\/wp\/v2\/types\/page"}],"author":[{"embeddable":true,"href":"https:\/\/museojudiodecordoba.org\/en\/wp-json\/wp\/v2\/users\/2"}],"replies":[{"embeddable":true,"href":"https:\/\/museojudiodecordoba.org\/en\/wp-json\/wp\/v2\/comments?post=4577"}],"version-history":[{"count":5,"href":"https:\/\/museojudiodecordoba.org\/en\/wp-json\/wp\/v2\/pages\/4577\/revisions"}],"predecessor-version":[{"id":4589,"href":"https:\/\/museojudiodecordoba.org\/en\/wp-json\/wp\/v2\/pages\/4577\/revisions\/4589"}],"wp:attachment":[{"href":"https:\/\/museojudiodecordoba.org\/en\/wp-json\/wp\/v2\/media?parent=4577"}],"curies":[{"name":"wp","href":"https:\/\/api.w.org\/{rel}","templated":true}]}}