{"version":"1.0","provider_name":"MUJU","provider_url":"https:\/\/museojudiodecordoba.org\/iw","author_name":"muju muju","author_url":"https:\/\/museojudiodecordoba.org\/iw\/author\/muju\/","title":"[:es]Escuela Israelita General San Mart\u00edn. En la foto: Lic. Ana Glaser, Claudio Epelman y Mora Mery Mesch de Chami, entre otros.[:iw]Escuela Israelita General San Mart\u00edn. Inauguraci\u00f3n de biblioteca. Fines de a\u00f1os '90. Ana Glaser, Luis Klinger, Susana Finkelstein, Mat\u00edas Halac, Ruth Nahum, Claudio Epelman, Mor\u00e1 Mery Chami, Ing Gelber, Dora Majlis.[:] - MUJU","type":"rich","width":600,"height":338,"html":"<blockquote class=\"wp-embedded-content\" data-secret=\"ROQxpAM3UE\"><a href=\"https:\/\/museojudiodecordoba.org\/iw\/archivo\/escuela-israelita-general-san-martin-4\/\">Escuela Israelita General San Mart\u00edn. Inauguraci\u00f3n de biblioteca. Fines de a\u00f1os &#8217;90. Ana Glaser, Luis Klinger, Susana Finkelstein, Mat\u00edas Halac, Ruth Nahum, Claudio Epelman, Mor\u00e1 Mery Chami, Ing Gelber, Dora Majlis.<\/a><\/blockquote><iframe sandbox=\"allow-scripts\" security=\"restricted\" src=\"https:\/\/museojudiodecordoba.org\/iw\/archivo\/escuela-israelita-general-san-martin-4\/embed\/#?secret=ROQxpAM3UE\" width=\"600\" height=\"338\" title=\"&#8220;Escuela Israelita General San Mart\u00edn. Inauguraci\u00f3n de biblioteca. Fines de a\u00f1os &#8217;90. Ana Glaser, Luis Klinger, Susana Finkelstein, Mat\u00edas Halac, Ruth Nahum, Claudio Epelman, Mor\u00e1 Mery Chami, Ing Gelber, Dora Majlis.&#8221; &#8212; MUJU\" data-secret=\"ROQxpAM3UE\" frameborder=\"0\" marginwidth=\"0\" marginheight=\"0\" scrolling=\"no\" class=\"wp-embedded-content\"><\/iframe><script>\n\/*! This file is auto-generated *\/\n!function(d,l){\"use strict\";l.querySelector&&d.addEventListener&&\"undefined\"!=typeof URL&&(d.wp=d.wp||{},d.wp.receiveEmbedMessage||(d.wp.receiveEmbedMessage=function(e){var t=e.data;if((t||t.secret||t.message||t.value)&&!\/[^a-zA-Z0-9]\/.test(t.secret)){for(var s,r,n,a=l.querySelectorAll('iframe[data-secret=\"'+t.secret+'\"]'),o=l.querySelectorAll('blockquote[data-secret=\"'+t.secret+'\"]'),c=new RegExp(\"^https?:$\",\"i\"),i=0;i<o.length;i++)o[i].style.display=\"none\";for(i=0;i<a.length;i++)s=a[i],e.source===s.contentWindow&&(s.removeAttribute(\"style\"),\"height\"===t.message?(1e3<(r=parseInt(t.value,10))?r=1e3:~~r<200&&(r=200),s.height=r):\"link\"===t.message&&(r=new URL(s.getAttribute(\"src\")),n=new URL(t.value),c.test(n.protocol))&&n.host===r.host&&l.activeElement===s&&(d.top.location.href=t.value))}},d.addEventListener(\"message\",d.wp.receiveEmbedMessage,!1),l.addEventListener(\"DOMContentLoaded\",function(){for(var e,t,s=l.querySelectorAll(\"iframe.wp-embedded-content\"),r=0;r<s.length;r++)(t=(e=s[r]).getAttribute(\"data-secret\"))||(t=Math.random().toString(36).substring(2,12),e.src+=\"#?secret=\"+t,e.setAttribute(\"data-secret\",t)),e.contentWindow.postMessage({message:\"ready\",secret:t},\"*\")},!1)))}(window,document);\n\/\/# sourceURL=https:\/\/museojudiodecordoba.org\/wp-includes\/js\/wp-embed.min.js\n<\/script>\n","thumbnail_url":"https:\/\/museojudiodecordoba.org\/wp-content\/uploads\/2020\/10\/Escuela-Israelita-General-San-Marti\u0301n.jpg","thumbnail_width":1600,"thumbnail_height":1124,"description":"[...]Read More..."}