{"id":3802,"date":"2021-08-03T17:57:36","date_gmt":"2021-08-03T17:57:36","guid":{"rendered":"http:\/\/museojudiodecordoba.org\/?post_type=linea_tiempo&#038;p=3802"},"modified":"2021-08-03T17:58:01","modified_gmt":"2021-08-03T17:58:01","slug":"primeras-ocho-familias-judias-de-cordoba","status":"publish","type":"linea_tiempo","link":"https:\/\/museojudiodecordoba.org\/iw\/linea_tiempo\/primeras-ocho-familias-judias-de-cordoba\/","title":{"rendered":"Primeras ocho familias jud\u00edas de C\u00f3rdoba"},"featured_media":3803,"template":"","meta":{"inline_featured_image":false},"categories":[198],"class_list":["post-3802","linea_tiempo","type-linea_tiempo","status-publish","has-post-thumbnail","hentry","category-198"],"yoast_head":"<!-- This site is optimized with the Yoast SEO plugin v23.3 - https:\/\/yoast.com\/wordpress\/plugins\/seo\/ -->\n<title>Primeras ocho familias jud\u00edas de C\u00f3rdoba - MUJU<\/title>\n<meta name=\"robots\" content=\"index, follow, max-snippet:-1, max-image-preview:large, max-video-preview:-1\" \/>\n<link rel=\"canonical\" href=\"https:\/\/museojudiodecordoba.org\/linea_tiempo\/primeras-ocho-familias-judias-de-cordoba\/\" \/>\n<meta property=\"og:locale\" content=\"en_US\" \/>\n<meta property=\"og:type\" content=\"article\" \/>\n<meta property=\"og:title\" content=\"Primeras ocho familias jud\u00edas de C\u00f3rdoba - MUJU\" \/>\n<meta property=\"og:description\" content=\"[...]Read More...\" \/>\n<meta property=\"og:url\" content=\"https:\/\/museojudiodecordoba.org\/linea_tiempo\/primeras-ocho-familias-judias-de-cordoba\/\" \/>\n<meta property=\"og:site_name\" content=\"MUJU\" \/>\n<meta property=\"article:modified_time\" content=\"2021-08-03T17:58:01+00:00\" \/>\n<meta property=\"og:image\" content=\"https:\/\/museojudiodecordoba.org\/wp-content\/uploads\/2021\/08\/1890A-2.jpg\" \/>\n\t<meta property=\"og:image:width\" content=\"1875\" \/>\n\t<meta property=\"og:image:height\" content=\"2500\" \/>\n\t<meta property=\"og:image:type\" content=\"image\/jpeg\" \/>\n<meta name=\"twitter:card\" content=\"summary_large_image\" \/>\n<script type=\"application\/ld+json\" class=\"yoast-schema-graph\">{\"@context\":\"https:\/\/schema.org\",\"@graph\":[{\"@type\":\"WebPage\",\"@id\":\"https:\/\/museojudiodecordoba.org\/linea_tiempo\/primeras-ocho-familias-judias-de-cordoba\/\",\"url\":\"https:\/\/museojudiodecordoba.org\/linea_tiempo\/primeras-ocho-familias-judias-de-cordoba\/\",\"name\":\"Primeras ocho familias jud\u00edas de C\u00f3rdoba - MUJU\",\"isPartOf\":{\"@id\":\"https:\/\/museojudiodecordoba.org\/en\/#website\"},\"primaryImageOfPage\":{\"@id\":\"https:\/\/museojudiodecordoba.org\/linea_tiempo\/primeras-ocho-familias-judias-de-cordoba\/#primaryimage\"},\"image\":{\"@id\":\"https:\/\/museojudiodecordoba.org\/linea_tiempo\/primeras-ocho-familias-judias-de-cordoba\/#primaryimage\"},\"thumbnailUrl\":\"https:\/\/museojudiodecordoba.org\/wp-content\/uploads\/2021\/08\/1890A-2.jpg\",\"datePublished\":\"2021-08-03T17:57:36+00:00\",\"dateModified\":\"2021-08-03T17:58:01+00:00\",\"breadcrumb\":{\"@id\":\"https:\/\/museojudiodecordoba.org\/linea_tiempo\/primeras-ocho-familias-judias-de-cordoba\/#breadcrumb\"},\"inLanguage\":\"iw-IL\",\"potentialAction\":[{\"@type\":\"ReadAction\",\"target\":[\"https:\/\/museojudiodecordoba.org\/linea_tiempo\/primeras-ocho-familias-judias-de-cordoba\/\"]}]},{\"@type\":\"ImageObject\",\"inLanguage\":\"iw-IL\",\"@id\":\"https:\/\/museojudiodecordoba.org\/linea_tiempo\/primeras-ocho-familias-judias-de-cordoba\/#primaryimage\",\"url\":\"https:\/\/museojudiodecordoba.org\/wp-content\/uploads\/2021\/08\/1890A-2.jpg\",\"contentUrl\":\"https:\/\/museojudiodecordoba.org\/wp-content\/uploads\/2021\/08\/1890A-2.jpg\",\"width\":1875,\"height\":2500},{\"@type\":\"BreadcrumbList\",\"@id\":\"https:\/\/museojudiodecordoba.org\/linea_tiempo\/primeras-ocho-familias-judias-de-cordoba\/#breadcrumb\",\"itemListElement\":[{\"@type\":\"ListItem\",\"position\":1,\"name\":\"Portada\",\"item\":\"https:\/\/museojudiodecordoba.org\/en\/\"},{\"@type\":\"ListItem\",\"position\":2,\"name\":\"Items linea del tiempo\",\"item\":\"https:\/\/museojudiodecordoba.org\/en\/linea_tiempo\/\"},{\"@type\":\"ListItem\",\"position\":3,\"name\":\"Primeras ocho familias jud\u00edas de C\u00f3rdoba\"}]},{\"@type\":\"WebSite\",\"@id\":\"https:\/\/museojudiodecordoba.org\/en\/#website\",\"url\":\"https:\/\/museojudiodecordoba.org\/en\/\",\"name\":\"MUJU\",\"description\":\"\",\"potentialAction\":[{\"@type\":\"SearchAction\",\"target\":{\"@type\":\"EntryPoint\",\"urlTemplate\":\"https:\/\/museojudiodecordoba.org\/en\/?s={search_term_string}\"},\"query-input\":\"required name=search_term_string\"}],\"inLanguage\":\"iw-IL\"}]}<\/script>\n<!-- \/ Yoast SEO plugin. -->","yoast_head_json":{"title":"Primeras ocho familias jud\u00edas de C\u00f3rdoba - MUJU","robots":{"index":"index","follow":"follow","max-snippet":"max-snippet:-1","max-image-preview":"max-image-preview:large","max-video-preview":"max-video-preview:-1"},"canonical":"https:\/\/museojudiodecordoba.org\/linea_tiempo\/primeras-ocho-familias-judias-de-cordoba\/","og_locale":"en_US","og_type":"article","og_title":"Primeras ocho familias jud\u00edas de C\u00f3rdoba - MUJU","og_description":"[...]Read More...","og_url":"https:\/\/museojudiodecordoba.org\/linea_tiempo\/primeras-ocho-familias-judias-de-cordoba\/","og_site_name":"MUJU","article_modified_time":"2021-08-03T17:58:01+00:00","og_image":[{"width":1875,"height":2500,"url":"https:\/\/museojudiodecordoba.org\/wp-content\/uploads\/2021\/08\/1890A-2.jpg","type":"image\/jpeg"}],"twitter_card":"summary_large_image","schema":{"@context":"https:\/\/schema.org","@graph":[{"@type":"WebPage","@id":"https:\/\/museojudiodecordoba.org\/linea_tiempo\/primeras-ocho-familias-judias-de-cordoba\/","url":"https:\/\/museojudiodecordoba.org\/linea_tiempo\/primeras-ocho-familias-judias-de-cordoba\/","name":"Primeras ocho familias jud\u00edas de C\u00f3rdoba - MUJU","isPartOf":{"@id":"https:\/\/museojudiodecordoba.org\/en\/#website"},"primaryImageOfPage":{"@id":"https:\/\/museojudiodecordoba.org\/linea_tiempo\/primeras-ocho-familias-judias-de-cordoba\/#primaryimage"},"image":{"@id":"https:\/\/museojudiodecordoba.org\/linea_tiempo\/primeras-ocho-familias-judias-de-cordoba\/#primaryimage"},"thumbnailUrl":"https:\/\/museojudiodecordoba.org\/wp-content\/uploads\/2021\/08\/1890A-2.jpg","datePublished":"2021-08-03T17:57:36+00:00","dateModified":"2021-08-03T17:58:01+00:00","breadcrumb":{"@id":"https:\/\/museojudiodecordoba.org\/linea_tiempo\/primeras-ocho-familias-judias-de-cordoba\/#breadcrumb"},"inLanguage":"iw-IL","potentialAction":[{"@type":"ReadAction","target":["https:\/\/museojudiodecordoba.org\/linea_tiempo\/primeras-ocho-familias-judias-de-cordoba\/"]}]},{"@type":"ImageObject","inLanguage":"iw-IL","@id":"https:\/\/museojudiodecordoba.org\/linea_tiempo\/primeras-ocho-familias-judias-de-cordoba\/#primaryimage","url":"https:\/\/museojudiodecordoba.org\/wp-content\/uploads\/2021\/08\/1890A-2.jpg","contentUrl":"https:\/\/museojudiodecordoba.org\/wp-content\/uploads\/2021\/08\/1890A-2.jpg","width":1875,"height":2500},{"@type":"BreadcrumbList","@id":"https:\/\/museojudiodecordoba.org\/linea_tiempo\/primeras-ocho-familias-judias-de-cordoba\/#breadcrumb","itemListElement":[{"@type":"ListItem","position":1,"name":"Portada","item":"https:\/\/museojudiodecordoba.org\/en\/"},{"@type":"ListItem","position":2,"name":"Items linea del tiempo","item":"https:\/\/museojudiodecordoba.org\/en\/linea_tiempo\/"},{"@type":"ListItem","position":3,"name":"Primeras ocho familias jud\u00edas de C\u00f3rdoba"}]},{"@type":"WebSite","@id":"https:\/\/museojudiodecordoba.org\/en\/#website","url":"https:\/\/museojudiodecordoba.org\/en\/","name":"MUJU","description":"","potentialAction":[{"@type":"SearchAction","target":{"@type":"EntryPoint","urlTemplate":"https:\/\/museojudiodecordoba.org\/en\/?s={search_term_string}"},"query-input":"required name=search_term_string"}],"inLanguage":"iw-IL"}]}},"acf":{"year":"1890","end_year":"1890","display_date":"1890","headline":"Primeras ocho familias jud\u00edas de C\u00f3rdoba","text":"Hacia 1890 eran ocho las familias afincadas en C\u00f3rdoba: cuatro proven\u00edan de Rusia, una de Austria, dos de Espa\u00f1a y una de Italia. Se calcula que para los inicios del siglo hab\u00eda un total de 35 personas (adultos y ni\u00f1os). Entre ellas se encontraban la partera Fanny Bachl Borchard, nacida en Baviera qui\u00e9n pudo revalid\u00f3 su t\u00edtulo en la Universidad Nacional, y tambi\u00e9n Esther M. Elferoy, educadora de ni\u00f1os. Joseph Reich escribi\u00f3 la historia de estas familias en una carta de adhesi\u00f3n al V Congreso Sionista de Basilea, que adem\u00e1s fue firmado por Dante Ancona, Esther Elferoy, Mosh\u00e9 Edelstein, Margarita Zatzkin, Joseph Pe\u00fcxz, S. Zadoff, Najmioel Fishtad y su se\u00f1ora, Mel; Josef Achmuklier y R. Kornblit. Entre los pioneros de principio de siglo cabe agregar a Adolfo Ries, Alberto Michelsen, Miguel Kuperman, Gabriel Reich, Samuel Rascovsky, la familia Mangupli y Mois\u00e9s Rascovsky. En la primera d\u00e9cada del siglo XX se agregaron a los ya mencionados, los integrantes de las familias Vaintrub, Gurvich, Imas, Dunayevich, Mesch, Schor, Z\u00e9melman, Vatnik, Visotsky, Dujovne, Ru\u00e9meser, Grinberg, Tieffenberg, Huberman, Mochkovsky, Rachevsky, Noremberg, Dicovsky, Asquenazi, Pinco, Marcus, Loshacoff, Glikman. En la segunda d\u00e9cada vinieron los Meeroff, Krasner, Horsmann, Goldman, Ducach, Libeschutz, Elkin, Barbalat, Gutman, Grabois, Barsky, y otros. Entre los apellidos de las se\u00f1oras encontramos a Lublinsky, Soifer, Krishtavutzky, Bortman, Heidemann, Braunstein, Gamerman, Rochansky y otros\u201d . Para las familias Kaplan y Toff su destino,antes de radicarse en C\u00f3rdoba, hab\u00eda sido una colonia entrerriana. ","media":"https:\/\/herzlin.com\/muju\/wp-content\/uploads\/2020\/10\/1890A-2.jpg"},"_links":{"self":[{"href":"https:\/\/museojudiodecordoba.org\/iw\/wp-json\/wp\/v2\/ltiempo\/3802","targetHints":{"allow":["GET"]}}],"collection":[{"href":"https:\/\/museojudiodecordoba.org\/iw\/wp-json\/wp\/v2\/ltiempo"}],"about":[{"href":"https:\/\/museojudiodecordoba.org\/iw\/wp-json\/wp\/v2\/types\/linea_tiempo"}],"wp:featuredmedia":[{"embeddable":true,"href":"https:\/\/museojudiodecordoba.org\/iw\/wp-json\/wp\/v2\/media\/3803"}],"wp:attachment":[{"href":"https:\/\/museojudiodecordoba.org\/iw\/wp-json\/wp\/v2\/media?parent=3802"}],"wp:term":[{"taxonomy":"category","embeddable":true,"href":"https:\/\/museojudiodecordoba.org\/iw\/wp-json\/wp\/v2\/categories?post=3802"}],"curies":[{"name":"wp","href":"https:\/\/api.w.org\/{rel}","templated":true}]}}