{"id":3826,"date":"2021-08-03T17:57:22","date_gmt":"2021-08-03T17:57:22","guid":{"rendered":"http:\/\/museojudiodecordoba.org\/?post_type=linea_tiempo&#038;p=3826"},"modified":"2021-08-03T17:57:44","modified_gmt":"2021-08-03T17:57:44","slug":"fundacion-de-la-union-israelita-de-cordoba","status":"publish","type":"linea_tiempo","link":"https:\/\/museojudiodecordoba.org\/iw\/linea_tiempo\/fundacion-de-la-union-israelita-de-cordoba\/","title":{"rendered":"Fundaci\u00f3n de la Uni\u00f3n Israelita de C\u00f3rdoba"},"featured_media":3827,"template":"","meta":{"inline_featured_image":false},"categories":[198],"class_list":["post-3826","linea_tiempo","type-linea_tiempo","status-publish","has-post-thumbnail","hentry","category-198"],"yoast_head":"<!-- This site is optimized with the Yoast SEO plugin v23.3 - https:\/\/yoast.com\/wordpress\/plugins\/seo\/ -->\n<title>Fundaci\u00f3n de la Uni\u00f3n Israelita de C\u00f3rdoba - MUJU<\/title>\n<meta name=\"robots\" content=\"index, follow, max-snippet:-1, max-image-preview:large, max-video-preview:-1\" \/>\n<link rel=\"canonical\" href=\"https:\/\/museojudiodecordoba.org\/linea_tiempo\/fundacion-de-la-union-israelita-de-cordoba\/\" \/>\n<meta property=\"og:locale\" content=\"en_US\" \/>\n<meta property=\"og:type\" content=\"article\" \/>\n<meta property=\"og:title\" content=\"Fundaci\u00f3n de la Uni\u00f3n Israelita de C\u00f3rdoba - MUJU\" \/>\n<meta property=\"og:description\" content=\"[...]Read More...\" \/>\n<meta property=\"og:url\" content=\"https:\/\/museojudiodecordoba.org\/linea_tiempo\/fundacion-de-la-union-israelita-de-cordoba\/\" \/>\n<meta property=\"og:site_name\" content=\"MUJU\" \/>\n<meta property=\"article:modified_time\" content=\"2021-08-03T17:57:44+00:00\" \/>\n<meta property=\"og:image\" content=\"https:\/\/museojudiodecordoba.org\/wp-content\/uploads\/2021\/08\/6Z9A7273.jpg\" \/>\n\t<meta property=\"og:image:width\" content=\"2500\" \/>\n\t<meta property=\"og:image:height\" content=\"1653\" \/>\n\t<meta property=\"og:image:type\" content=\"image\/jpeg\" \/>\n<meta name=\"twitter:card\" content=\"summary_large_image\" \/>\n<script type=\"application\/ld+json\" class=\"yoast-schema-graph\">{\"@context\":\"https:\/\/schema.org\",\"@graph\":[{\"@type\":\"WebPage\",\"@id\":\"https:\/\/museojudiodecordoba.org\/linea_tiempo\/fundacion-de-la-union-israelita-de-cordoba\/\",\"url\":\"https:\/\/museojudiodecordoba.org\/linea_tiempo\/fundacion-de-la-union-israelita-de-cordoba\/\",\"name\":\"Fundaci\u00f3n de la Uni\u00f3n Israelita de C\u00f3rdoba - MUJU\",\"isPartOf\":{\"@id\":\"https:\/\/museojudiodecordoba.org\/en\/#website\"},\"primaryImageOfPage\":{\"@id\":\"https:\/\/museojudiodecordoba.org\/linea_tiempo\/fundacion-de-la-union-israelita-de-cordoba\/#primaryimage\"},\"image\":{\"@id\":\"https:\/\/museojudiodecordoba.org\/linea_tiempo\/fundacion-de-la-union-israelita-de-cordoba\/#primaryimage\"},\"thumbnailUrl\":\"https:\/\/museojudiodecordoba.org\/wp-content\/uploads\/2021\/08\/6Z9A7273.jpg\",\"datePublished\":\"2021-08-03T17:57:22+00:00\",\"dateModified\":\"2021-08-03T17:57:44+00:00\",\"breadcrumb\":{\"@id\":\"https:\/\/museojudiodecordoba.org\/linea_tiempo\/fundacion-de-la-union-israelita-de-cordoba\/#breadcrumb\"},\"inLanguage\":\"iw-IL\",\"potentialAction\":[{\"@type\":\"ReadAction\",\"target\":[\"https:\/\/museojudiodecordoba.org\/linea_tiempo\/fundacion-de-la-union-israelita-de-cordoba\/\"]}]},{\"@type\":\"ImageObject\",\"inLanguage\":\"iw-IL\",\"@id\":\"https:\/\/museojudiodecordoba.org\/linea_tiempo\/fundacion-de-la-union-israelita-de-cordoba\/#primaryimage\",\"url\":\"https:\/\/museojudiodecordoba.org\/wp-content\/uploads\/2021\/08\/6Z9A7273.jpg\",\"contentUrl\":\"https:\/\/museojudiodecordoba.org\/wp-content\/uploads\/2021\/08\/6Z9A7273.jpg\",\"width\":2500,\"height\":1653},{\"@type\":\"BreadcrumbList\",\"@id\":\"https:\/\/museojudiodecordoba.org\/linea_tiempo\/fundacion-de-la-union-israelita-de-cordoba\/#breadcrumb\",\"itemListElement\":[{\"@type\":\"ListItem\",\"position\":1,\"name\":\"Portada\",\"item\":\"https:\/\/museojudiodecordoba.org\/en\/\"},{\"@type\":\"ListItem\",\"position\":2,\"name\":\"Items linea del tiempo\",\"item\":\"https:\/\/museojudiodecordoba.org\/en\/linea_tiempo\/\"},{\"@type\":\"ListItem\",\"position\":3,\"name\":\"Fundaci\u00f3n de la Uni\u00f3n Israelita de C\u00f3rdoba\"}]},{\"@type\":\"WebSite\",\"@id\":\"https:\/\/museojudiodecordoba.org\/en\/#website\",\"url\":\"https:\/\/museojudiodecordoba.org\/en\/\",\"name\":\"MUJU\",\"description\":\"\",\"potentialAction\":[{\"@type\":\"SearchAction\",\"target\":{\"@type\":\"EntryPoint\",\"urlTemplate\":\"https:\/\/museojudiodecordoba.org\/en\/?s={search_term_string}\"},\"query-input\":\"required name=search_term_string\"}],\"inLanguage\":\"iw-IL\"}]}<\/script>\n<!-- \/ Yoast SEO plugin. -->","yoast_head_json":{"title":"Fundaci\u00f3n de la Uni\u00f3n Israelita de C\u00f3rdoba - MUJU","robots":{"index":"index","follow":"follow","max-snippet":"max-snippet:-1","max-image-preview":"max-image-preview:large","max-video-preview":"max-video-preview:-1"},"canonical":"https:\/\/museojudiodecordoba.org\/linea_tiempo\/fundacion-de-la-union-israelita-de-cordoba\/","og_locale":"en_US","og_type":"article","og_title":"Fundaci\u00f3n de la Uni\u00f3n Israelita de C\u00f3rdoba - MUJU","og_description":"[...]Read More...","og_url":"https:\/\/museojudiodecordoba.org\/linea_tiempo\/fundacion-de-la-union-israelita-de-cordoba\/","og_site_name":"MUJU","article_modified_time":"2021-08-03T17:57:44+00:00","og_image":[{"width":2500,"height":1653,"url":"https:\/\/museojudiodecordoba.org\/wp-content\/uploads\/2021\/08\/6Z9A7273.jpg","type":"image\/jpeg"}],"twitter_card":"summary_large_image","schema":{"@context":"https:\/\/schema.org","@graph":[{"@type":"WebPage","@id":"https:\/\/museojudiodecordoba.org\/linea_tiempo\/fundacion-de-la-union-israelita-de-cordoba\/","url":"https:\/\/museojudiodecordoba.org\/linea_tiempo\/fundacion-de-la-union-israelita-de-cordoba\/","name":"Fundaci\u00f3n de la Uni\u00f3n Israelita de C\u00f3rdoba - MUJU","isPartOf":{"@id":"https:\/\/museojudiodecordoba.org\/en\/#website"},"primaryImageOfPage":{"@id":"https:\/\/museojudiodecordoba.org\/linea_tiempo\/fundacion-de-la-union-israelita-de-cordoba\/#primaryimage"},"image":{"@id":"https:\/\/museojudiodecordoba.org\/linea_tiempo\/fundacion-de-la-union-israelita-de-cordoba\/#primaryimage"},"thumbnailUrl":"https:\/\/museojudiodecordoba.org\/wp-content\/uploads\/2021\/08\/6Z9A7273.jpg","datePublished":"2021-08-03T17:57:22+00:00","dateModified":"2021-08-03T17:57:44+00:00","breadcrumb":{"@id":"https:\/\/museojudiodecordoba.org\/linea_tiempo\/fundacion-de-la-union-israelita-de-cordoba\/#breadcrumb"},"inLanguage":"iw-IL","potentialAction":[{"@type":"ReadAction","target":["https:\/\/museojudiodecordoba.org\/linea_tiempo\/fundacion-de-la-union-israelita-de-cordoba\/"]}]},{"@type":"ImageObject","inLanguage":"iw-IL","@id":"https:\/\/museojudiodecordoba.org\/linea_tiempo\/fundacion-de-la-union-israelita-de-cordoba\/#primaryimage","url":"https:\/\/museojudiodecordoba.org\/wp-content\/uploads\/2021\/08\/6Z9A7273.jpg","contentUrl":"https:\/\/museojudiodecordoba.org\/wp-content\/uploads\/2021\/08\/6Z9A7273.jpg","width":2500,"height":1653},{"@type":"BreadcrumbList","@id":"https:\/\/museojudiodecordoba.org\/linea_tiempo\/fundacion-de-la-union-israelita-de-cordoba\/#breadcrumb","itemListElement":[{"@type":"ListItem","position":1,"name":"Portada","item":"https:\/\/museojudiodecordoba.org\/en\/"},{"@type":"ListItem","position":2,"name":"Items linea del tiempo","item":"https:\/\/museojudiodecordoba.org\/en\/linea_tiempo\/"},{"@type":"ListItem","position":3,"name":"Fundaci\u00f3n de la Uni\u00f3n Israelita de C\u00f3rdoba"}]},{"@type":"WebSite","@id":"https:\/\/museojudiodecordoba.org\/en\/#website","url":"https:\/\/museojudiodecordoba.org\/en\/","name":"MUJU","description":"","potentialAction":[{"@type":"SearchAction","target":{"@type":"EntryPoint","urlTemplate":"https:\/\/museojudiodecordoba.org\/en\/?s={search_term_string}"},"query-input":"required name=search_term_string"}],"inLanguage":"iw-IL"}]}},"acf":{"year":"1906","end_year":"1906","display_date":"1906","headline":"Fundaci\u00f3n de la Uni\u00f3n Israelita de C\u00f3rdoba","text":"La idea de una organizaci\u00f3n institucional estaba presente entre los miembros jud\u00edos que quer\u00edan establecer una comunidad que nucleara a las familias jud\u00edas que iban instal\u00e1ndose en la ciudad de C\u00f3rdoba. En la celebraci\u00f3n de Rosh Hashan\u00e1 del a\u00f1o 1905, realizada en la casa del Sr. Reich de calle Gral. Paz, se resolvi\u00f3 constituir una sociedad hebrea. As\u00ed naci\u00f3 en el a\u00f1o 1906 la \"Uni\u00f3n Israelita Cordobesa\", presidida por el Sr. M. Rascovsky, con sede en los altos del edificio de la esquina de San Mart\u00edn y Lima, con una biblioteca y 25 socios. Sus objetivos eran educativos, culturales, sociales, solidarios, de servicios religiosos, de beneficencia, de ayuda a los inmigrantes y funerarios. En 1907 la sociedad se instala en casa del Sr. Zemelman. Un a\u00f1o m\u00e1s tarde, en 1908, se alquil\u00f3 un local ubicado en la calle Rivadavia y Oncativo, que servir\u00eda de sede a la incipiente instituci\u00f3n. Para las festividades religiosas, el local se convert\u00eda en sinagoga. Se colocaba un Sefer Tor\u00e1 y el Sr. Rascovsky era el cantor.","media":"https:\/\/herzlin.com\/muju\/wp-content\/uploads\/2020\/10\/6Z9A7273.jpg"},"_links":{"self":[{"href":"https:\/\/museojudiodecordoba.org\/iw\/wp-json\/wp\/v2\/ltiempo\/3826","targetHints":{"allow":["GET"]}}],"collection":[{"href":"https:\/\/museojudiodecordoba.org\/iw\/wp-json\/wp\/v2\/ltiempo"}],"about":[{"href":"https:\/\/museojudiodecordoba.org\/iw\/wp-json\/wp\/v2\/types\/linea_tiempo"}],"wp:featuredmedia":[{"embeddable":true,"href":"https:\/\/museojudiodecordoba.org\/iw\/wp-json\/wp\/v2\/media\/3827"}],"wp:attachment":[{"href":"https:\/\/museojudiodecordoba.org\/iw\/wp-json\/wp\/v2\/media?parent=3826"}],"wp:term":[{"taxonomy":"category","embeddable":true,"href":"https:\/\/museojudiodecordoba.org\/iw\/wp-json\/wp\/v2\/categories?post=3826"}],"curies":[{"name":"wp","href":"https:\/\/api.w.org\/{rel}","templated":true}]}}