{"id":3850,"date":"2021-08-03T17:56:58","date_gmt":"2021-08-03T17:56:58","guid":{"rendered":"http:\/\/museojudiodecordoba.org\/?post_type=linea_tiempo&#038;p=3850"},"modified":"2021-08-03T17:57:34","modified_gmt":"2021-08-03T17:57:34","slug":"creacion-del-centro-union-israelita-de-cordoba","status":"publish","type":"linea_tiempo","link":"https:\/\/museojudiodecordoba.org\/iw\/linea_tiempo\/creacion-del-centro-union-israelita-de-cordoba\/","title":{"rendered":"Creaci\u00f3n del Centro Uni\u00f3n Israelita de C\u00f3rdoba"},"featured_media":3851,"template":"","meta":{"inline_featured_image":false},"categories":[198],"class_list":["post-3850","linea_tiempo","type-linea_tiempo","status-publish","has-post-thumbnail","hentry","category-198"],"yoast_head":"<!-- This site is optimized with the Yoast SEO plugin v23.3 - https:\/\/yoast.com\/wordpress\/plugins\/seo\/ -->\n<title>Creaci\u00f3n del Centro Uni\u00f3n Israelita de C\u00f3rdoba - MUJU<\/title>\n<meta name=\"robots\" content=\"index, follow, max-snippet:-1, max-image-preview:large, max-video-preview:-1\" \/>\n<link rel=\"canonical\" href=\"https:\/\/museojudiodecordoba.org\/linea_tiempo\/creacion-del-centro-union-israelita-de-cordoba\/\" \/>\n<meta property=\"og:locale\" content=\"en_US\" \/>\n<meta property=\"og:type\" content=\"article\" \/>\n<meta property=\"og:title\" content=\"Creaci\u00f3n del Centro Uni\u00f3n Israelita de C\u00f3rdoba - MUJU\" \/>\n<meta property=\"og:description\" content=\"[...]Read More...\" \/>\n<meta property=\"og:url\" content=\"https:\/\/museojudiodecordoba.org\/linea_tiempo\/creacion-del-centro-union-israelita-de-cordoba\/\" \/>\n<meta property=\"og:site_name\" content=\"MUJU\" \/>\n<meta property=\"article:modified_time\" content=\"2021-08-03T17:57:34+00:00\" \/>\n<meta property=\"og:image\" content=\"https:\/\/museojudiodecordoba.org\/wp-content\/uploads\/2021\/08\/1915A.png\" \/>\n\t<meta property=\"og:image:width\" content=\"339\" \/>\n\t<meta property=\"og:image:height\" content=\"146\" \/>\n\t<meta property=\"og:image:type\" content=\"image\/png\" \/>\n<meta name=\"twitter:card\" content=\"summary_large_image\" \/>\n<script type=\"application\/ld+json\" class=\"yoast-schema-graph\">{\"@context\":\"https:\/\/schema.org\",\"@graph\":[{\"@type\":\"WebPage\",\"@id\":\"https:\/\/museojudiodecordoba.org\/linea_tiempo\/creacion-del-centro-union-israelita-de-cordoba\/\",\"url\":\"https:\/\/museojudiodecordoba.org\/linea_tiempo\/creacion-del-centro-union-israelita-de-cordoba\/\",\"name\":\"Creaci\u00f3n del Centro Uni\u00f3n Israelita de C\u00f3rdoba - MUJU\",\"isPartOf\":{\"@id\":\"https:\/\/museojudiodecordoba.org\/en\/#website\"},\"primaryImageOfPage\":{\"@id\":\"https:\/\/museojudiodecordoba.org\/linea_tiempo\/creacion-del-centro-union-israelita-de-cordoba\/#primaryimage\"},\"image\":{\"@id\":\"https:\/\/museojudiodecordoba.org\/linea_tiempo\/creacion-del-centro-union-israelita-de-cordoba\/#primaryimage\"},\"thumbnailUrl\":\"https:\/\/museojudiodecordoba.org\/wp-content\/uploads\/2021\/08\/1915A.png\",\"datePublished\":\"2021-08-03T17:56:58+00:00\",\"dateModified\":\"2021-08-03T17:57:34+00:00\",\"breadcrumb\":{\"@id\":\"https:\/\/museojudiodecordoba.org\/linea_tiempo\/creacion-del-centro-union-israelita-de-cordoba\/#breadcrumb\"},\"inLanguage\":\"iw-IL\",\"potentialAction\":[{\"@type\":\"ReadAction\",\"target\":[\"https:\/\/museojudiodecordoba.org\/linea_tiempo\/creacion-del-centro-union-israelita-de-cordoba\/\"]}]},{\"@type\":\"ImageObject\",\"inLanguage\":\"iw-IL\",\"@id\":\"https:\/\/museojudiodecordoba.org\/linea_tiempo\/creacion-del-centro-union-israelita-de-cordoba\/#primaryimage\",\"url\":\"https:\/\/museojudiodecordoba.org\/wp-content\/uploads\/2021\/08\/1915A.png\",\"contentUrl\":\"https:\/\/museojudiodecordoba.org\/wp-content\/uploads\/2021\/08\/1915A.png\",\"width\":339,\"height\":146},{\"@type\":\"BreadcrumbList\",\"@id\":\"https:\/\/museojudiodecordoba.org\/linea_tiempo\/creacion-del-centro-union-israelita-de-cordoba\/#breadcrumb\",\"itemListElement\":[{\"@type\":\"ListItem\",\"position\":1,\"name\":\"Portada\",\"item\":\"https:\/\/museojudiodecordoba.org\/en\/\"},{\"@type\":\"ListItem\",\"position\":2,\"name\":\"Items linea del tiempo\",\"item\":\"https:\/\/museojudiodecordoba.org\/en\/linea_tiempo\/\"},{\"@type\":\"ListItem\",\"position\":3,\"name\":\"Creaci\u00f3n del Centro Uni\u00f3n Israelita de C\u00f3rdoba\"}]},{\"@type\":\"WebSite\",\"@id\":\"https:\/\/museojudiodecordoba.org\/en\/#website\",\"url\":\"https:\/\/museojudiodecordoba.org\/en\/\",\"name\":\"MUJU\",\"description\":\"\",\"potentialAction\":[{\"@type\":\"SearchAction\",\"target\":{\"@type\":\"EntryPoint\",\"urlTemplate\":\"https:\/\/museojudiodecordoba.org\/en\/?s={search_term_string}\"},\"query-input\":\"required name=search_term_string\"}],\"inLanguage\":\"iw-IL\"}]}<\/script>\n<!-- \/ Yoast SEO plugin. -->","yoast_head_json":{"title":"Creaci\u00f3n del Centro Uni\u00f3n Israelita de C\u00f3rdoba - MUJU","robots":{"index":"index","follow":"follow","max-snippet":"max-snippet:-1","max-image-preview":"max-image-preview:large","max-video-preview":"max-video-preview:-1"},"canonical":"https:\/\/museojudiodecordoba.org\/linea_tiempo\/creacion-del-centro-union-israelita-de-cordoba\/","og_locale":"en_US","og_type":"article","og_title":"Creaci\u00f3n del Centro Uni\u00f3n Israelita de C\u00f3rdoba - MUJU","og_description":"[...]Read More...","og_url":"https:\/\/museojudiodecordoba.org\/linea_tiempo\/creacion-del-centro-union-israelita-de-cordoba\/","og_site_name":"MUJU","article_modified_time":"2021-08-03T17:57:34+00:00","og_image":[{"width":339,"height":146,"url":"https:\/\/museojudiodecordoba.org\/wp-content\/uploads\/2021\/08\/1915A.png","type":"image\/png"}],"twitter_card":"summary_large_image","schema":{"@context":"https:\/\/schema.org","@graph":[{"@type":"WebPage","@id":"https:\/\/museojudiodecordoba.org\/linea_tiempo\/creacion-del-centro-union-israelita-de-cordoba\/","url":"https:\/\/museojudiodecordoba.org\/linea_tiempo\/creacion-del-centro-union-israelita-de-cordoba\/","name":"Creaci\u00f3n del Centro Uni\u00f3n Israelita de C\u00f3rdoba - MUJU","isPartOf":{"@id":"https:\/\/museojudiodecordoba.org\/en\/#website"},"primaryImageOfPage":{"@id":"https:\/\/museojudiodecordoba.org\/linea_tiempo\/creacion-del-centro-union-israelita-de-cordoba\/#primaryimage"},"image":{"@id":"https:\/\/museojudiodecordoba.org\/linea_tiempo\/creacion-del-centro-union-israelita-de-cordoba\/#primaryimage"},"thumbnailUrl":"https:\/\/museojudiodecordoba.org\/wp-content\/uploads\/2021\/08\/1915A.png","datePublished":"2021-08-03T17:56:58+00:00","dateModified":"2021-08-03T17:57:34+00:00","breadcrumb":{"@id":"https:\/\/museojudiodecordoba.org\/linea_tiempo\/creacion-del-centro-union-israelita-de-cordoba\/#breadcrumb"},"inLanguage":"iw-IL","potentialAction":[{"@type":"ReadAction","target":["https:\/\/museojudiodecordoba.org\/linea_tiempo\/creacion-del-centro-union-israelita-de-cordoba\/"]}]},{"@type":"ImageObject","inLanguage":"iw-IL","@id":"https:\/\/museojudiodecordoba.org\/linea_tiempo\/creacion-del-centro-union-israelita-de-cordoba\/#primaryimage","url":"https:\/\/museojudiodecordoba.org\/wp-content\/uploads\/2021\/08\/1915A.png","contentUrl":"https:\/\/museojudiodecordoba.org\/wp-content\/uploads\/2021\/08\/1915A.png","width":339,"height":146},{"@type":"BreadcrumbList","@id":"https:\/\/museojudiodecordoba.org\/linea_tiempo\/creacion-del-centro-union-israelita-de-cordoba\/#breadcrumb","itemListElement":[{"@type":"ListItem","position":1,"name":"Portada","item":"https:\/\/museojudiodecordoba.org\/en\/"},{"@type":"ListItem","position":2,"name":"Items linea del tiempo","item":"https:\/\/museojudiodecordoba.org\/en\/linea_tiempo\/"},{"@type":"ListItem","position":3,"name":"Creaci\u00f3n del Centro Uni\u00f3n Israelita de C\u00f3rdoba"}]},{"@type":"WebSite","@id":"https:\/\/museojudiodecordoba.org\/en\/#website","url":"https:\/\/museojudiodecordoba.org\/en\/","name":"MUJU","description":"","potentialAction":[{"@type":"SearchAction","target":{"@type":"EntryPoint","urlTemplate":"https:\/\/museojudiodecordoba.org\/en\/?s={search_term_string}"},"query-input":"required name=search_term_string"}],"inLanguage":"iw-IL"}]}},"acf":{"year":"1915","end_year":"1915","display_date":"1915","headline":"Creaci\u00f3n del Centro Uni\u00f3n Israelita de C\u00f3rdoba","text":"Ante la problem\u00e1tica econ\u00f3mica y de falta de recursos que viv\u00eda el Centro Israelita, la Uni\u00f3n Israelita decidi\u00f3 en asamblea colaborar con la instituci\u00f3n hermana, proponiendo la fusi\u00f3n de ambas. Los consejos directivos, presididos por Juan Ducach y Jos\u00e9 Dicovsky, acordaron la fusi\u00f3n.Seg\u00fan cuenta Boris Blank en el libro \u201cJaime G. Blank (1885- 1949). Pionero hebreo\u201d, el Centro Israelita hab\u00eda comprado a cr\u00e9dito el terreno del Boulevard Mitre para edificar la sinagoga, un sal\u00f3n y una escuela, como as\u00ed tambi\u00e9n los materiales necesarios para llevar adelante la construcci\u00f3n. El problema era que si no se cumpl\u00edan con las obligaciones, los jud\u00edos iban a ser mal vistos por la sociedad gentil y su buen nombre quedar\u00eda a merced de las habladur\u00edas. Para saldar esta situaci\u00f3n se propuso la fusi\u00f3n de ambas instituciones. El 10 de octubre de 1915, en Asamblea conjunta de la Uni\u00f3n Israelita y del Centro Israelita se decidi\u00f3 la fusi\u00f3n de ambas instituciones. Se comprometieron a mantener los em\u00acprendimientos existentes, hacer frente a la construcci\u00f3n de un pante\u00f3n propio y crear una secci\u00f3n de beneficencia. Aprobado el temario, qued\u00f3 fundado as\u00ed el \"Centro Uni\u00f3n Israelita\".","media":"https:\/\/herzlin.com\/muju\/wp-content\/uploads\/2020\/10\/1915A.png"},"_links":{"self":[{"href":"https:\/\/museojudiodecordoba.org\/iw\/wp-json\/wp\/v2\/ltiempo\/3850","targetHints":{"allow":["GET"]}}],"collection":[{"href":"https:\/\/museojudiodecordoba.org\/iw\/wp-json\/wp\/v2\/ltiempo"}],"about":[{"href":"https:\/\/museojudiodecordoba.org\/iw\/wp-json\/wp\/v2\/types\/linea_tiempo"}],"wp:featuredmedia":[{"embeddable":true,"href":"https:\/\/museojudiodecordoba.org\/iw\/wp-json\/wp\/v2\/media\/3851"}],"wp:attachment":[{"href":"https:\/\/museojudiodecordoba.org\/iw\/wp-json\/wp\/v2\/media?parent=3850"}],"wp:term":[{"taxonomy":"category","embeddable":true,"href":"https:\/\/museojudiodecordoba.org\/iw\/wp-json\/wp\/v2\/categories?post=3850"}],"curies":[{"name":"wp","href":"https:\/\/api.w.org\/{rel}","templated":true}]}}