{"id":4129,"date":"2021-08-03T18:01:47","date_gmt":"2021-08-03T18:01:47","guid":{"rendered":"http:\/\/museojudiodecordoba.org\/?post_type=linea_tiempo&#038;p=4129"},"modified":"2021-08-03T18:01:47","modified_gmt":"2021-08-03T18:01:47","slug":"se-inaugura-el-monumento-al-holocausto-en-el-cementerio-de-cordoba","status":"publish","type":"linea_tiempo","link":"https:\/\/museojudiodecordoba.org\/iw\/linea_tiempo\/se-inaugura-el-monumento-al-holocausto-en-el-cementerio-de-cordoba\/","title":{"rendered":"Se inaugura el Monumento al Holocausto en el cementerio de C\u00f3rdoba"},"featured_media":4130,"template":"","meta":{"inline_featured_image":false},"categories":[203],"class_list":["post-4129","linea_tiempo","type-linea_tiempo","status-publish","has-post-thumbnail","hentry","category-203"],"yoast_head":"<!-- This site is optimized with the Yoast SEO plugin v23.3 - https:\/\/yoast.com\/wordpress\/plugins\/seo\/ -->\n<title>Se inaugura el Monumento al Holocausto en el cementerio de C\u00f3rdoba - MUJU<\/title>\n<meta name=\"robots\" content=\"index, follow, max-snippet:-1, max-image-preview:large, max-video-preview:-1\" \/>\n<link rel=\"canonical\" href=\"https:\/\/museojudiodecordoba.org\/linea_tiempo\/se-inaugura-el-monumento-al-holocausto-en-el-cementerio-de-cordoba\/\" \/>\n<meta property=\"og:locale\" content=\"en_US\" \/>\n<meta property=\"og:type\" content=\"article\" \/>\n<meta property=\"og:title\" content=\"Se inaugura el Monumento al Holocausto en el cementerio de C\u00f3rdoba - MUJU\" \/>\n<meta property=\"og:description\" content=\"[...]Read More...\" \/>\n<meta property=\"og:url\" content=\"https:\/\/museojudiodecordoba.org\/linea_tiempo\/se-inaugura-el-monumento-al-holocausto-en-el-cementerio-de-cordoba\/\" \/>\n<meta property=\"og:site_name\" content=\"MUJU\" \/>\n<meta property=\"og:image\" content=\"https:\/\/museojudiodecordoba.org\/wp-content\/uploads\/2021\/08\/1954A-2-1.jpg\" \/>\n\t<meta property=\"og:image:width\" content=\"2299\" \/>\n\t<meta property=\"og:image:height\" content=\"2500\" \/>\n\t<meta property=\"og:image:type\" content=\"image\/jpeg\" \/>\n<meta name=\"twitter:card\" content=\"summary_large_image\" \/>\n<script type=\"application\/ld+json\" class=\"yoast-schema-graph\">{\"@context\":\"https:\/\/schema.org\",\"@graph\":[{\"@type\":\"WebPage\",\"@id\":\"https:\/\/museojudiodecordoba.org\/linea_tiempo\/se-inaugura-el-monumento-al-holocausto-en-el-cementerio-de-cordoba\/\",\"url\":\"https:\/\/museojudiodecordoba.org\/linea_tiempo\/se-inaugura-el-monumento-al-holocausto-en-el-cementerio-de-cordoba\/\",\"name\":\"Se inaugura el Monumento al Holocausto en el cementerio de C\u00f3rdoba - MUJU\",\"isPartOf\":{\"@id\":\"https:\/\/museojudiodecordoba.org\/en\/#website\"},\"primaryImageOfPage\":{\"@id\":\"https:\/\/museojudiodecordoba.org\/linea_tiempo\/se-inaugura-el-monumento-al-holocausto-en-el-cementerio-de-cordoba\/#primaryimage\"},\"image\":{\"@id\":\"https:\/\/museojudiodecordoba.org\/linea_tiempo\/se-inaugura-el-monumento-al-holocausto-en-el-cementerio-de-cordoba\/#primaryimage\"},\"thumbnailUrl\":\"https:\/\/museojudiodecordoba.org\/wp-content\/uploads\/2021\/08\/1954A-2-1.jpg\",\"datePublished\":\"2021-08-03T18:01:47+00:00\",\"dateModified\":\"2021-08-03T18:01:47+00:00\",\"breadcrumb\":{\"@id\":\"https:\/\/museojudiodecordoba.org\/linea_tiempo\/se-inaugura-el-monumento-al-holocausto-en-el-cementerio-de-cordoba\/#breadcrumb\"},\"inLanguage\":\"iw-IL\",\"potentialAction\":[{\"@type\":\"ReadAction\",\"target\":[\"https:\/\/museojudiodecordoba.org\/linea_tiempo\/se-inaugura-el-monumento-al-holocausto-en-el-cementerio-de-cordoba\/\"]}]},{\"@type\":\"ImageObject\",\"inLanguage\":\"iw-IL\",\"@id\":\"https:\/\/museojudiodecordoba.org\/linea_tiempo\/se-inaugura-el-monumento-al-holocausto-en-el-cementerio-de-cordoba\/#primaryimage\",\"url\":\"https:\/\/museojudiodecordoba.org\/wp-content\/uploads\/2021\/08\/1954A-2-1.jpg\",\"contentUrl\":\"https:\/\/museojudiodecordoba.org\/wp-content\/uploads\/2021\/08\/1954A-2-1.jpg\",\"width\":2299,\"height\":2500},{\"@type\":\"BreadcrumbList\",\"@id\":\"https:\/\/museojudiodecordoba.org\/linea_tiempo\/se-inaugura-el-monumento-al-holocausto-en-el-cementerio-de-cordoba\/#breadcrumb\",\"itemListElement\":[{\"@type\":\"ListItem\",\"position\":1,\"name\":\"Portada\",\"item\":\"https:\/\/museojudiodecordoba.org\/en\/\"},{\"@type\":\"ListItem\",\"position\":2,\"name\":\"Items linea del tiempo\",\"item\":\"https:\/\/museojudiodecordoba.org\/en\/linea_tiempo\/\"},{\"@type\":\"ListItem\",\"position\":3,\"name\":\"Se inaugura el Monumento al Holocausto en el cementerio de C\u00f3rdoba\"}]},{\"@type\":\"WebSite\",\"@id\":\"https:\/\/museojudiodecordoba.org\/en\/#website\",\"url\":\"https:\/\/museojudiodecordoba.org\/en\/\",\"name\":\"MUJU\",\"description\":\"\",\"potentialAction\":[{\"@type\":\"SearchAction\",\"target\":{\"@type\":\"EntryPoint\",\"urlTemplate\":\"https:\/\/museojudiodecordoba.org\/en\/?s={search_term_string}\"},\"query-input\":\"required name=search_term_string\"}],\"inLanguage\":\"iw-IL\"}]}<\/script>\n<!-- \/ Yoast SEO plugin. -->","yoast_head_json":{"title":"Se inaugura el Monumento al Holocausto en el cementerio de C\u00f3rdoba - MUJU","robots":{"index":"index","follow":"follow","max-snippet":"max-snippet:-1","max-image-preview":"max-image-preview:large","max-video-preview":"max-video-preview:-1"},"canonical":"https:\/\/museojudiodecordoba.org\/linea_tiempo\/se-inaugura-el-monumento-al-holocausto-en-el-cementerio-de-cordoba\/","og_locale":"en_US","og_type":"article","og_title":"Se inaugura el Monumento al Holocausto en el cementerio de C\u00f3rdoba - MUJU","og_description":"[...]Read More...","og_url":"https:\/\/museojudiodecordoba.org\/linea_tiempo\/se-inaugura-el-monumento-al-holocausto-en-el-cementerio-de-cordoba\/","og_site_name":"MUJU","og_image":[{"width":2299,"height":2500,"url":"https:\/\/museojudiodecordoba.org\/wp-content\/uploads\/2021\/08\/1954A-2-1.jpg","type":"image\/jpeg"}],"twitter_card":"summary_large_image","schema":{"@context":"https:\/\/schema.org","@graph":[{"@type":"WebPage","@id":"https:\/\/museojudiodecordoba.org\/linea_tiempo\/se-inaugura-el-monumento-al-holocausto-en-el-cementerio-de-cordoba\/","url":"https:\/\/museojudiodecordoba.org\/linea_tiempo\/se-inaugura-el-monumento-al-holocausto-en-el-cementerio-de-cordoba\/","name":"Se inaugura el Monumento al Holocausto en el cementerio de C\u00f3rdoba - MUJU","isPartOf":{"@id":"https:\/\/museojudiodecordoba.org\/en\/#website"},"primaryImageOfPage":{"@id":"https:\/\/museojudiodecordoba.org\/linea_tiempo\/se-inaugura-el-monumento-al-holocausto-en-el-cementerio-de-cordoba\/#primaryimage"},"image":{"@id":"https:\/\/museojudiodecordoba.org\/linea_tiempo\/se-inaugura-el-monumento-al-holocausto-en-el-cementerio-de-cordoba\/#primaryimage"},"thumbnailUrl":"https:\/\/museojudiodecordoba.org\/wp-content\/uploads\/2021\/08\/1954A-2-1.jpg","datePublished":"2021-08-03T18:01:47+00:00","dateModified":"2021-08-03T18:01:47+00:00","breadcrumb":{"@id":"https:\/\/museojudiodecordoba.org\/linea_tiempo\/se-inaugura-el-monumento-al-holocausto-en-el-cementerio-de-cordoba\/#breadcrumb"},"inLanguage":"iw-IL","potentialAction":[{"@type":"ReadAction","target":["https:\/\/museojudiodecordoba.org\/linea_tiempo\/se-inaugura-el-monumento-al-holocausto-en-el-cementerio-de-cordoba\/"]}]},{"@type":"ImageObject","inLanguage":"iw-IL","@id":"https:\/\/museojudiodecordoba.org\/linea_tiempo\/se-inaugura-el-monumento-al-holocausto-en-el-cementerio-de-cordoba\/#primaryimage","url":"https:\/\/museojudiodecordoba.org\/wp-content\/uploads\/2021\/08\/1954A-2-1.jpg","contentUrl":"https:\/\/museojudiodecordoba.org\/wp-content\/uploads\/2021\/08\/1954A-2-1.jpg","width":2299,"height":2500},{"@type":"BreadcrumbList","@id":"https:\/\/museojudiodecordoba.org\/linea_tiempo\/se-inaugura-el-monumento-al-holocausto-en-el-cementerio-de-cordoba\/#breadcrumb","itemListElement":[{"@type":"ListItem","position":1,"name":"Portada","item":"https:\/\/museojudiodecordoba.org\/en\/"},{"@type":"ListItem","position":2,"name":"Items linea del tiempo","item":"https:\/\/museojudiodecordoba.org\/en\/linea_tiempo\/"},{"@type":"ListItem","position":3,"name":"Se inaugura el Monumento al Holocausto en el cementerio de C\u00f3rdoba"}]},{"@type":"WebSite","@id":"https:\/\/museojudiodecordoba.org\/en\/#website","url":"https:\/\/museojudiodecordoba.org\/en\/","name":"MUJU","description":"","potentialAction":[{"@type":"SearchAction","target":{"@type":"EntryPoint","urlTemplate":"https:\/\/museojudiodecordoba.org\/en\/?s={search_term_string}"},"query-input":"required name=search_term_string"}],"inLanguage":"iw-IL"}]}},"acf":{"year":"1954","end_year":"1954","display_date":"1954","headline":"Se inaugura el Monumento al Holocausto en el cementerio de C\u00f3rdoba","text":"Un 19 de septiembre de 1954, en un acto de considerables proporciones con motivo de la inauguraci\u00f3n del monumento recordatorio de los 6 millones de m\u00e1rtires jud\u00edos inmolados por la barbarie nazi de la Segunda Guerra Mundial, se inaugur\u00f3 en el cementerio el Monumento al Holocausto. El acto result\u00f3 importante por la cantidad de p\u00fablico que estuvo presente y que a consideraci\u00f3n de los se\u00f1ores Jos\u00e9 Eizicovich y Bernardo Wainsztein -que tuvieron a su cargo la direcci\u00f3n del acto- \u201ccasi podr\u00eda decirse que concurri\u00f3 toda la comunidad jud\u00eda de C\u00f3rdoba (Libro de actasN\u00ba9:23), quienes con emoci\u00f3n y sobrecogimiento escucharon con la mayor atenci\u00f3n las oraciones f\u00fanebres en memoria de los ca\u00eddos. Esas oraciones fueron interpretadas por el ober cantor, el se\u00f1or David Sah\u00f3\u201d. Luis Handelsman, quien fuera Gerente\/Director Institucional del Centro Uni\u00f3n por casi 40 a\u00f1os, recuerda los dichos de quienes hab\u00edan participado en su inauguraci\u00f3n. Nos cuenta que dentro de la b\u00f3veda se encuentra un jab\u00f3n que simboliza lo realizado por los nazis, hecho que fue narrado en las Actas, y que en la memoria colectiva de quienes participaron en aquel entonces qued\u00f3 macabramente guardado en la retina. \u201cHonrando la sagrada memoria de los 6.000.000 de m\u00e1rtires jud\u00edos, hermanos muertos por el asesino m\u00e1s terrible de nuestro pueblo y como recuerdo eterno hacia ellos, la Honorable Comisi\u00f3n Directiva ha resuelto levantar un Monumento en el cementerio, donde est\u00e1 enterrado un jab\u00f3n simb\u00f3lico\u201d (palabras del presidente).Hacia 1954 concurren 326 ni\u00f1os al colegio y se crea el C\u00edrculo Sefarad\u00ed C\u00f3rdoba. El Templo de Alvear se habilita para las Altas Fiestas a pesar de que a\u00fan no estaba finalizadas las obras.","media":"http:\/\/museojudiodecordoba.org\/wp-content\/uploads\/2020\/12\/1954A-2.jpg"},"_links":{"self":[{"href":"https:\/\/museojudiodecordoba.org\/iw\/wp-json\/wp\/v2\/ltiempo\/4129","targetHints":{"allow":["GET"]}}],"collection":[{"href":"https:\/\/museojudiodecordoba.org\/iw\/wp-json\/wp\/v2\/ltiempo"}],"about":[{"href":"https:\/\/museojudiodecordoba.org\/iw\/wp-json\/wp\/v2\/types\/linea_tiempo"}],"wp:featuredmedia":[{"embeddable":true,"href":"https:\/\/museojudiodecordoba.org\/iw\/wp-json\/wp\/v2\/media\/4130"}],"wp:attachment":[{"href":"https:\/\/museojudiodecordoba.org\/iw\/wp-json\/wp\/v2\/media?parent=4129"}],"wp:term":[{"taxonomy":"category","embeddable":true,"href":"https:\/\/museojudiodecordoba.org\/iw\/wp-json\/wp\/v2\/categories?post=4129"}],"curies":[{"name":"wp","href":"https:\/\/api.w.org\/{rel}","templated":true}]}}