{"id":4205,"date":"2021-08-03T18:00:49","date_gmt":"2021-08-03T18:00:49","guid":{"rendered":"http:\/\/museojudiodecordoba.org\/?post_type=linea_tiempo&#038;p=4205"},"modified":"2021-08-03T18:00:49","modified_gmt":"2021-08-03T18:00:49","slug":"colocacion-de-la-piedra-fundamental-para-la-realizacion-del-colegio-en-calle-colon-4500","status":"publish","type":"linea_tiempo","link":"https:\/\/museojudiodecordoba.org\/iw\/linea_tiempo\/colocacion-de-la-piedra-fundamental-para-la-realizacion-del-colegio-en-calle-colon-4500\/","title":{"rendered":"Colocaci\u00f3n de la piedra fundamental para la realizaci\u00f3n del colegio en calle Col\u00f3n 4500"},"featured_media":4206,"template":"","meta":{"inline_featured_image":false},"categories":[206],"class_list":["post-4205","linea_tiempo","type-linea_tiempo","status-publish","has-post-thumbnail","hentry","category-206"],"yoast_head":"<!-- This site is optimized with the Yoast SEO plugin v23.3 - https:\/\/yoast.com\/wordpress\/plugins\/seo\/ -->\n<title>Colocaci\u00f3n de la piedra fundamental para la realizaci\u00f3n del colegio en calle Col\u00f3n 4500 - MUJU<\/title>\n<meta name=\"robots\" content=\"index, follow, max-snippet:-1, max-image-preview:large, max-video-preview:-1\" \/>\n<link rel=\"canonical\" href=\"https:\/\/museojudiodecordoba.org\/linea_tiempo\/colocacion-de-la-piedra-fundamental-para-la-realizacion-del-colegio-en-calle-colon-4500\/\" \/>\n<meta property=\"og:locale\" content=\"en_US\" \/>\n<meta property=\"og:type\" content=\"article\" \/>\n<meta property=\"og:title\" content=\"Colocaci\u00f3n de la piedra fundamental para la realizaci\u00f3n del colegio en calle Col\u00f3n 4500 - MUJU\" \/>\n<meta property=\"og:description\" content=\"[...]Read More...\" \/>\n<meta property=\"og:url\" content=\"https:\/\/museojudiodecordoba.org\/linea_tiempo\/colocacion-de-la-piedra-fundamental-para-la-realizacion-del-colegio-en-calle-colon-4500\/\" \/>\n<meta property=\"og:site_name\" content=\"MUJU\" \/>\n<meta property=\"og:image\" content=\"https:\/\/museojudiodecordoba.org\/wp-content\/uploads\/2021\/08\/Captura-de-pantalla-2021-04-14-a-las-10.07.19.png\" \/>\n\t<meta property=\"og:image:width\" content=\"298\" \/>\n\t<meta property=\"og:image:height\" content=\"478\" \/>\n\t<meta property=\"og:image:type\" content=\"image\/png\" \/>\n<meta name=\"twitter:card\" content=\"summary_large_image\" \/>\n<script type=\"application\/ld+json\" class=\"yoast-schema-graph\">{\"@context\":\"https:\/\/schema.org\",\"@graph\":[{\"@type\":\"WebPage\",\"@id\":\"https:\/\/museojudiodecordoba.org\/linea_tiempo\/colocacion-de-la-piedra-fundamental-para-la-realizacion-del-colegio-en-calle-colon-4500\/\",\"url\":\"https:\/\/museojudiodecordoba.org\/linea_tiempo\/colocacion-de-la-piedra-fundamental-para-la-realizacion-del-colegio-en-calle-colon-4500\/\",\"name\":\"Colocaci\u00f3n de la piedra fundamental para la realizaci\u00f3n del colegio en calle Col\u00f3n 4500 - MUJU\",\"isPartOf\":{\"@id\":\"https:\/\/museojudiodecordoba.org\/en\/#website\"},\"primaryImageOfPage\":{\"@id\":\"https:\/\/museojudiodecordoba.org\/linea_tiempo\/colocacion-de-la-piedra-fundamental-para-la-realizacion-del-colegio-en-calle-colon-4500\/#primaryimage\"},\"image\":{\"@id\":\"https:\/\/museojudiodecordoba.org\/linea_tiempo\/colocacion-de-la-piedra-fundamental-para-la-realizacion-del-colegio-en-calle-colon-4500\/#primaryimage\"},\"thumbnailUrl\":\"https:\/\/museojudiodecordoba.org\/wp-content\/uploads\/2021\/08\/Captura-de-pantalla-2021-04-14-a-las-10.07.19.png\",\"datePublished\":\"2021-08-03T18:00:49+00:00\",\"dateModified\":\"2021-08-03T18:00:49+00:00\",\"breadcrumb\":{\"@id\":\"https:\/\/museojudiodecordoba.org\/linea_tiempo\/colocacion-de-la-piedra-fundamental-para-la-realizacion-del-colegio-en-calle-colon-4500\/#breadcrumb\"},\"inLanguage\":\"iw-IL\",\"potentialAction\":[{\"@type\":\"ReadAction\",\"target\":[\"https:\/\/museojudiodecordoba.org\/linea_tiempo\/colocacion-de-la-piedra-fundamental-para-la-realizacion-del-colegio-en-calle-colon-4500\/\"]}]},{\"@type\":\"ImageObject\",\"inLanguage\":\"iw-IL\",\"@id\":\"https:\/\/museojudiodecordoba.org\/linea_tiempo\/colocacion-de-la-piedra-fundamental-para-la-realizacion-del-colegio-en-calle-colon-4500\/#primaryimage\",\"url\":\"https:\/\/museojudiodecordoba.org\/wp-content\/uploads\/2021\/08\/Captura-de-pantalla-2021-04-14-a-las-10.07.19.png\",\"contentUrl\":\"https:\/\/museojudiodecordoba.org\/wp-content\/uploads\/2021\/08\/Captura-de-pantalla-2021-04-14-a-las-10.07.19.png\",\"width\":298,\"height\":478},{\"@type\":\"BreadcrumbList\",\"@id\":\"https:\/\/museojudiodecordoba.org\/linea_tiempo\/colocacion-de-la-piedra-fundamental-para-la-realizacion-del-colegio-en-calle-colon-4500\/#breadcrumb\",\"itemListElement\":[{\"@type\":\"ListItem\",\"position\":1,\"name\":\"Portada\",\"item\":\"https:\/\/museojudiodecordoba.org\/en\/\"},{\"@type\":\"ListItem\",\"position\":2,\"name\":\"Items linea del tiempo\",\"item\":\"https:\/\/museojudiodecordoba.org\/en\/linea_tiempo\/\"},{\"@type\":\"ListItem\",\"position\":3,\"name\":\"Colocaci\u00f3n de la piedra fundamental para la realizaci\u00f3n del colegio en calle Col\u00f3n 4500\"}]},{\"@type\":\"WebSite\",\"@id\":\"https:\/\/museojudiodecordoba.org\/en\/#website\",\"url\":\"https:\/\/museojudiodecordoba.org\/en\/\",\"name\":\"MUJU\",\"description\":\"\",\"potentialAction\":[{\"@type\":\"SearchAction\",\"target\":{\"@type\":\"EntryPoint\",\"urlTemplate\":\"https:\/\/museojudiodecordoba.org\/en\/?s={search_term_string}\"},\"query-input\":\"required name=search_term_string\"}],\"inLanguage\":\"iw-IL\"}]}<\/script>\n<!-- \/ Yoast SEO plugin. -->","yoast_head_json":{"title":"Colocaci\u00f3n de la piedra fundamental para la realizaci\u00f3n del colegio en calle Col\u00f3n 4500 - MUJU","robots":{"index":"index","follow":"follow","max-snippet":"max-snippet:-1","max-image-preview":"max-image-preview:large","max-video-preview":"max-video-preview:-1"},"canonical":"https:\/\/museojudiodecordoba.org\/linea_tiempo\/colocacion-de-la-piedra-fundamental-para-la-realizacion-del-colegio-en-calle-colon-4500\/","og_locale":"en_US","og_type":"article","og_title":"Colocaci\u00f3n de la piedra fundamental para la realizaci\u00f3n del colegio en calle Col\u00f3n 4500 - MUJU","og_description":"[...]Read More...","og_url":"https:\/\/museojudiodecordoba.org\/linea_tiempo\/colocacion-de-la-piedra-fundamental-para-la-realizacion-del-colegio-en-calle-colon-4500\/","og_site_name":"MUJU","og_image":[{"width":298,"height":478,"url":"https:\/\/museojudiodecordoba.org\/wp-content\/uploads\/2021\/08\/Captura-de-pantalla-2021-04-14-a-las-10.07.19.png","type":"image\/png"}],"twitter_card":"summary_large_image","schema":{"@context":"https:\/\/schema.org","@graph":[{"@type":"WebPage","@id":"https:\/\/museojudiodecordoba.org\/linea_tiempo\/colocacion-de-la-piedra-fundamental-para-la-realizacion-del-colegio-en-calle-colon-4500\/","url":"https:\/\/museojudiodecordoba.org\/linea_tiempo\/colocacion-de-la-piedra-fundamental-para-la-realizacion-del-colegio-en-calle-colon-4500\/","name":"Colocaci\u00f3n de la piedra fundamental para la realizaci\u00f3n del colegio en calle Col\u00f3n 4500 - MUJU","isPartOf":{"@id":"https:\/\/museojudiodecordoba.org\/en\/#website"},"primaryImageOfPage":{"@id":"https:\/\/museojudiodecordoba.org\/linea_tiempo\/colocacion-de-la-piedra-fundamental-para-la-realizacion-del-colegio-en-calle-colon-4500\/#primaryimage"},"image":{"@id":"https:\/\/museojudiodecordoba.org\/linea_tiempo\/colocacion-de-la-piedra-fundamental-para-la-realizacion-del-colegio-en-calle-colon-4500\/#primaryimage"},"thumbnailUrl":"https:\/\/museojudiodecordoba.org\/wp-content\/uploads\/2021\/08\/Captura-de-pantalla-2021-04-14-a-las-10.07.19.png","datePublished":"2021-08-03T18:00:49+00:00","dateModified":"2021-08-03T18:00:49+00:00","breadcrumb":{"@id":"https:\/\/museojudiodecordoba.org\/linea_tiempo\/colocacion-de-la-piedra-fundamental-para-la-realizacion-del-colegio-en-calle-colon-4500\/#breadcrumb"},"inLanguage":"iw-IL","potentialAction":[{"@type":"ReadAction","target":["https:\/\/museojudiodecordoba.org\/linea_tiempo\/colocacion-de-la-piedra-fundamental-para-la-realizacion-del-colegio-en-calle-colon-4500\/"]}]},{"@type":"ImageObject","inLanguage":"iw-IL","@id":"https:\/\/museojudiodecordoba.org\/linea_tiempo\/colocacion-de-la-piedra-fundamental-para-la-realizacion-del-colegio-en-calle-colon-4500\/#primaryimage","url":"https:\/\/museojudiodecordoba.org\/wp-content\/uploads\/2021\/08\/Captura-de-pantalla-2021-04-14-a-las-10.07.19.png","contentUrl":"https:\/\/museojudiodecordoba.org\/wp-content\/uploads\/2021\/08\/Captura-de-pantalla-2021-04-14-a-las-10.07.19.png","width":298,"height":478},{"@type":"BreadcrumbList","@id":"https:\/\/museojudiodecordoba.org\/linea_tiempo\/colocacion-de-la-piedra-fundamental-para-la-realizacion-del-colegio-en-calle-colon-4500\/#breadcrumb","itemListElement":[{"@type":"ListItem","position":1,"name":"Portada","item":"https:\/\/museojudiodecordoba.org\/en\/"},{"@type":"ListItem","position":2,"name":"Items linea del tiempo","item":"https:\/\/museojudiodecordoba.org\/en\/linea_tiempo\/"},{"@type":"ListItem","position":3,"name":"Colocaci\u00f3n de la piedra fundamental para la realizaci\u00f3n del colegio en calle Col\u00f3n 4500"}]},{"@type":"WebSite","@id":"https:\/\/museojudiodecordoba.org\/en\/#website","url":"https:\/\/museojudiodecordoba.org\/en\/","name":"MUJU","description":"","potentialAction":[{"@type":"SearchAction","target":{"@type":"EntryPoint","urlTemplate":"https:\/\/museojudiodecordoba.org\/en\/?s={search_term_string}"},"query-input":"required name=search_term_string"}],"inLanguage":"iw-IL"}]}},"acf":{"year":"1980","end_year":"1980","display_date":"1980","headline":"Colocaci\u00f3n de la piedra fundamental para la realizaci\u00f3n del colegio en calle Col\u00f3n 4500 ","text":"Durante 1980 la comunidad fortaleci\u00f3 a\u00fan m\u00e1s uno de sus pilares fundamentales: la educaci\u00f3n. Ese a\u00f1o, durante el mes de noviembre, se coloc\u00f3 la piedra fundamental de la escuela primaria y jard\u00edn en la Avda. Ej\u00e9rcito Argentino. La construcci\u00f3n del colegio claramente fue un hecho paradigm\u00e1tico y trascendental que responde a una visi\u00f3n de integraci\u00f3n comunitaria. Fue posible gracias a la decisi\u00f3n de Macabi -instituci\u00f3n con independencia jur\u00eddica y pol\u00edtica, con su propio patrimonio-, de donar una de las 8 hect\u00e1reas que compraron en un descampado en las afueras de la ciudad de C\u00f3rdoba. Por otra parte, la comunidad realiza gestiones ante las autoridades centrales del Seminario Rab\u00ednico Latinoamericano en Jerusal\u00e9n para contar con un Rabino. Finalmente se designa al rab. Felipe Carlos Yaffe como parte del plantel estable, expresando as\u00ed su adhesi\u00f3n al Movimiento Conservador Masort\u00ed. El 19 de agosto de este a\u00f1o se concreta la visita al Centro Uni\u00f3n Israelita de C\u00f3rdoba de Itzak Rabin.Este mismo a\u00f1o se vuelve a publicar el Bolet\u00edn \u201cLa Voz del Centro Uni\u00f3n\".","media":"http:\/\/museojudiodecordoba.org\/wp-content\/uploads\/2021\/04\/Captura-de-pantalla-2021-04-14-a-las-10.07.19.png"},"_links":{"self":[{"href":"https:\/\/museojudiodecordoba.org\/iw\/wp-json\/wp\/v2\/ltiempo\/4205","targetHints":{"allow":["GET"]}}],"collection":[{"href":"https:\/\/museojudiodecordoba.org\/iw\/wp-json\/wp\/v2\/ltiempo"}],"about":[{"href":"https:\/\/museojudiodecordoba.org\/iw\/wp-json\/wp\/v2\/types\/linea_tiempo"}],"wp:featuredmedia":[{"embeddable":true,"href":"https:\/\/museojudiodecordoba.org\/iw\/wp-json\/wp\/v2\/media\/4206"}],"wp:attachment":[{"href":"https:\/\/museojudiodecordoba.org\/iw\/wp-json\/wp\/v2\/media?parent=4205"}],"wp:term":[{"taxonomy":"category","embeddable":true,"href":"https:\/\/museojudiodecordoba.org\/iw\/wp-json\/wp\/v2\/categories?post=4205"}],"curies":[{"name":"wp","href":"https:\/\/api.w.org\/{rel}","templated":true}]}}