{"id":3111,"date":"2021-06-04T13:01:13","date_gmt":"2021-06-04T13:01:13","guid":{"rendered":"http:\/\/museojudiodecordoba.org\/?post_type=testimonios&#038;p=3111"},"modified":"2023-02-01T16:11:14","modified_gmt":"2023-02-01T16:11:14","slug":"ruth-lenkiewicz-kurt-ehrenfeld","status":"publish","type":"testimonios","link":"https:\/\/museojudiodecordoba.org\/iw\/testimonios\/ruth-lenkiewicz-kurt-ehrenfeld\/","title":{"rendered":"Ruth Lenkiewicz &#8211; Kurt Ehrenfeld"},"content":{"rendered":"","protected":false},"featured_media":3112,"template":"","class_list":["post-3111","testimonios","type-testimonios","status-publish","has-post-thumbnail","hentry"],"yoast_head":"<!-- This site is optimized with the Yoast SEO plugin v23.3 - https:\/\/yoast.com\/wordpress\/plugins\/seo\/ -->\n<title><\/title>\n<meta name=\"robots\" content=\"index, follow, max-snippet:-1, max-image-preview:large, max-video-preview:-1\" \/>\n<link rel=\"canonical\" href=\"https:\/\/museojudiodecordoba.org\/iw\/testimonios\/ruth-lenkiewicz-kurt-ehrenfeld\/\" \/>\n<meta property=\"og:locale\" content=\"en_US\" \/>\n<meta property=\"og:type\" content=\"article\" \/>\n<meta property=\"og:title\" content=\"[:es]Ruth Lenkiewicz - Kurt Ehrenfeld [:] - MUJU\" \/>\n<meta property=\"og:description\" content=\"[...]Read More...\" \/>\n<meta property=\"og:url\" content=\"https:\/\/museojudiodecordoba.org\/iw\/testimonios\/ruth-lenkiewicz-kurt-ehrenfeld\/\" \/>\n<meta property=\"og:site_name\" content=\"MUJU\" \/>\n<meta property=\"article:modified_time\" content=\"2023-02-01T16:11:14+00:00\" \/>\n<meta property=\"og:image\" content=\"https:\/\/museojudiodecordoba.org\/wp-content\/uploads\/2021\/06\/Ruth-Lenkiewicz-Kurt-Ehrenfeld-.jpg\" \/>\n\t<meta property=\"og:image:width\" content=\"214\" \/>\n\t<meta property=\"og:image:height\" content=\"223\" \/>\n\t<meta property=\"og:image:type\" content=\"image\/jpeg\" \/>\n<meta name=\"twitter:card\" content=\"summary_large_image\" \/>\n<script type=\"application\/ld+json\" class=\"yoast-schema-graph\">{\"@context\":\"https:\/\/schema.org\",\"@graph\":[{\"@type\":\"WebPage\",\"@id\":\"https:\/\/museojudiodecordoba.org\/iw\/testimonios\/ruth-lenkiewicz-kurt-ehrenfeld\/\",\"url\":\"https:\/\/museojudiodecordoba.org\/iw\/testimonios\/ruth-lenkiewicz-kurt-ehrenfeld\/\",\"name\":\"[:es]Ruth Lenkiewicz - Kurt Ehrenfeld [:] - MUJU\",\"isPartOf\":{\"@id\":\"https:\/\/museojudiodecordoba.org\/en\/#website\"},\"primaryImageOfPage\":{\"@id\":\"https:\/\/museojudiodecordoba.org\/iw\/testimonios\/ruth-lenkiewicz-kurt-ehrenfeld\/#primaryimage\"},\"image\":{\"@id\":\"https:\/\/museojudiodecordoba.org\/iw\/testimonios\/ruth-lenkiewicz-kurt-ehrenfeld\/#primaryimage\"},\"thumbnailUrl\":\"https:\/\/museojudiodecordoba.org\/wp-content\/uploads\/2021\/06\/Ruth-Lenkiewicz-Kurt-Ehrenfeld-.jpg\",\"datePublished\":\"2021-06-04T13:01:13+00:00\",\"dateModified\":\"2023-02-01T16:11:14+00:00\",\"breadcrumb\":{\"@id\":\"https:\/\/museojudiodecordoba.org\/iw\/testimonios\/ruth-lenkiewicz-kurt-ehrenfeld\/#breadcrumb\"},\"inLanguage\":\"iw-IL\",\"potentialAction\":[{\"@type\":\"ReadAction\",\"target\":[\"https:\/\/museojudiodecordoba.org\/iw\/testimonios\/ruth-lenkiewicz-kurt-ehrenfeld\/\"]}]},{\"@type\":\"ImageObject\",\"inLanguage\":\"iw-IL\",\"@id\":\"https:\/\/museojudiodecordoba.org\/iw\/testimonios\/ruth-lenkiewicz-kurt-ehrenfeld\/#primaryimage\",\"url\":\"https:\/\/museojudiodecordoba.org\/wp-content\/uploads\/2021\/06\/Ruth-Lenkiewicz-Kurt-Ehrenfeld-.jpg\",\"contentUrl\":\"https:\/\/museojudiodecordoba.org\/wp-content\/uploads\/2021\/06\/Ruth-Lenkiewicz-Kurt-Ehrenfeld-.jpg\",\"width\":214,\"height\":223},{\"@type\":\"BreadcrumbList\",\"@id\":\"https:\/\/museojudiodecordoba.org\/iw\/testimonios\/ruth-lenkiewicz-kurt-ehrenfeld\/#breadcrumb\",\"itemListElement\":[{\"@type\":\"ListItem\",\"position\":1,\"name\":\"Portada\",\"item\":\"https:\/\/museojudiodecordoba.org\/en\/\"},{\"@type\":\"ListItem\",\"position\":2,\"name\":\"Ruth Lenkiewicz &#8211; Kurt Ehrenfeld\"}]},{\"@type\":\"WebSite\",\"@id\":\"https:\/\/museojudiodecordoba.org\/en\/#website\",\"url\":\"https:\/\/museojudiodecordoba.org\/en\/\",\"name\":\"MUJU\",\"description\":\"\",\"potentialAction\":[{\"@type\":\"SearchAction\",\"target\":{\"@type\":\"EntryPoint\",\"urlTemplate\":\"https:\/\/museojudiodecordoba.org\/en\/?s={search_term_string}\"},\"query-input\":\"required name=search_term_string\"}],\"inLanguage\":\"iw-IL\"}]}<\/script>\n<!-- \/ Yoast SEO plugin. -->","yoast_head_json":{"title":"[:es]Ruth Lenkiewicz - Kurt Ehrenfeld [:] - MUJU","robots":{"index":"index","follow":"follow","max-snippet":"max-snippet:-1","max-image-preview":"max-image-preview:large","max-video-preview":"max-video-preview:-1"},"canonical":"https:\/\/museojudiodecordoba.org\/iw\/testimonios\/ruth-lenkiewicz-kurt-ehrenfeld\/","og_locale":"en_US","og_type":"article","og_title":"[:es]Ruth Lenkiewicz - Kurt Ehrenfeld [:] - MUJU","og_description":"[...]Read More...","og_url":"https:\/\/museojudiodecordoba.org\/iw\/testimonios\/ruth-lenkiewicz-kurt-ehrenfeld\/","og_site_name":"MUJU","article_modified_time":"2023-02-01T16:11:14+00:00","og_image":[{"width":214,"height":223,"url":"https:\/\/museojudiodecordoba.org\/wp-content\/uploads\/2021\/06\/Ruth-Lenkiewicz-Kurt-Ehrenfeld-.jpg","type":"image\/jpeg"}],"twitter_card":"summary_large_image","schema":{"@context":"https:\/\/schema.org","@graph":[{"@type":"WebPage","@id":"https:\/\/museojudiodecordoba.org\/iw\/testimonios\/ruth-lenkiewicz-kurt-ehrenfeld\/","url":"https:\/\/museojudiodecordoba.org\/iw\/testimonios\/ruth-lenkiewicz-kurt-ehrenfeld\/","name":"[:es]Ruth Lenkiewicz - Kurt Ehrenfeld [:] - MUJU","isPartOf":{"@id":"https:\/\/museojudiodecordoba.org\/en\/#website"},"primaryImageOfPage":{"@id":"https:\/\/museojudiodecordoba.org\/iw\/testimonios\/ruth-lenkiewicz-kurt-ehrenfeld\/#primaryimage"},"image":{"@id":"https:\/\/museojudiodecordoba.org\/iw\/testimonios\/ruth-lenkiewicz-kurt-ehrenfeld\/#primaryimage"},"thumbnailUrl":"https:\/\/museojudiodecordoba.org\/wp-content\/uploads\/2021\/06\/Ruth-Lenkiewicz-Kurt-Ehrenfeld-.jpg","datePublished":"2021-06-04T13:01:13+00:00","dateModified":"2023-02-01T16:11:14+00:00","breadcrumb":{"@id":"https:\/\/museojudiodecordoba.org\/iw\/testimonios\/ruth-lenkiewicz-kurt-ehrenfeld\/#breadcrumb"},"inLanguage":"iw-IL","potentialAction":[{"@type":"ReadAction","target":["https:\/\/museojudiodecordoba.org\/iw\/testimonios\/ruth-lenkiewicz-kurt-ehrenfeld\/"]}]},{"@type":"ImageObject","inLanguage":"iw-IL","@id":"https:\/\/museojudiodecordoba.org\/iw\/testimonios\/ruth-lenkiewicz-kurt-ehrenfeld\/#primaryimage","url":"https:\/\/museojudiodecordoba.org\/wp-content\/uploads\/2021\/06\/Ruth-Lenkiewicz-Kurt-Ehrenfeld-.jpg","contentUrl":"https:\/\/museojudiodecordoba.org\/wp-content\/uploads\/2021\/06\/Ruth-Lenkiewicz-Kurt-Ehrenfeld-.jpg","width":214,"height":223},{"@type":"BreadcrumbList","@id":"https:\/\/museojudiodecordoba.org\/iw\/testimonios\/ruth-lenkiewicz-kurt-ehrenfeld\/#breadcrumb","itemListElement":[{"@type":"ListItem","position":1,"name":"Portada","item":"https:\/\/museojudiodecordoba.org\/en\/"},{"@type":"ListItem","position":2,"name":"Ruth Lenkiewicz &#8211; Kurt Ehrenfeld"}]},{"@type":"WebSite","@id":"https:\/\/museojudiodecordoba.org\/en\/#website","url":"https:\/\/museojudiodecordoba.org\/en\/","name":"MUJU","description":"","potentialAction":[{"@type":"SearchAction","target":{"@type":"EntryPoint","urlTemplate":"https:\/\/museojudiodecordoba.org\/en\/?s={search_term_string}"},"query-input":"required name=search_term_string"}],"inLanguage":"iw-IL"}]}},"acf":{"testimonio":"<p><strong>Ruth Lenkiewicz (9\/1925- 5\/04\/2006)<\/strong><\/p>\n<p><strong>Kurt Ehrenfeld (12\/1918- 12\/01\/2008)<\/strong><\/p>\n<p><strong>Entrevista a Noem\u00ed Ehrenfeld<\/strong><\/p>\n<p><strong>Autora de la nota: Nora Pojomovsky<\/strong><\/p>\n<p><strong>\u00a0<\/strong><\/p>\n<p>Mis padres llegaron de Alemania en 1938. Mi pap\u00e1 de Laufenselden-Hesse, un pueblito cerca de Wiesbaden, al sur oeste de Berl\u00edn.\u00a0 Mi mam\u00e1 era berlinesa. Se conocieron en Colonia Avigdor, una colonia jud\u00eda de Entre R\u00edos.<\/p>\n<p>Con el nazismo el abuelo materno decidi\u00f3 venir, antes lo hab\u00edan metido preso una hora por patear a un tipo de la Gestapo en la calle y entonces consider\u00f3 que era momento de largarse.<\/p>\n<p>Mi padre pertenec\u00eda a un grupito que se preparaba para tambi\u00e9n para irse del pa\u00eds, socialistas jud\u00edos que emigraron.<\/p>\n<p>Ruth y Kurt se casaron en Bovril; ese d\u00eda y en ese momento hubo un cicl\u00f3n y a mi mam\u00e1 se le vol\u00f3 el sombrero adornado por mi t\u00eda con unas frutitas, hecho para el evento.<\/p>\n<p>Mi pap\u00e1 se hizo campesino; en la regulaci\u00f3n de Per\u00f3n la migraci\u00f3n iba al campo, esa era la legislaci\u00f3n, hab\u00eda una frase c\u00e9lebre del peronismo \u201chacer patria\u201d, as\u00ed que esa fue la patria que le toc\u00f3 a mis padres.<\/p>\n<p>\u00c9l estudi\u00f3 Veterinaria en Alemania, y la mam\u00e1, que era una burguesa de Berl\u00edn, sembr\u00f3 desde c\u00e1rtamo hasta ma\u00edz en las tierras del noreste argentino. Ella dec\u00eda que hay que poner tres granitos de ma\u00edz separados de un metro y despu\u00e9s poner otros tres granitos y continuar\u2026 eso aprendi\u00f3 mi mam\u00e1. Era la cultura del cultivo de ma\u00edz, \u00a1Hoy lo hace una m\u00e1quina!<\/p>\n<p>Nacimos mi hermano Claudio y yo en Avigdor, mi hermana menor en C\u00f3rdoba, y migramos a Manfredi porque mi pap\u00e1 ten\u00eda asma y parec\u00eda que el clima era bueno. Ah\u00ed hab\u00eda una estaci\u00f3n experimental del Inta y pap\u00e1 estaba encargado de ver por la salud del ganado. De Manfredi nos fuimos a Oncativo. Ya era m\u00e1s pueblito, ten\u00eda un aspecto m\u00e1s urbano, y en Oncativo pap\u00e1 hizo una farmacia veterinaria. Y siguieron vacunando caballos, cerdos, recuerdo que le cur\u00f3 la pata a un le\u00f3n \u00a1Porque lleg\u00f3 un circo!<\/p>\n<p>Y despu\u00e9s de un tiempo, muy relacionado con la escolaridad de los hijos, los pap\u00e1s, como buenos europeos, alemanes y jud\u00edos decidieron que nosotros ten\u00edamos que seguir estudiando en un lugar con condiciones formativas, as\u00ed fue que llegamos a C\u00f3rdoba. Por otra parte mi mam\u00e1 quer\u00eda estar cerca de su familia, ten\u00eda un hermano en la ciudad, el t\u00edo Arno Lenkiewicz. Entonces se mudaron a C\u00f3rdoba en 1962, yo tendr\u00eda 12 a\u00f1os.<\/p>\n<p>Pap\u00e1 sigui\u00f3 manteniendo la farmacia y la veterinaria en Oncativo y viajaba cada d\u00eda. Mam\u00e1 se ocupaba de nosotros. Arno, el hermano mayor de mi mam\u00e1 viv\u00eda con su familia, la t\u00eda y mis tres primos, con quienes se ampli\u00f3 la nuestra. En C\u00f3rdoba hicieron toda una vida hasta que de muy mayores se fueron a Buenos Aires.<\/p>\n<p>Mis padres nunca fueron religiosos, pero en Oncativo mi mam\u00e1, una mujer espiritual, hac\u00eda el <em>shabes<\/em>, prend\u00eda las velas pero cuando llegamos a C\u00f3rdoba, no s\u00e9 porqu\u00e9 las velas desaparecieron, junto con el <em>shabes<\/em>. Mam\u00e1 era una mujer de fe, pero no religiosa. Para <em>Iom Kipur<\/em> y <em>Rosh Hashan\u00e1<\/em> hab\u00eda que ir a la sinagoga, \u00edbamos las dos familias, nos encantaba.<\/p>\n<p>Una vez recuerdo que a mis primas y a m\u00ed nos corrieron de la sinagoga: las tres est\u00e1bamos sentaditas y el rabino, muy mayor, no se si sesenta o noventa, a nuestras edades los adultos siempre eran muy mayores, y a la hora del shofar, comenz\u00f3 a soplar del cuerno y no sonaba nada. Era un sonido forzado, no se o\u00eda la voz divina, ni el llanto arrepentido, ni ning\u00fan sonido impactante y a todo esto se iba poniendo rojo, apopl\u00e9jico. Lo nuestro era un ataque de risa, la gente se miraba entre s\u00ed, pero nadie dec\u00eda nada, por supuesto. Pero nosotras no pod\u00edamos sostener la mirada neutra y mucho menos contener la risa, as\u00ed fue que nos sacaron del templo a las tres, la reprimenda familiar fue terrible.<\/p>\n<p>Para Pesaj era lindo porque nos junt\u00e1bamos las dos familias, se hac\u00eda comida mi mam\u00e1 y le\u00edamos entre todos los p\u00e1rrafos sagrados, y despu\u00e9s era fiesta.<\/p>\n<p>Mi pap\u00e1 si hablaba de su pasado, y se pas\u00f3 muchos a\u00f1os tratando de averiguar c\u00f3mo estaban sus padres. Viv\u00edamos en Oncativo cuando lleg\u00f3 una carta de la Cruz Roja comunic\u00e1ndole la muerte de sus padres. Mi pap\u00e1, el tio Fritz, que es su hermano y la <em>tante<a href=\"#_ftn1\" name=\"_ftnref1\"><sup><strong>[1]<\/strong><\/sup><\/a><\/em> Zenta que era la hermana menor, cada uno individualmente, hac\u00eda gestiones para llevarlos con un visado a sus respectivos lugares de inmigraci\u00f3n. El t\u00edo Fritz sali\u00f3 con visa para Estados Unidos, pap\u00e1 tuvo cupo para Argentina, la tante Zenta viv\u00eda en Par\u00eds. Como Zenta era peque\u00f1a, creo que ten\u00eda unos 15 a\u00f1os, una t\u00eda de Paris firm\u00f3 para que ella pudiera salir a Francia, se hizo responsable de sus papeles y de ella, y reci\u00e9n muchos a\u00f1os despu\u00e9s la mand\u00f3 a Nueva York. All\u00ed hab\u00eda otros primos que ya hab\u00edan migrado y tambi\u00e9n dos primas se fueron a Chicago. Ninguno de los tres logr\u00f3 su objetivo. Adem\u00e1s, \u00bfqu\u00e9 probabilidad de que estuvieran vivos hab\u00eda?<\/p>\n<p>Mi pap\u00e1 era orgullosamente alem\u00e1n y jud\u00edo, cuando yo le preguntaba: &#8211; \u00bfPap\u00e1 vos te sent\u00eds m\u00e1s alem\u00e1n o m\u00e1s jud\u00edo? &#8211; Ese d\u00eda hab\u00eda bronca. Pero lo cierto es que pap\u00e1 dec\u00eda que iba a volver a Alemania como hijo de su patria. Sin embargo, era un hombre absolutamente enamorado de Argentina. La recorri\u00f3 desde Oran hasta la Patagonia, cuando estaba en el laboratorio e iba con el viajante y con los productos, la recorri\u00f3 de punta a punta y le apasionaba la m\u00fasica, los paisajes, las morenas\u2026 pap\u00e1 era un hombre muy interesante.<\/p>\n<p>La abuela de parte materna viv\u00eda en Buenos Aires con la <em>tante <\/em>Ilse y muy raras veces iba a Oncativo, no recuerdo que haya venido a C\u00f3rdoba. De la <em>Oma<\/em><a href=\"#_ftn2\" name=\"_ftnref2\"><sup>[2]<\/sup><\/a> Hedwig, madre de mi mam\u00e1, se bastante poco; enviud\u00f3 en Entre R\u00edos con 5 hijos. Qued\u00f3 la pobre en la miseria, imagino lo que habr\u00e1 sido su vida, despu\u00e9s de haber sido una burguesa berlinesa, clase media acomodada, viviendo en casi un rancho anegado por el barro, porque en Entre R\u00edos llueve siempre. Ella no quer\u00eda saber nada de la vida, se acostaba en la cama y le preguntaban si lo hac\u00eda por que el tiempo no era bueno, y ella respond\u00eda que no, que era el tiempo de Lenkievicz el malo. El suyo propio.<\/p>\n<p>Vinieron todos juntos, toda la familia, despu\u00e9s que el abuelo dijo nos vamos. Mi abuela era talentosa y hac\u00eda teatro, pusieron una obra que se llam\u00f3 \u201cEl sue\u00f1o de Jacob\u201d que incluso fue publicada en el \u201cDeustche Tagenblatt\u201d de Buenos Aires, los actores eran sus hijos, y mi mam\u00e1 fue entrevistada por la buena actuaci\u00f3n de estos j\u00f3venes jud\u00edos de Avigdor. En la entrevista, que la le\u00ed, le preguntaron a Ruth, mi madre, a\u00fan ni\u00f1a, que era lo que m\u00e1s le gustaba de Buenos Aires, y ella dijo: &#8211; \u00a1las luces!- .-\u00bfQuisieras vivir en Buenos Aires?- le pregunt\u00f3 el periodista. -No no no, yo estoy muy contenta en Avigdor. D\u00e9jenme aqu\u00ed-. Fue su respuesta.<\/p>\n<p>El olor del placar de la casa de la Oma, en Buenos Aires era delicioso, ten\u00eda un olorcito rico, despu\u00e9s descubr\u00ed que era Glostora, \u00a1Se marcaba los rulos con Glostora! Ten\u00eda Sugus en el placar, eso era lo m\u00e1ximo. La Oma era, como las mujeres antiguas, muy servicial con mi pap\u00e1 y a mi madre le pon\u00eda nerviosa. No entend\u00eda porque esa diferencia en funci\u00f3n de g\u00e9nero, mi madre ten\u00eda lo suyo!. Las abuelas eran mujeres tan abnegadas, tan sufridas.<\/p>\n<p>Cuando yo ten\u00eda 18 a\u00f1os fui con mis padres a colonia Avigdor. Fue una odisea encontrar la Colonia, hac\u00eda much\u00edsimo fr\u00edo, era muy temprano, llegamos un s\u00e1bado. Para preguntar d\u00f3nde est\u00e1bamos me met\u00ed en un almac\u00e9n de Ramos Generales, esos que vend\u00edan desde semillas hasta tazas de porcelana.\u00a0 All\u00ed me encontr\u00e9 con unos tipos vestidos de gauchos, se dieron vuelta, estaban de espalda, y ten\u00edan unos pelos largos y unos ojos azules y yo pens\u00e9 que gauchos tan raros \u00e9stos\u2026 Tambi\u00e9n all\u00ed hab\u00eda sido la primera migraci\u00f3n rusa, en el 14, y \u00e9stos hombres, fieles representantes de los gauchos jud\u00edos, nos dieron indicaciones de como llegar. Tomamos un camino muy barroso, y recuerdo un se\u00f1or, un criollazo, morenazo, muy fibroso, muy vern\u00e1culo que respond\u00eda al nombre de Don Piedrabuena, lo podr\u00eda dibujar porque lo recuerdo con nitidez. Cuando nos vio don Piedrabuena nos dice: \u201c\u00a1Pero qu\u00e9 hacen, si hoy es s\u00e1bado\u00a1\u201d Pienso ahora, Dios m\u00edo lo que es la aculturaci\u00f3n.<\/p>\n<p>La hija de don Piedrabuena, Ana, ten\u00eda unos 15 a\u00f1os estaba condenada a un futuro incierto, y mi mam\u00e1 la llev\u00f3 con nosotros para que cuidara de mi hermano Claudio que era peque\u00f1ito. Estuvo en Manfredi y en Oncativo. Fue parte importante de nuestra vida. Hablaba alem\u00e1n perfecto, Claudio mantuvo el v\u00ednculo con Ana, hasta que \u00e9l muri\u00f3. Mi hermano fue desaparecido durante la dictadura militar, y luego asesinado. Mi hermana migr\u00f3 a Alemania, yo a M\u00e9xico. Claudio, desde el Liceo militar, le escrib\u00eda a la Ana y le dec\u00eda que hab\u00eda encontrado a la mujer de su vida, a la novia. Me encontr\u00e9 con esas cartas muchos a\u00f1os despu\u00e9s. La Ana se ocup\u00f3 de consolar a mi madre cuando perdi\u00f3 a Claudio. Fuimos a Avigdor y la vimos:\u00a0 Ana se cas\u00f3 muy bien, y fue pr\u00f3spera, y su hija se cas\u00f3 con el gobernador en Paran\u00e1. Es notable el curso de vida de las personas como Ana que reprodujeron la historia cultural formativa europea. Los valores de mis padres llegaron a Ana.<\/p>\n<p>Luego mis padres se fueron a Buenos Aires, la mam\u00e1 encontr\u00f3 en Buenos Aires un templo llamado Mishkan, un grupo ecum\u00e9nico, ella iba a esa casa con un rabino Nisemboim, siempre estaba a la b\u00fasqueda de cosas espirituales. Encontr\u00f3 apoyo cuando mataron a Claudio, en aquellos tiempos el oscurantismo era horrible. Mishkan seg\u00fan comentaba mam\u00e1 era una comunidad, y all\u00ed daba rienda suelta a su vena po\u00e9tica, escrib\u00eda le\u00eda sus poemas, y le hac\u00eda bien.<\/p>\n<p>Mi mam\u00e1 vino muchas veces a M\u00e9xico, qued\u00f3 fracturada por lo de su hijo y nunca se repuso. Mi pap\u00e1 era un estoico, ten\u00eda una historia de muerte permanente, primero lo de sus padres y luego se repite con el hijo, el silencio y el estoicismo era algo fundamental para sobrevivr. Mis abuelos, como mi hermano fueron muertos sin sepultura.<\/p>\n<p>Un peri\u00f3dico de M\u00e9xico empez\u00f3 a publicar que hab\u00eda campos de concentraci\u00f3n en C\u00f3rdoba, y yo guard\u00e9 los recortes, y cuando vinieron mis padres a M\u00e9xico quise compartirlo. Yo ten\u00eda una mesita de vidrio de 80 x80 con un vidrio fino, y cuando le mostr\u00e9 a pap\u00e1 las noticias el viejo no dijo nada, y luego con la mano golpe\u00f3 en el vidrio y lo rompi\u00f3. -Si yo tengo que creer en esto tengo que creer que Claudio est\u00e1 vivo y ese es un pensamiento que no me puedo permitir- Ese fue su comentario.<\/p>\n<p>Esto lo debe haber construido pap\u00e1, a partir de un folder tama\u00f1o A 4 que yo encontr\u00e9 cuando falleci\u00f3 del cual nunca me hab\u00eda hablado antes, ah\u00ed hab\u00eda cartas donde mi pap\u00e1 le escrib\u00eda a mi t\u00edo Fritz en relaci\u00f3n a la visa de sus padres, se ve que \u00e9l gestionaba la visa de los padres para traerlos, eran cartas a Fritz y a Senta, sus hermanos.<\/p>\n<p>Cada uno pensaba que sacar\u00eda de Alemania a sus padres y los padres estaban muertos, seguramente en los Konzentrationslager<a href=\"#_ftn3\" name=\"_ftnref3\"><sup>[3]<\/sup><\/a>. Por eso la carta de la Cruz Roja fue definitiva, nunca hubo cuerpos, s\u00f3lo hubo papel. Dos veces le pas\u00f3 lo mismo.<\/p>\n<p>Pese a todo mi pap\u00e1 amaba la vida, adoraba el sol, el d\u00eda que estaba nublado se hund\u00eda. Ser migrante es la historia de la humanidad. Jud\u00edos, gitanos, amarillos, negros, pareciera que vivir es una eterna historia de migraciones. Pero a pesar de ellas y del trabajo duro mis padres reconocen haber sido felices en Avigdor, la Colonia que los recibi\u00f3.<\/p>\n<p>&nbsp;<\/p>\n<p>&nbsp;<\/p>\n<p><a href=\"#_ftnref1\" name=\"_ftn1\"><sup>[1]<\/sup><\/a> Trad. Alem\u00e1n: t\u00eda<\/p>\n<p><a href=\"#_ftnref2\" name=\"_ftn2\"><sup>[2]<\/sup><\/a> Trad. Alem\u00e1n: abuela<\/p>\n<p><a href=\"#_ftnref3\" name=\"_ftn3\"><sup>[3]<\/sup><\/a> Trad. del Alem\u00e1n: Campo de concentraci\u00f3n.<\/p>\n","segunda_imagen":false,"headerWithImage":false,"foto_de_fondo_para_cabecera":false,"colorCabeceraDePagina":""},"_links":{"self":[{"href":"https:\/\/museojudiodecordoba.org\/iw\/wp-json\/wp\/v2\/testimonios\/3111","targetHints":{"allow":["GET"]}}],"collection":[{"href":"https:\/\/museojudiodecordoba.org\/iw\/wp-json\/wp\/v2\/testimonios"}],"about":[{"href":"https:\/\/museojudiodecordoba.org\/iw\/wp-json\/wp\/v2\/types\/testimonios"}],"wp:featuredmedia":[{"embeddable":true,"href":"https:\/\/museojudiodecordoba.org\/iw\/wp-json\/wp\/v2\/media\/3112"}],"wp:attachment":[{"href":"https:\/\/museojudiodecordoba.org\/iw\/wp-json\/wp\/v2\/media?parent=3111"}],"curies":[{"name":"wp","href":"https:\/\/api.w.org\/{rel}","templated":true}]}}